{"id":350954,"date":"2023-03-07T18:32:24","date_gmt":"2023-03-07T18:32:24","guid":{"rendered":"https:\/\/teste.somoscarv.com.br\/?page_id=350954"},"modified":"2026-01-16T11:22:52","modified_gmt":"2026-01-16T14:22:52","slug":"ppgmt-publicacoes-dissertacoes","status":"publish","type":"page","link":"http:\/\/ppgmt.uea.edu.br\/index.php\/ppgmt-publicacoes-dissertacoes\/","title":{"rendered":"PPGMT &#8211; PUBLICA\u00c7\u00d5ES &#8211; Disserta\u00e7\u00f5es"},"content":{"rendered":"<p>[et_pb_section fb_built=&#8221;1&#8243; next_background_color=&#8221;#f4f4f4&#8243; _builder_version=&#8221;4.16&#8243; _module_preset=&#8221;default&#8221; custom_padding=&#8221;0px||0px|||&#8221; bottom_divider_style=&#8221;wave2&#8243; bottom_divider_height=&#8221;70px&#8221; bottom_divider_arrangement=&#8221;above_content&#8221; global_colors_info=&#8221;{}&#8221;][et_pb_row _builder_version=&#8221;4.16&#8243; _module_preset=&#8221;default&#8221; width=&#8221;100%&#8221; max_width=&#8221;100%&#8221; custom_padding=&#8221;0px||0px||false|false&#8221; global_colors_info=&#8221;{}&#8221;][et_pb_column type=&#8221;4_4&#8243; _builder_version=&#8221;4.16&#8243; _module_preset=&#8221;default&#8221; global_colors_info=&#8221;{}&#8221;][et_pb_slider arrows_custom_color=&#8221;#000000&#8243; dot_nav_custom_color=&#8221;#000000&#8243; _builder_version=&#8221;4.22.1&#8243; _module_preset=&#8221;default&#8221; header_font=&#8221;Carrois Gothic SC|700||on|||||&#8221; header_text_color=&#8221;#136334&#8243; background_color=&#8221;#FFFFFF&#8221; custom_padding=&#8221;10%||10%||true|false&#8221; global_colors_info=&#8221;{}&#8221;][et_pb_slide heading=&#8221;Disserta\u00e7\u00f5es&#8221; _builder_version=&#8221;4.22.1&#8243; _module_preset=&#8221;default&#8221; background_enable_color=&#8221;off&#8221; background_image=&#8221;https:\/\/teste.somoscarv.com.br\/wp-content\/uploads\/2023\/01\/Ativo-4.png&#8221; background_enable_image=&#8221;on&#8221; global_colors_info=&#8221;{}&#8221; sticky_transition=&#8221;on&#8221;][\/et_pb_slide][\/et_pb_slider][\/et_pb_column][\/et_pb_row][\/et_pb_section][et_pb_section fb_built=&#8221;1&#8243; _builder_version=&#8221;4.16&#8243; _module_preset=&#8221;default&#8221; background_color=&#8221;#f4f4f4&#8243; custom_padding=&#8221;50px||50px||true|&#8221; global_colors_info=&#8221;{}&#8221;][et_pb_row _builder_version=&#8221;4.16&#8243; _module_preset=&#8221;default&#8221; global_colors_info=&#8221;{}&#8221;][et_pb_column type=&#8221;4_4&#8243; _builder_version=&#8221;4.16&#8243; _module_preset=&#8221;default&#8221; global_colors_info=&#8221;{}&#8221;][et_pb_text _builder_version=&#8221;4.25.1&#8243; _module_preset=&#8221;default&#8221; global_colors_info=&#8221;{}&#8221;]<\/p>\n<blockquote>\n<h4><strong>38 _ MESTRADO 20\u00aa TURMA<\/strong><\/h4>\n<\/blockquote>\n<p>[\/et_pb_text][et_pb_blurb title=&#8221;Alexandre Vilhena da Silva Neto&#8221; use_icon=&#8221;on&#8221; font_icon=&#8221;&#x69;||divi||400&#8243; icon_placement=&#8221;left&#8221; content_max_width=&#8221;1100px&#8221; _builder_version=&#8221;4.25.1&#8243; _module_preset=&#8221;default&#8221; global_colors_info=&#8221;{}&#8221;]<\/p>\n<p>Disserta\u00e7\u00e3o: Vigil\u00e2ncia em sa\u00fade e qualidade de dados do sistema de informa\u00e7\u00e3o de Acidentes of\u00eddicos no Brasil de 2007 a 2020<\/p>\n<p><a href=\"https:\/\/ppgmt.uea.edu.br\/wp-content\/uploads\/2024\/09\/Dissertacao-Alexandre-F.pdf\">BAIXAR<\/a><\/p>\n<p>[\/et_pb_blurb][et_pb_blurb title=&#8221;Aline de Sousa Santiago&#8221; use_icon=&#8221;on&#8221; font_icon=&#8221;&#x69;||divi||400&#8243; icon_placement=&#8221;left&#8221; content_max_width=&#8221;1100px&#8221; _builder_version=&#8221;4.25.1&#8243; _module_preset=&#8221;default&#8221; global_colors_info=&#8221;{}&#8221;]<\/p>\n<p>Disserta\u00e7\u00e3o: Avalia\u00e7\u00e3o da atividade do antimal\u00e1rico atovaquona e seus derivados na sobrevida de Anopheles spp. e no bloqueio de transmiss\u00e3o de Plasmodium vivax<\/p>\n<p><a href=\"https:\/\/ppgmt.uea.edu.br\/wp-content\/uploads\/2024\/09\/DissertacaoAlineoSantiago4.pdf\">BAIXAR<\/a><\/p>\n<p>[\/et_pb_blurb][et_pb_blurb title=&#8221;Andr\u00e9 Sachett&#8221; use_icon=&#8221;on&#8221; font_icon=&#8221;&#x69;||divi||400&#8243; icon_placement=&#8221;left&#8221; content_max_width=&#8221;1100px&#8221; _builder_version=&#8221;4.25.1&#8243; _module_preset=&#8221;default&#8221; global_colors_info=&#8221;{}&#8221;]<\/p>\n<p>Disserta\u00e7\u00e3o: Caracteriza\u00e7\u00e3o dos recursos humanos e infraestrutura em unidades de sa\u00fade ind\u00edgena do estado do Amazonas e Roraima visando \u00e0 descentraliza\u00e7\u00e3o do tratamento dos envenenamentos of\u00eddicos<\/p>\n<p><a href=\"https:\/\/ppgmt.uea.edu.br\/wp-content\/uploads\/2024\/09\/Dissertacao-Andre-Sachett-entregue.pdf\">BAIXAR<\/a><\/p>\n<p>[\/et_pb_blurb][et_pb_blurb title=&#8221;Anne Carolline Costa de Santana&#8221; use_icon=&#8221;on&#8221; font_icon=&#8221;&#x69;||divi||400&#8243; icon_placement=&#8221;left&#8221; content_max_width=&#8221;1100px&#8221; _builder_version=&#8221;4.25.1&#8243; _module_preset=&#8221;default&#8221; global_colors_info=&#8221;{}&#8221;]Disserta\u00e7\u00e3o: Distribui\u00e7\u00e3o secund\u00e1ria do autoteste de HIV em Manaus-AM: Percep\u00e7\u00f5es de usu\u00e1rios da PrEP<\/p>\n<p><a href=\"https:\/\/ppgmt.uea.edu.br\/wp-content\/uploads\/2025\/10\/Anne-_-Doc-diploma_removed.pdf\" rel=\"attachment wp-att-355787\">BAIXAR<\/a>[\/et_pb_blurb][et_pb_blurb title=&#8221;Cristiane Paulain David&#8221; use_icon=&#8221;on&#8221; font_icon=&#8221;&#x69;||divi||400&#8243; icon_placement=&#8221;left&#8221; content_max_width=&#8221;1100px&#8221; _builder_version=&#8221;4.25.1&#8243; _module_preset=&#8221;default&#8221; global_colors_info=&#8221;{}&#8221;]<\/p>\n<p>Disserta\u00e7\u00e3o: Ades\u00e3o dos profissionais de sa\u00fade \u00e0s diretrizes do Minist\u00e9rio da Sa\u00fade na interpreta\u00e7\u00e3o de resultados tra\u00e7os do XPERT MTB\/RIF ultra para diagn\u00f3stico da tuberculose<\/p>\n<p><a href=\"https:\/\/ppgmt.uea.edu.br\/wp-content\/uploads\/2025\/10\/Dissertacao-Cristiane-David.pdf\" rel=\"attachment wp-att-355785\">BAIXAR<\/a><\/p>\n<p>[\/et_pb_blurb][et_pb_blurb title=&#8221;Edival Ferreira de Oliveira J\u00fanior&#8221; use_icon=&#8221;on&#8221; font_icon=&#8221;&#x69;||divi||400&#8243; icon_placement=&#8221;left&#8221; content_max_width=&#8221;1100px&#8221; _builder_version=&#8221;4.25.1&#8243; _module_preset=&#8221;default&#8221; global_colors_info=&#8221;{}&#8221;]<\/p>\n<p>Disserta\u00e7\u00e3o: Avalia\u00e7\u00e3o da capacidade f\u00edsica em pacientes na fase tardia p\u00f3s-tratamento etiol\u00f3gico da doen\u00e7a de Chagas aguda<\/p>\n<p><a href=\"https:\/\/ppgmt.uea.edu.br\/wp-content\/uploads\/2024\/09\/Dissertacao_Final_Edival_Oliveira.pdf\">BAIXAR<\/a><\/p>\n<p>[\/et_pb_blurb][et_pb_blurb title=&#8221;Eduardo Fernandes da Silva J\u00fanior&#8221; use_icon=&#8221;on&#8221; font_icon=&#8221;&#x69;||divi||400&#8243; icon_placement=&#8221;left&#8221; content_max_width=&#8221;1100px&#8221; _builder_version=&#8221;4.25.1&#8243; _module_preset=&#8221;default&#8221; global_colors_info=&#8221;{}&#8221;]<\/p>\n<p>Disserta\u00e7\u00e3o: Perfil de pacientes atendidos pelo servi\u00e7o de atendimento m\u00f3vel de urg\u00eancia (SAMU) durante a pandemia de COVID-19 em Manaus<\/p>\n<p><a href=\"https:\/\/ppgmt.uea.edu.br\/wp-content\/uploads\/2024\/09\/DISSERTACAO-EDUARDO-FERNANDES-DA-SILVA-JUNIOR.pdf\">BAIXAR<\/a><\/p>\n<p>[\/et_pb_blurb][et_pb_blurb title=&#8221;Emily de Sousa Moura&#8221; use_icon=&#8221;on&#8221; font_icon=&#8221;&#x69;||divi||400&#8243; icon_placement=&#8221;left&#8221; content_max_width=&#8221;1100px&#8221; _builder_version=&#8221;4.25.1&#8243; _module_preset=&#8221;default&#8221; global_colors_info=&#8221;{}&#8221;]<\/p>\n<p>Disserta\u00e7\u00e3o: Atividade de ant\u00edgenos (de excre\u00e7\u00e3o e secre\u00e7\u00e3o) de epimastigotas de Trypanosoma cruzi Tcl e TclV utilizando ELISA in house<\/p>\n<p><a href=\"https:\/\/ppgmt.uea.edu.br\/wp-content\/uploads\/2024\/09\/Dissertacao-Emily-Moura-21.02.pdf\">BAIXAR<\/a><\/p>\n<p>[\/et_pb_blurb][et_pb_blurb title=&#8221;Gigliola Mayara Ayres D&#8217;Elia&#8221; use_icon=&#8221;on&#8221; font_icon=&#8221;&#x69;||divi||400&#8243; icon_placement=&#8221;left&#8221; content_max_width=&#8221;1100px&#8221; _builder_version=&#8221;4.25.1&#8243; _module_preset=&#8221;default&#8221; global_colors_info=&#8221;{}&#8221;]<\/p>\n<p>Disserta\u00e7\u00e3o: Caracteriza\u00e7\u00e3o e classifica\u00e7\u00e3o das fam\u00edlias de genes de desintoxica\u00e7\u00e3o no genoma do Anopheles aquasalis<\/p>\n<p><a href=\"https:\/\/ppgmt.uea.edu.br\/wp-content\/uploads\/2024\/09\/Dissertacao_Gigliola_Completo_Final-1.pdf\">BAIXAR<\/a><\/p>\n<p>[\/et_pb_blurb][et_pb_blurb title=&#8221;Gisele Maia Siqueira&#8221; use_icon=&#8221;on&#8221; font_icon=&#8221;&#x69;||divi||400&#8243; icon_placement=&#8221;left&#8221; content_max_width=&#8221;1100px&#8221; _builder_version=&#8221;4.25.1&#8243; _module_preset=&#8221;default&#8221; global_colors_info=&#8221;{}&#8221;]<\/p>\n<p>Disserta\u00e7\u00e3o: Aspectos cl\u00ednicos, diagn\u00f3sticos e terap\u00eauticos da Leishmaniose mucosa em um centro de refer\u00eancia da regi\u00e3o Amaz\u00f4nica<\/p>\n<p><a href=\"https:\/\/ppgmt.uea.edu.br\/wp-content\/uploads\/2024\/09\/Dissertacao-Gisele-21.02-.pdf\">BAIXAR<\/a><\/p>\n<p>[\/et_pb_blurb][et_pb_blurb title=&#8221;Huxlan Beckmam de Lima&#8221; use_icon=&#8221;on&#8221; font_icon=&#8221;&#x69;||divi||400&#8243; icon_placement=&#8221;left&#8221; content_max_width=&#8221;1100px&#8221; _builder_version=&#8221;4.25.1&#8243; _module_preset=&#8221;default&#8221; global_colors_info=&#8221;{}&#8221;]Disserta\u00e7\u00e3o: Envenenamento Botr\u00f3pico em extremidades e n\u00e3o extremidades do corpo: uma avalia\u00e7\u00e3o do tratamento antiveneno<\/p>\n<p><a href=\"https:\/\/ppgmt.uea.edu.br\/wp-content\/uploads\/2025\/10\/Dissertacao-Huxlan-defesa-Definitiva.pdf\" rel=\"attachment wp-att-355774\">BAIXAR<\/a>[\/et_pb_blurb][et_pb_blurb title=&#8221;Igor Bel\u00e9m de Souza&#8221; use_icon=&#8221;on&#8221; font_icon=&#8221;&#x69;||divi||400&#8243; icon_placement=&#8221;left&#8221; content_max_width=&#8221;1100px&#8221; _builder_version=&#8221;4.25.1&#8243; _module_preset=&#8221;default&#8221; global_colors_info=&#8221;{}&#8221;]<\/p>\n<p>Disserta\u00e7\u00e3o: Caracteriza\u00e7\u00e3o e classifica\u00e7\u00e3o de genes relacionados \u00e0 autofagia no genoma do Anopheles aquasalis<\/p>\n<p><a href=\"https:\/\/ppgmt.uea.edu.br\/wp-content\/uploads\/2024\/09\/Dissertacao_IGOR-BELEM-DE-SOUZA.pdf\">BAIXAR<\/a><\/p>\n<p>[\/et_pb_blurb][et_pb_blurb title=&#8221;Izabele de Souza Guimar\u00e3es&#8221; use_icon=&#8221;on&#8221; font_icon=&#8221;&#x69;||divi||400&#8243; icon_placement=&#8221;left&#8221; content_max_width=&#8221;1100px&#8221; _builder_version=&#8221;4.25.1&#8243; _module_preset=&#8221;default&#8221; global_colors_info=&#8221;{}&#8221;]<\/p>\n<p>Disserta\u00e7\u00e3o: Caracteriza\u00e7\u00e3o taxon\u00f4mica de Rhodnius robustus Larrousse, 1927 e Rhodnius prolixus stal, 1859 (Hemiptera, Reduviidae, Triatominae) atrav\u00e9s de imagens por microscopia eletr\u00f4nica de varredura e perfil lip\u00eddico por meio da t\u00e9cnica de MALDI-TOF<\/p>\n<p><a href=\"https:\/\/ppgmt.uea.edu.br\/wp-content\/uploads\/2024\/09\/Dissertacao-final_Izabele_pos-defesa-26.03.2024.pdf\">BAIXAR<\/a><\/p>\n<p>[\/et_pb_blurb][et_pb_blurb title=&#8221;Jos\u00e9 Alejandro Lazo Di\u00e9guez&#8221; use_icon=&#8221;on&#8221; font_icon=&#8221;&#x69;||divi||400&#8243; icon_placement=&#8221;left&#8221; content_max_width=&#8221;1100px&#8221; _builder_version=&#8221;4.25.0&#8243; _module_preset=&#8221;default&#8221; locked=&#8221;off&#8221; global_colors_info=&#8221;{}&#8221;]<\/p>\n<p>Disserta\u00e7\u00e3o: Impacto da Covid-19 no perfil epidemiol\u00f3gico da leishmaniose tegumentar americana, doen\u00e7a de Chagas aguda, dengue e chikungunya na regi\u00e3o norte do Brasil<\/p>\n<p>[\/et_pb_blurb][et_pb_blurb title=&#8221;Karolaine Oliveira Bentes&#8221; use_icon=&#8221;on&#8221; font_icon=&#8221;&#x69;||divi||400&#8243; icon_placement=&#8221;left&#8221; content_max_width=&#8221;1100px&#8221; _builder_version=&#8221;4.25.1&#8243; _module_preset=&#8221;default&#8221; global_colors_info=&#8221;{}&#8221;]<\/p>\n<p>Disserta\u00e7\u00e3o: Frequ\u00eancia e fatores associados a Microangiopatia Tromb\u00f3tica em pacientes v\u00edtimas de envenenamento botr\u00f3pico na Amaz\u00f4nia brasileira<\/p>\n<p><a href=\"https:\/\/ppgmt.uea.edu.br\/wp-content\/uploads\/2024\/09\/Dissertacao_Karolaine_Bentes-final.pdf\">BAIXAR<\/a><\/p>\n<p>[\/et_pb_blurb][et_pb_blurb title=&#8221;Leonardo Lincoln Gomes Marques&#8221; use_icon=&#8221;on&#8221; font_icon=&#8221;&#x69;||divi||400&#8243; icon_placement=&#8221;left&#8221; content_max_width=&#8221;1100px&#8221; _builder_version=&#8221;4.25.1&#8243; _module_preset=&#8221;default&#8221; locked=&#8221;off&#8221; global_colors_info=&#8221;{}&#8221;]<\/p>\n<p>Disserta\u00e7\u00e3o: Aceitabilidade e desafios de profissionais de sa\u00fade em rela\u00e7\u00e3o ao treinamento para uso de teste quantitativo de G6PD antes da cura radical do Plasmodium vivax com<\/p>\n<p><a href=\"https:\/\/ppgmt.uea.edu.br\/wp-content\/uploads\/2024\/09\/defesa-LEONARDO-LINCOLN-GOMES-MARQUES.pdf\">BAIXAR<\/a><\/p>\n<p>[\/et_pb_blurb][et_pb_blurb title=&#8221;Luciana Lobato de Oliveira&#8221; use_icon=&#8221;on&#8221; font_icon=&#8221;&#x69;||divi||400&#8243; icon_placement=&#8221;left&#8221; content_max_width=&#8221;1100px&#8221; _builder_version=&#8221;4.25.1&#8243; _module_preset=&#8221;default&#8221; locked=&#8221;off&#8221; global_colors_info=&#8221;{}&#8221;]<\/p>\n<p>Disserta\u00e7\u00e3o: N\u00edveis s\u00e9ricos de vitamina D em crian\u00e7as e adolescentes vivendo com HIV\/AIDS atendidos na Funda\u00e7\u00e3o de Medicina Tropical Doutor Heitor Vieira Dourado no Amazonas, Brasil<\/p>\n<p>\u00a0<a href=\"https:\/\/ppgmt.uea.edu.br\/wp-content\/uploads\/2025\/10\/Dissertacao-_-Luciana-1.pdf\" rel=\"attachment wp-att-355789\">BAIXAR<\/a><\/p>\n<p>&nbsp;<\/p>\n<p>[\/et_pb_blurb][et_pb_blurb title=&#8221;Lybia K\u00e1ssia Santos Sarraff&#8221; use_icon=&#8221;on&#8221; font_icon=&#8221;&#x69;||divi||400&#8243; icon_placement=&#8221;left&#8221; content_max_width=&#8221;1100px&#8221; _builder_version=&#8221;4.25.1&#8243; _module_preset=&#8221;default&#8221; locked=&#8221;off&#8221; global_colors_info=&#8221;{}&#8221;]Disserta\u00e7\u00e3o: Avalia\u00e7\u00e3o da influ\u00eancia de metabolizadores alterados de CYP2D6 em deficientes G6PD na Amaz\u00f4nia brasileira<\/p>\n<p><a href=\"https:\/\/ppgmt.uea.edu.br\/wp-content\/uploads\/2025\/10\/DISSERTACAO_Lybia-_DEFESA_DEFINITIVA.pdf\" rel=\"attachment wp-att-355781\">BAIXAR<\/a>[\/et_pb_blurb][et_pb_blurb title=&#8221;Maianne Yasmin Oliveira Dias&#8221; use_icon=&#8221;on&#8221; font_icon=&#8221;&#x69;||divi||400&#8243; icon_placement=&#8221;left&#8221; content_max_width=&#8221;1100px&#8221; _builder_version=&#8221;4.25.1&#8243; _module_preset=&#8221;default&#8221; locked=&#8221;off&#8221; global_colors_info=&#8221;{}&#8221;]<\/p>\n<p>Disserta\u00e7\u00e3o: Infec\u00e7\u00e3o pelo pegiv\u00edrus humano (HPgV) em pessoas que vivem com o v\u00edrus da imunodefici\u00eancia humana (HIV)<\/p>\n<p><a href=\"https:\/\/ppgmt.uea.edu.br\/wp-content\/uploads\/2024\/09\/Dissertacao_Defesa_Maianne_Dias_v4_Fev2024.pdf\">BAIXAR<\/a><\/p>\n<p>[\/et_pb_blurb][et_pb_blurb title=&#8221;Malena Vanessa Grados Vasquez&#8221; use_icon=&#8221;on&#8221; font_icon=&#8221;&#x69;||divi||400&#8243; icon_placement=&#8221;left&#8221; content_max_width=&#8221;1100px&#8221; _builder_version=&#8221;4.25.1&#8243; _module_preset=&#8221;default&#8221; locked=&#8221;off&#8221; global_colors_info=&#8221;{}&#8221;]\u00cdndice de desenvolvimento humano, morbidade e mortalidade por Covid-19 em gr\u00e1vidas e pu\u00e9rperas em munic\u00edpios da Amaz\u00f4nia legal 2020-2022<\/p>\n<p><a href=\"https:\/\/ppgmt.uea.edu.br\/wp-content\/uploads\/2025\/10\/doc.finalmestrado_MalenaGrados-1.pdf\" rel=\"attachment wp-att-355795\">BAIXAR)<\/a>[\/et_pb_blurb][et_pb_blurb title=&#8221;Marcos Gabriel Maciel Salazar&#8221; use_icon=&#8221;on&#8221; font_icon=&#8221;&#x69;||divi||400&#8243; icon_placement=&#8221;left&#8221; content_max_width=&#8221;1100px&#8221; _builder_version=&#8221;4.25.0&#8243; _module_preset=&#8221;default&#8221; locked=&#8221;off&#8221; global_colors_info=&#8221;{}&#8221;]<\/p>\n<p>Disserta\u00e7\u00e3o: Estudo bacteriol\u00f3gico das infec\u00e7\u00f5es secund\u00e1rias nos acidentes of\u00eddicos: uma revis\u00e3o sistem\u00e1tica da literatura<\/p>\n<p>[\/et_pb_blurb][et_pb_blurb title=&#8221;Reinan Brotas Ferreira&#8221; use_icon=&#8221;on&#8221; font_icon=&#8221;&#x69;||divi||400&#8243; icon_placement=&#8221;left&#8221; content_max_width=&#8221;1100px&#8221; _builder_version=&#8221;4.25.1&#8243; _module_preset=&#8221;default&#8221; locked=&#8221;off&#8221; global_colors_info=&#8221;{}&#8221;]<\/p>\n<p>Disserta\u00e7\u00e3o: Estudo da rela\u00e7\u00e3o da carga viral do v\u00edrus da Hepatite B (HBV) e do v\u00edrus da Hepatite C (HCV) em plasma e em sangue seco em papel filtro medida pelo PCR em tempo real (Qpcr)<\/p>\n<p><a href=\"https:\/\/ppgmt.uea.edu.br\/wp-content\/uploads\/2024\/09\/Dissertacao_Reinan-PPGMT.pdf\">BAIXAR<\/a><\/p>\n<p>[\/et_pb_blurb][et_pb_blurb title=&#8221;Yasmim Vieira da Rocha&#8221; use_icon=&#8221;on&#8221; font_icon=&#8221;&#x69;||divi||400&#8243; icon_placement=&#8221;left&#8221; content_max_width=&#8221;1100px&#8221; disabled_on=&#8221;off|off|off&#8221; _builder_version=&#8221;4.25.1&#8243; _module_preset=&#8221;default&#8221; locked=&#8221;off&#8221; global_colors_info=&#8221;{}&#8221;]<\/p>\n<p>Disserta\u00e7\u00e3o: Percep\u00e7\u00f5es da forma\u00e7\u00e3o acad\u00eamica \u00e0 atua\u00e7\u00e3o profissional m\u00e9dica no manejo do acidente of\u00eddico<\/p>\n<p><a href=\"https:\/\/ppgmt.uea.edu.br\/wp-content\/uploads\/2025\/10\/Dissertacao-Final-Yasmim-Vieira.pdf\" rel=\"attachment wp-att-355791\">BAIXAR<\/a><\/p>\n<p>[\/et_pb_blurb][\/et_pb_column][\/et_pb_row][et_pb_row _builder_version=&#8221;4.16&#8243; _module_preset=&#8221;default&#8221; global_colors_info=&#8221;{}&#8221;][et_pb_column type=&#8221;4_4&#8243; _builder_version=&#8221;4.16&#8243; _module_preset=&#8221;default&#8221; global_colors_info=&#8221;{}&#8221;][et_pb_text _builder_version=&#8221;4.25.1&#8243; _module_preset=&#8221;default&#8221; global_colors_info=&#8221;{}&#8221;]<\/p>\n<blockquote>\n<h4><strong>37 _ MESTRADO 19\u00aa TURMA<\/strong><\/h4>\n<\/blockquote>\n<p>[\/et_pb_text][et_pb_blurb title=&#8221;Amanda Carvalho de Oliveira&#8221; url=&#8221;https:\/\/ppgmt.uea.edu.br\/wp-content\/uploads\/2024\/08\/Dissertacao_Amanda-Carvalho.pdf&#8221; use_icon=&#8221;on&#8221; font_icon=&#8221;&#x69;||divi||400&#8243; icon_placement=&#8221;left&#8221; content_max_width=&#8221;1100px&#8221; _builder_version=&#8221;4.25.1&#8243; _module_preset=&#8221;default&#8221; global_colors_info=&#8221;{}&#8221;]<\/p>\n<p>Disserta\u00e7\u00e3o: Influ\u00eancia das variantes dos genes de CYP2C8, CYP2C9, CYP2C19, CYP3A4 e UGT2B7 na recorr\u00eancia de pacientes com mal\u00e1ria por P. vivax tratados com dihidroartemisinina-piperaquina<\/p>\n<p><a href=\"https:\/\/ppgmt.uea.edu.br\/wp-content\/uploads\/2024\/08\/Dissertacao_Amanda-Carvalho.pdf\">BAIXAR<\/a><\/p>\n<p>[\/et_pb_blurb][et_pb_blurb title=&#8221;Andiana de Souza Dias&#8221; use_icon=&#8221;on&#8221; font_icon=&#8221;&#x69;||divi||400&#8243; icon_placement=&#8221;left&#8221; content_max_width=&#8221;1100px&#8221; _builder_version=&#8221;4.22.1&#8243; _module_preset=&#8221;default&#8221; global_colors_info=&#8221;{}&#8221;]<\/p>\n<p>Disserta\u00e7\u00e3o: O uso de metilpredinisolona e o estado funcional ap\u00f3s 120 dias de seguimento de pacientes sobreviventes \u00e0 hospitaliza\u00e7\u00e3o durante o primeiro pico epid\u00eamico de COVID-19 em Manaus, Brasil: Um estudo transversal<\/p>\n<p>[\/et_pb_blurb][et_pb_blurb title=&#8221;Andrea Renata do Nascimento Souza&#8221; use_icon=&#8221;on&#8221; font_icon=&#8221;&#x69;||divi||400&#8243; icon_placement=&#8221;left&#8221; content_max_width=&#8221;1100px&#8221; admin_label=&#8221;Sinopse&#8221; _builder_version=&#8221;4.25.1&#8243; _module_preset=&#8221;default&#8221; global_colors_info=&#8221;{}&#8221;]<\/p>\n<p>Disserta\u00e7\u00e3o: An\u00e1lise termogr\u00e1fica como preditora de infec\u00e7\u00e3o secund\u00e1ria em envenenamentos por serpentes do g\u00eanero Bothrops<\/p>\n<p><a href=\"https:\/\/ppgmt.uea.edu.br\/wp-content\/uploads\/2024\/08\/Dissertacao-Andrea-Renata-do-Nascimento-Souza.pdf\">BAIXAR<\/a><\/p>\n<p>[\/et_pb_blurb][et_pb_blurb title=&#8221;Carlos Eduardo Padron de Morais&#8221; use_icon=&#8221;on&#8221; font_icon=&#8221;&#x69;||divi||400&#8243; icon_placement=&#8221;left&#8221; content_max_width=&#8221;1100px&#8221; _builder_version=&#8221;4.25.1&#8243; _module_preset=&#8221;default&#8221; global_colors_info=&#8221;{}&#8221;]<\/p>\n<p>Disserta\u00e7\u00e3o: Determina\u00e7\u00e3o da concentra\u00e7\u00e3o de cloroquina em swab nasal e sangue e sua influ\u00eancia na positividade de SARS-COV2 em pacientes atendidos em unidade de refer\u00eancia em Manaus, Amazonas, Brasil<\/p>\n<p><a href=\"https:\/\/ppgmt.uea.edu.br\/wp-content\/uploads\/2024\/08\/Dissertac-a-o_mestrado-carlos-30-03-2.pdf\">BAIXAR<\/a><\/p>\n<p>[\/et_pb_blurb][et_pb_blurb title=&#8221;Christiane Maria Prado Jer\u00f4nimo&#8221; use_icon=&#8221;on&#8221; font_icon=&#8221;&#x69;||divi||400&#8243; icon_placement=&#8221;left&#8221; content_max_width=&#8221;1100px&#8221; _builder_version=&#8221;4.25.1&#8243; _module_preset=&#8221;default&#8221; global_colors_info=&#8221;{}&#8221;]<\/p>\n<p>Disserta\u00e7\u00e3o: Metilprednisolona como terapia adjuvante para pacientes hospitalizados com a doen\u00e7a coronav\u00edrus 2019 (COVID-19; METCOVID): um estudo randomizado, duplo cego, fase IIb controlado por placebo<\/p>\n<p><a href=\"https:\/\/pos.uea.edu.br\/data\/area\/dissertacao\/download\/59-3.pdf\">BAIXAR<\/a><\/p>\n<p>[\/et_pb_blurb][et_pb_blurb title=&#8221;Denison Vital de Jesus&#8221; use_icon=&#8221;on&#8221; font_icon=&#8221;&#x69;||divi||400&#8243; icon_placement=&#8221;left&#8221; content_max_width=&#8221;1100px&#8221; _builder_version=&#8221;4.25.1&#8243; _module_preset=&#8221;default&#8221; global_colors_info=&#8221;{}&#8221;]Disserta\u00e7\u00e3o: Investiga\u00e7\u00e3o da frequ\u00eancia de esp\u00e9cies de Leishmania de baixa circula\u00e7\u00e3o em pacientes com Leishmaniose tegumentar, aut\u00f3ctones do Amazonas<\/p>\n<p><a href=\"https:\/\/ppgmt.uea.edu.br\/wp-content\/uploads\/2025\/10\/Dissertacao-Final-correcoes-banca-01.08.23-Denilson.pdf\" rel=\"attachment wp-att-355777\">BAIXAR<\/a>[\/et_pb_blurb][et_pb_blurb title=&#8221;Diego Rafael Lima Batista&#8221; use_icon=&#8221;on&#8221; font_icon=&#8221;&#x69;||divi||400&#8243; icon_placement=&#8221;left&#8221; content_max_width=&#8221;1100px&#8221; _builder_version=&#8221;4.25.1&#8243; _module_preset=&#8221;default&#8221; global_colors_info=&#8221;{}&#8221;]<\/p>\n<p>Disserta\u00e7\u00e3o: Profilaxia Pr\u00e9 Exposi\u00e7\u00e3o ao HIV\/AIDS: Aceitabilidade entre Popula\u00e7\u00f5es vulnerabilizadas em Manaus \u2013 Um Estudo qualitativo<\/p>\n<p><a href=\"https:\/\/ppgmt.uea.edu.br\/wp-content\/uploads\/2024\/08\/Dissertacao-_-Diego-Rafael-Lima-Batista.pdf\">BAIXAR<\/a><\/p>\n<p>[\/et_pb_blurb][et_pb_blurb title=&#8221;Elizabeth Larissa Sumiya Ikino&#8221; use_icon=&#8221;on&#8221; font_icon=&#8221;&#x69;||divi||400&#8243; icon_placement=&#8221;left&#8221; content_max_width=&#8221;1100px&#8221; _builder_version=&#8221;4.25.1&#8243; _module_preset=&#8221;default&#8221; global_colors_info=&#8221;{}&#8221;]<\/p>\n<p>Disserta\u00e7\u00e3o: Resposta \u00e0 vacina da hepatite B em crian\u00e7as e adolescentes vivendo com HIV\/AIDS atendidos na Funda\u00e7\u00e3o de Medicina Tropical Doutor Heitor Vieira Dourado &#8211; FMT-HVD<\/p>\n<p><a href=\"https:\/\/ppgmt.uea.edu.br\/wp-content\/uploads\/2024\/08\/Dissertacao-definitiva-Elizabeth-Larissa-Sumiya-Ikino.pdf\">BAIXAR<\/a><\/p>\n<p>[\/et_pb_blurb][et_pb_blurb title=&#8221;Elizandra Freitas Nascimento&#8221; use_icon=&#8221;on&#8221; font_icon=&#8221;&#x69;||divi||400&#8243; icon_placement=&#8221;left&#8221; content_max_width=&#8221;1100px&#8221; admin_label=&#8221;Sinopse.&#8221; _builder_version=&#8221;4.25.1&#8243; _module_preset=&#8221;default&#8221; global_colors_info=&#8221;{}&#8221;]<\/p>\n<p>Disserta\u00e7\u00e3o: O uso de medicina tradicional ind\u00edgena como recurso terap\u00eautico nos acidentes of\u00eddicos na Amaz\u00f4nia brasileira<\/p>\n<p>[\/et_pb_blurb][et_pb_blurb title=&#8221;Fabiane Bianca Albuquerque Barbosa&#8221; use_icon=&#8221;on&#8221; font_icon=&#8221;&#x69;||divi||400&#8243; icon_placement=&#8221;left&#8221; content_max_width=&#8221;1100px&#8221; admin_label=&#8221;Sinopse.&#8221; _builder_version=&#8221;4.25.1&#8243; _module_preset=&#8221;default&#8221; global_colors_info=&#8221;{}&#8221;]<\/p>\n<p>Disserta\u00e7\u00e3o: Altera\u00e7\u00f5es histopatol\u00f3gicas em pacientes de acidente of\u00eddico botr\u00f3pico na Amaz\u00f4nia brasileira<\/p>\n<p><a href=\"https:\/\/ppgmt.uea.edu.br\/wp-content\/uploads\/2024\/08\/Dissertacao-PPGMT_Fabiane-Bianca-Albuquerque-Barbosa.pdf\">BAIXAR<\/a><\/p>\n<p>[\/et_pb_blurb][et_pb_blurb title=&#8221;Gabrielly Santos da Silva&#8221; use_icon=&#8221;on&#8221; font_icon=&#8221;&#x69;||divi||400&#8243; icon_placement=&#8221;left&#8221; content_max_width=&#8221;1100px&#8221; admin_label=&#8221;Sinopse.&#8221; _builder_version=&#8221;4.25.1&#8243; _module_preset=&#8221;default&#8221; global_colors_info=&#8221;{}&#8221;]<\/p>\n<p>Disserta\u00e7\u00e3o: Recorr\u00eancias de mal\u00e1ria por Plasmodium vivax: Avalia\u00e7\u00e3o da influ\u00eancia de variantes gen\u00e9ticas em CYP2D6, MAOA e UGT2B7 em indiv\u00edduos tratados com primaquina<\/p>\n<p><a href=\"https:\/\/ppgmt.uea.edu.br\/wp-content\/uploads\/2024\/08\/Dissertacao-Gabrielly-Santos-da-Silva1.pdf\">BAIXAR<\/a><\/p>\n<p>[\/et_pb_blurb][et_pb_blurb title=&#8221;Jefferson da Silva Valente&#8221; use_icon=&#8221;on&#8221; font_icon=&#8221;&#x69;||divi||400&#8243; icon_placement=&#8221;left&#8221; content_max_width=&#8221;1100px&#8221; admin_label=&#8221;Sinopse.&#8221; _builder_version=&#8221;4.25.1&#8243; _module_preset=&#8221;default&#8221; locked=&#8221;off&#8221; global_colors_info=&#8221;{}&#8221;]<\/p>\n<p>Disserta\u00e7\u00e3o: Fatores associados \u00e0 mortalidade e sequelas em pacientes diagnosticados com Leucoencefalopatia Multifocal Progressiva e HIV\/AIDS<\/p>\n<p><a href=\"https:\/\/pos.uea.edu.br\/data\/area\/dissertacao\/download\/59-8.pdf\">BAIXAR<\/a><\/p>\n<p>[\/et_pb_blurb][et_pb_blurb title=&#8221;Josu\u00e9 N\u00e9lio Brutus&#8221; use_icon=&#8221;on&#8221; font_icon=&#8221;&#x69;||divi||400&#8243; icon_placement=&#8221;left&#8221; content_max_width=&#8221;1100px&#8221; admin_label=&#8221;Sinopse.&#8221; _builder_version=&#8221;4.25.1&#8243; _module_preset=&#8221;default&#8221; global_colors_info=&#8221;{}&#8221;]<\/p>\n<p>Disserta\u00e7\u00e3o: Mortalidade domiciliar por COVID 19 no Brasil: Uma avalia\u00e7\u00e3o dos \u00f3bitos desassistidos entre 2020 e 2021<\/p>\n<p><a href=\"https:\/\/ppgmt.uea.edu.br\/wp-content\/uploads\/2024\/08\/Josue-Nelio-Brutus.pdf\">BAIXAR<\/a><\/p>\n<p>[\/et_pb_blurb][et_pb_blurb title=&#8221;Karina L\u00f3pez Rodriguez&#8221; use_icon=&#8221;on&#8221; font_icon=&#8221;&#x69;||divi||400&#8243; icon_placement=&#8221;left&#8221; content_max_width=&#8221;1100px&#8221; admin_label=&#8221;Sinopse.&#8221; _builder_version=&#8221;4.25.1&#8243; _module_preset=&#8221;default&#8221; locked=&#8221;off&#8221; global_colors_info=&#8221;{}&#8221;]<\/p>\n<p>Disserta\u00e7\u00e3o: Doen\u00e7a de Chagas em grupos pedi\u00e1tricos: s\u00e9rie hist\u00f3rica de casos registrados no Amazonas no per\u00edodo de 1980 a 2020<\/p>\n<p><a href=\"https:\/\/ppgmt.uea.edu.br\/wp-content\/uploads\/2024\/08\/Dissertacao-definitiva-Karina-Lopez-Rodriguez.pdf\">BAIXAR<\/a><\/p>\n<p>[\/et_pb_blurb][et_pb_blurb title=&#8221;Leandro Sousa Garcia&#8221; use_icon=&#8221;on&#8221; font_icon=&#8221;&#x69;||divi||400&#8243; icon_placement=&#8221;left&#8221; content_max_width=&#8221;1100px&#8221; admin_label=&#8221;Sinopse.&#8221; _builder_version=&#8221;4.25.1&#8243; _module_preset=&#8221;default&#8221; locked=&#8221;off&#8221; global_colors_info=&#8221;{}&#8221;]<\/p>\n<p>Disserta\u00e7\u00e3o: Associa\u00e7\u00e3o dos valores de limiar de ciclo do Xpert MTB\/RIF e transmiss\u00e3o do Mycobacterium tuberculosis para contactantes de tuberculose ativa acompanhados em uma coorte prospectiva<\/p>\n<p><a href=\"https:\/\/ppgmt.uea.edu.br\/wp-content\/uploads\/2024\/08\/Dissertacao-_-Leandro-Sousa-Garcia.pdf\" rel=\"attachment wp-att-354355\">BAIXAR<\/a><\/p>\n<p>[\/et_pb_blurb][et_pb_blurb title=&#8221;Luiz Afonso Ituassu Galv\u00e3o Britto&#8221; use_icon=&#8221;on&#8221; font_icon=&#8221;&#x69;||divi||400&#8243; icon_placement=&#8221;left&#8221; content_max_width=&#8221;1100px&#8221; admin_label=&#8221;Sinopse.&#8221; _builder_version=&#8221;4.25.1&#8243; _module_preset=&#8221;default&#8221; locked=&#8221;off&#8221; global_colors_info=&#8221;{}&#8221;]<\/p>\n<p>Disserta\u00e7\u00e3o: Caracter\u00edsticas cl\u00ednicas de pacientes pedi\u00e1tricos internados em unidades de terapia intensiva pedi\u00e1trica com diagn\u00f3stico de COVID-19, em regi\u00e3o Amaz\u00f4nica brasileira<\/p>\n<p><a href=\"https:\/\/ppgmt.uea.edu.br\/wp-content\/uploads\/2024\/08\/Dissertacao-_-Luiz-Afonso-Ituassu-Galvao-Britto.pdf\">BAIXAR<\/a><\/p>\n<p>[\/et_pb_blurb][et_pb_blurb title=&#8221;Matheus Martins Monteiro&#8221; use_icon=&#8221;on&#8221; font_icon=&#8221;&#x69;||divi||400&#8243; icon_placement=&#8221;left&#8221; content_max_width=&#8221;1100px&#8221; admin_label=&#8221;Sinopse.&#8221; _builder_version=&#8221;4.25.1&#8243; _module_preset=&#8221;default&#8221; locked=&#8221;off&#8221; global_colors_info=&#8221;{}&#8221;]<\/p>\n<p>Disserta\u00e7\u00e3o: Suscetibilidade e resposta celular de Rhodnius robustus e Rhodnius prolixus \u00e0 infec\u00e7\u00e3o por linhagens de Trypanosoma cruzi TcI e TcIV circulantes no Amazonas<\/p>\n<p><a href=\"https:\/\/ppgmt.uea.edu.br\/wp-content\/uploads\/2024\/08\/DISSERTACAO-Mestrado-Final-Matheus-Martins.pdf\">BAIXAR<\/a><\/p>\n<p>[\/et_pb_blurb][et_pb_blurb title=&#8221;Samuel Benjamin Aguiar de Oliveira&#8221; use_icon=&#8221;on&#8221; font_icon=&#8221;&#x69;||divi||400&#8243; icon_placement=&#8221;left&#8221; content_max_width=&#8221;1100px&#8221; admin_label=&#8221;Sinopse.&#8221; _builder_version=&#8221;4.25.1&#8243; _module_preset=&#8221;default&#8221; locked=&#8221;off&#8221; global_colors_info=&#8221;{}&#8221;]<\/p>\n<p>Disserta\u00e7\u00e3o: Perfil cl\u00ednico e laboratorial de pacientes pedi\u00e1tricos infectados com os v\u00edrus Dengue, Zika e Chikungunya na regi\u00e3o Amaz\u00f4nica<\/p>\n<p><a href=\"https:\/\/ppgmt.uea.edu.br\/wp-content\/uploads\/2024\/08\/09_14_23_Dissertacao_SamuelBenjamin.pdf\">BAIXAR<\/a><\/p>\n<p>[\/et_pb_blurb][et_pb_blurb title=&#8221;Swammy Amaral Mitozo&#8221; use_icon=&#8221;on&#8221; font_icon=&#8221;&#x69;||divi||400&#8243; icon_placement=&#8221;left&#8221; content_max_width=&#8221;1100px&#8221; admin_label=&#8221;Sinopse.&#8221; _builder_version=&#8221;4.25.1&#8243; _module_preset=&#8221;default&#8221; locked=&#8221;off&#8221; global_colors_info=&#8221;{}&#8221;]Disserta\u00e7\u00e3o: Altera\u00e7\u00f5es oftalmol\u00f3gicas em crian\u00e7as expostas ao Zika v\u00edrus durante o per\u00edodo intrauterino: uma revis\u00e3o sistem\u00e1tica<\/p>\n<p><a href=\"https:\/\/ppgmt.uea.edu.br\/wp-content\/uploads\/2025\/10\/Dissertacao-_-Swammy-Amaral-Mitozo-1-1.pdf\" rel=\"attachment wp-att-355776\">BAIXAR<\/a>[\/et_pb_blurb][et_pb_blurb title=&#8221;Thais Gomes Oliveira&#8221; use_icon=&#8221;on&#8221; font_icon=&#8221;&#x69;||divi||400&#8243; icon_placement=&#8221;left&#8221; content_max_width=&#8221;1100px&#8221; admin_label=&#8221;Sinopse.&#8221; _builder_version=&#8221;4.25.1&#8243; _module_preset=&#8221;default&#8221; locked=&#8221;off&#8221; global_colors_info=&#8221;{}&#8221;]<\/p>\n<p>Disserta\u00e7\u00e3o: Custos associados \u00e0 infec\u00e7\u00e3o por v\u00edrus Zika na gesta\u00e7\u00e3o e aos desfechos na crian\u00e7a at\u00e9 o segundo ano de vida em Manaus, Amazonas<\/p>\n<p><a href=\"https:\/\/ppgmt.uea.edu.br\/wp-content\/uploads\/2024\/08\/Thais-Gomes-Oliveira.pdf\">BAIXAR<\/a><\/p>\n<p>[\/et_pb_blurb][et_pb_blurb title=&#8221;Vit\u00f3ria Silva Printes&#8221; use_icon=&#8221;on&#8221; font_icon=&#8221;&#x69;||divi||400&#8243; icon_placement=&#8221;left&#8221; content_max_width=&#8221;1100px&#8221; admin_label=&#8221;Sinopse.&#8221; _builder_version=&#8221;4.25.1&#8243; _module_preset=&#8221;default&#8221; locked=&#8221;off&#8221; global_colors_info=&#8221;{}&#8221;]<\/p>\n<p>Disserta\u00e7\u00e3o: String test versus escarro induzido para obten\u00e7\u00e3o de amostra cl\u00ednica para o diagn\u00f3stico de tuberculose pulmonar em indiv\u00edduos n\u00e3o produtores de escarro espont\u00e2neo<\/p>\n<p><a href=\"https:\/\/ppgmt.uea.edu.br\/wp-content\/uploads\/2024\/08\/Dissertacao-_-Vitoria-Silva-Printes.pdf\">BAIXAR<\/a><\/p>\n<p>[\/et_pb_blurb][et_pb_blurb title=&#8221;Yanka Karolinna Batista Rodrigues&#8221; use_icon=&#8221;on&#8221; font_icon=&#8221;&#x69;||divi||400&#8243; icon_placement=&#8221;left&#8221; content_max_width=&#8221;1100px&#8221; _builder_version=&#8221;4.25.1&#8243; _module_preset=&#8221;default&#8221; locked=&#8221;off&#8221; global_colors_info=&#8221;{}&#8221;]<\/p>\n<p>Disserta\u00e7\u00e3o: Desfechos adversos na gesta\u00e7\u00e3o de mulheres em idade f\u00e9rtil com infec\u00e7\u00e3o pr\u00e9via pelo v\u00edrus Zika em Manaus, Amazonas.<\/p>\n<p><a href=\"https:\/\/pos.uea.edu.br\/data\/area\/dissertacao\/download\/59-10.pdf\">BAIXAR<\/a><\/p>\n<p>[\/et_pb_blurb][\/et_pb_column][\/et_pb_row][et_pb_row _builder_version=&#8221;4.16&#8243; _module_preset=&#8221;default&#8221; global_colors_info=&#8221;{}&#8221;][et_pb_column type=&#8221;4_4&#8243; _builder_version=&#8221;4.16&#8243; _module_preset=&#8221;default&#8221; global_colors_info=&#8221;{}&#8221;][et_pb_text _builder_version=&#8221;4.25.1&#8243; _module_preset=&#8221;default&#8221; global_colors_info=&#8221;{}&#8221;]<\/p>\n<blockquote>\n<h4><strong>36 _ MESTRADO 18\u00aa TURMA<\/strong><\/h4>\n<\/blockquote>\n<p>[\/et_pb_text][et_pb_blurb title=&#8221;Dayanne Kamylla Alves da Silva Barros&#8221; use_icon=&#8221;on&#8221; font_icon=&#8221;&#x69;||divi||400&#8243; icon_placement=&#8221;left&#8221; content_max_width=&#8221;1100px&#8221; admin_label=&#8221;Sinopse.&#8221; _builder_version=&#8221;4.25.1&#8243; _module_preset=&#8221;default&#8221; global_colors_info=&#8221;{}&#8221;]<\/p>\n<p>Disserta\u00e7\u00e3o: Aspectos reol\u00f3gicos de eritr\u00f3citos infectados por Plasmodium vivax.<\/p>\n<p><a href=\"https:\/\/ppgmt.uea.edu.br\/wp-content\/uploads\/2024\/08\/Dissertacao-definitiva-Dayanne.pdf\">BAIXAR<\/a><\/p>\n<p>[\/et_pb_blurb][et_pb_blurb title=&#8221;Elis\u00e2ngela de Fatima Ponte Frota&#8221; use_icon=&#8221;on&#8221; font_icon=&#8221;&#x69;||divi||400&#8243; icon_placement=&#8221;left&#8221; content_max_width=&#8221;1100px&#8221; admin_label=&#8221;Sinopse.&#8221; _builder_version=&#8221;4.25.1&#8243; _module_preset=&#8221;default&#8221; global_colors_info=&#8221;{}&#8221;]<\/p>\n<p>Disserta\u00e7\u00e3o: Perfil cl\u00ednico e fatores associados ao \u00f3bito: um registro hist\u00f3rico do primeiro pico pand\u00eamico em Manaus, epicentro inicial da COVID-19 no Brasil<\/p>\n<p><a href=\"https:\/\/ppgmt.uea.edu.br\/wp-content\/uploads\/2024\/08\/Dissertacao-definitiva-Elisangela-de-Fatima-Ponte.pdf\">BAIXAR<\/a><\/p>\n<p>[\/et_pb_blurb][et_pb_blurb title=&#8221;Francy&#8217;s Sayara Andrade de Araujo&#8221; use_icon=&#8221;on&#8221; font_icon=&#8221;&#x69;||divi||400&#8243; icon_placement=&#8221;left&#8221; content_max_width=&#8221;1100px&#8221; _builder_version=&#8221;4.25.1&#8243; _module_preset=&#8221;default&#8221; global_colors_info=&#8221;{}&#8221;]<\/p>\n<p>Disserta\u00e7\u00e3o: Resist\u00eancia \u00e0 ivermectina em mosquitos Anopheles aquasalis &#8211; estudos in vitro e in vivo para avalia\u00e7\u00e3o da suscetibilidade e \u00bffitness\u00bf.<\/p>\n<p>[\/et_pb_blurb][et_pb_blurb title=&#8221;Guilherme Kemeron Maciel Salazar&#8221; use_icon=&#8221;on&#8221; font_icon=&#8221;&#x69;||divi||400&#8243; icon_placement=&#8221;left&#8221; content_max_width=&#8221;1100px&#8221; admin_label=&#8221;Sinopse.&#8221; _builder_version=&#8221;4.25.1&#8243; _module_preset=&#8221;default&#8221; global_colors_info=&#8221;{}&#8221;]<\/p>\n<p>Disserta\u00e7\u00e3o: Envenenamentos of\u00eddicos e acesso ao tratamento antiveneno em comunidades ribeirinhas do interior do Amazonas.<\/p>\n<p><a href=\"https:\/\/ppgmt.uea.edu.br\/wp-content\/uploads\/2024\/08\/Dissertacao-definitiva-Guilherme-Kemeron.pdf\">BAIXAR<\/a><\/p>\n<p>[\/et_pb_blurb][et_pb_blurb title=&#8221;Hilda Ferreira de Melo&#8221; use_icon=&#8221;on&#8221; font_icon=&#8221;&#x69;||divi||400&#8243; icon_placement=&#8221;left&#8221; content_max_width=&#8221;1100px&#8221; admin_label=&#8221;Sinopse.&#8221; _builder_version=&#8221;4.25.1&#8243; _module_preset=&#8221;default&#8221; global_colors_info=&#8221;{}&#8221;]<\/p>\n<p>Disserta\u00e7\u00e3o: Epidemiologia molecular da Tuberculose em pacientes atendidos em um centro de refer\u00eancia na Amaz\u00f4nia brasileira.<\/p>\n<p><a href=\"https:\/\/ppgmt.uea.edu.br\/wp-content\/uploads\/2024\/08\/Dissertacao-definitiva_Hilda-Ferreira_16.114-1.pdf\">BAIXAR<\/a><\/p>\n<p>[\/et_pb_blurb][et_pb_blurb title=&#8221;Isa Cristina Ribeiro Piauilino&#8221; use_icon=&#8221;on&#8221; font_icon=&#8221;&#x69;||divi||400&#8243; icon_placement=&#8221;left&#8221; content_max_width=&#8221;1100px&#8221; admin_label=&#8221;Sinopse.&#8221; _builder_version=&#8221;4.25.1&#8243; _module_preset=&#8221;default&#8221; global_colors_info=&#8221;{}&#8221;]<\/p>\n<p>Disserta\u00e7\u00e3o: N\u00edveis de anticorpos antiamar\u00edlicos e desfecho da gesta\u00e7\u00e3o em gestantes que apresentaram infec\u00e7\u00e3o por Zika. Estudo de coorte em Manaus, Brasil.<\/p>\n<p><a href=\"https:\/\/ppgmt.uea.edu.br\/wp-content\/uploads\/2024\/08\/Dissertacao-Isa-Cristina-Ribeiro-Piauilino-27.09.pdf\">BAIXAR<\/a><\/p>\n<p>[\/et_pb_blurb][et_pb_blurb title=&#8221;\u00cdtala Cristina Ribeiro Piauilino&#8221; use_icon=&#8221;on&#8221; font_icon=&#8221;&#x69;||divi||400&#8243; icon_placement=&#8221;left&#8221; content_max_width=&#8221;1100px&#8221; admin_label=&#8221;Sinopse.&#8221; _builder_version=&#8221;4.25.1&#8243; _module_preset=&#8221;default&#8221; locked=&#8221;off&#8221; global_colors_info=&#8221;{}&#8221;]<\/p>\n<p>Disserta\u00e7\u00e3o: Avalia\u00e7\u00e3o da atividade de extratos de Ampelozizyphus amazonicus Ducke no desenvolvimento de Plasmodium vivax em Anopheles aquasalis<\/p>\n<p><a href=\"https:\/\/pos.uea.edu.br\/data\/area\/dissertacao\/download\/58-4.pdf\">BAIXAR<\/a><\/p>\n<p>[\/et_pb_blurb][et_pb_blurb title=&#8221;Joseir Saturnino Cristino&#8221; use_icon=&#8221;on&#8221; font_icon=&#8221;&#x69;||divi||400&#8243; icon_placement=&#8221;left&#8221; content_max_width=&#8221;1100px&#8221; admin_label=&#8221;Sinopse.&#8221; _builder_version=&#8221;4.25.1&#8243; _module_preset=&#8221;default&#8221; global_colors_info=&#8221;{}&#8221;]<\/p>\n<p>Disserta\u00e7\u00e3o: Acesso ao antiveneno para v\u00edtimas de acidente de of\u00eddico atendidas em um hospital de refer\u00eancia da Amaz\u00f4nia Brasileira.<\/p>\n<p><a href=\"https:\/\/ppgmt.uea.edu.br\/wp-content\/uploads\/2024\/08\/Dissertac-a-o-definitiva-Joseir.pdf\">BAIXAR<\/a><\/p>\n<p>[\/et_pb_blurb][et_pb_blurb title=&#8221;Juliana Costa Ferreira Neves&#8221; use_icon=&#8221;on&#8221; font_icon=&#8221;&#x69;||divi||400&#8243; icon_placement=&#8221;left&#8221; content_max_width=&#8221;1100px&#8221; admin_label=&#8221;Sinopse.&#8221; _builder_version=&#8221;4.25.1&#8243; _module_preset=&#8221;default&#8221; global_colors_info=&#8221;{}&#8221;]<\/p>\n<p>Disserta\u00e7\u00e3o: Biomarcadores imunol\u00f3gicos sol\u00faveis preditores de insufici\u00eancia renal aguda em acidentes botr\u00f3picos na Amaz\u00f4nia brasileira<a href=\"https:\/\/pos.uea.edu.br\/data\/area\/dissertacao\/download\/58-6.pdf\"><\/a><\/p>\n<p><a href=\"https:\/\/pos.uea.edu.br\/data\/area\/dissertacao\/download\/58-6.pdf\">BAIXAR<\/a><\/p>\n<p>[\/et_pb_blurb][et_pb_blurb title=&#8221;Kelry Mazurega de Oliveira Dinelly&#8221; use_icon=&#8221;on&#8221; font_icon=&#8221;&#x69;||divi||400&#8243; icon_placement=&#8221;left&#8221; content_max_width=&#8221;1100px&#8221; admin_label=&#8221;Sinopse.&#8221; _builder_version=&#8221;4.25.1&#8243; _module_preset=&#8221;default&#8221; global_colors_info=&#8221;{}&#8221;]<\/p>\n<p>Disserta\u00e7\u00e3o: Avalia\u00e7\u00e3o da ades\u00e3o ao tratamento para prevenir recorr\u00eancias em pacientes com mal\u00e1ria por Plasmodium vivax<\/p>\n<p><a href=\"https:\/\/ppgmt.uea.edu.br\/wp-content\/uploads\/2024\/08\/Dissertac-a-o-definitiva-Kelry.pdf\">BAIXAR<\/a><\/p>\n<p>[\/et_pb_blurb][et_pb_blurb title=&#8221;Kerolaine Fonseca Coelho&#8221; use_icon=&#8221;on&#8221; font_icon=&#8221;&#x69;||divi||400&#8243; icon_placement=&#8221;left&#8221; content_max_width=&#8221;1100px&#8221; admin_label=&#8221;Sinopse.&#8221; _builder_version=&#8221;4.25.1&#8243; _module_preset=&#8221;default&#8221; global_colors_info=&#8221;{}&#8221;]<\/p>\n<p>Disserta\u00e7\u00e3o: Perfil celular envolvido na resposta imune em pacientes v\u00edtimas de acidentes of\u00eddicos Botr\u00f3picos na Amaz\u00f4nia brasileira<\/p>\n<p><a href=\"https:\/\/ppgmt.uea.edu.br\/wp-content\/uploads\/2024\/08\/Dissertacao_Kerolaine-Fonseca-Coelho.pdf\">BAIXAR<\/a><\/p>\n<p>[\/et_pb_blurb][et_pb_blurb title=&#8221;Lisele Maria Rodrigues Alves Brasileiro&#8221; use_icon=&#8221;on&#8221; font_icon=&#8221;&#x69;||divi||400&#8243; icon_placement=&#8221;left&#8221; content_max_width=&#8221;1100px&#8221; _builder_version=&#8221;4.25.1&#8243; _module_preset=&#8221;default&#8221; global_colors_info=&#8221;{}&#8221;]<\/p>\n<p>Disserta\u00e7\u00e3o: An\u00e1lise do perfil proteico urin\u00e1rio de v\u00edtimas de acidente botr\u00f3pico com desfecho cl\u00ednico de insufici\u00eancia renal aguda atendidos em um centro de refer\u00eancia na Amaz\u00f4nia brasileira.<\/p>\n<p>[\/et_pb_blurb][et_pb_blurb title=&#8221;Macejane Ferreira de Souza&#8221; use_icon=&#8221;on&#8221; font_icon=&#8221;&#x69;||divi||400&#8243; icon_placement=&#8221;left&#8221; content_max_width=&#8221;1100px&#8221; admin_label=&#8221;Sinopse.&#8221; _builder_version=&#8221;4.25.1&#8243; _module_preset=&#8221;default&#8221; locked=&#8221;off&#8221; global_colors_info=&#8221;{}&#8221;]<\/p>\n<p>Disserta\u00e7\u00e3o: Avalia\u00e7\u00e3o da sensibilidade de isolados de Plasmodium vivax coletados na Amaz\u00f4nia brasileira a antimal\u00e1ricos por citometria de fluxo<\/p>\n<p><a href=\"https:\/\/ppgmt.uea.edu.br\/wp-content\/uploads\/2024\/08\/Dissertacao-definitiva_Macejane-27.06.22.pdf\">BAIXAR<\/a><\/p>\n<p>[\/et_pb_blurb][et_pb_blurb title=&#8221;Maria Gabriela de Almeida Rodrigues&#8221; use_icon=&#8221;on&#8221; font_icon=&#8221;&#x69;||divi||400&#8243; icon_placement=&#8221;left&#8221; content_max_width=&#8221;1100px&#8221; admin_label=&#8221;Sinopse.&#8221; _builder_version=&#8221;4.25.1&#8243; _module_preset=&#8221;default&#8221; locked=&#8221;off&#8221; global_colors_info=&#8221;{}&#8221;]<\/p>\n<p>Disserta\u00e7\u00e3o: Avalia\u00e7\u00e3o da influ\u00eancia da defici\u00eancia de G6PD na gravidade e progress\u00e3o cl\u00ednica de pacientes com COVID-19<\/p>\n<p><a href=\"https:\/\/ppgmt.uea.edu.br\/wp-content\/uploads\/2024\/08\/Dissertacao_Maria_Gabriela_22.09.2020.pdf\">BAIXAR<\/a><\/p>\n<p>[\/et_pb_blurb][et_pb_blurb title=&#8221;Ra\u00edssa Soares Freire de Andrade&#8221; use_icon=&#8221;on&#8221; font_icon=&#8221;&#x69;||divi||400&#8243; icon_placement=&#8221;left&#8221; content_max_width=&#8221;1100px&#8221; _builder_version=&#8221;4.25.1&#8243; _module_preset=&#8221;default&#8221; locked=&#8221;off&#8221; global_colors_info=&#8221;{}&#8221;]<\/p>\n<p>Disserta\u00e7\u00e3o: Posicionamento em prona de pacientes n\u00e3o-intubados e hospitalizados em um hospital de refer\u00eancia no contexto do primeiro pico epid\u00eamico por COVID-19 em Manaus, Amazonas<\/p>\n<p>[\/et_pb_blurb][et_pb_blurb title=&#8221;R\u00eagila Mello do Nascimento&#8221; use_icon=&#8221;on&#8221; font_icon=&#8221;&#x69;||divi||400&#8243; icon_placement=&#8221;left&#8221; content_max_width=&#8221;1100px&#8221; _builder_version=&#8221;4.25.1&#8243; _module_preset=&#8221;default&#8221; locked=&#8221;off&#8221; global_colors_info=&#8221;{}&#8221;]<\/p>\n<p>Disserta\u00e7\u00e3o: A composi\u00e7\u00e3o da microbiota nativa do Aedes aegypti e seu papel na infec\u00e7\u00e3o pelo Zika v\u00edrus<\/p>\n<p><a href=\"https:\/\/ppgmt.uea.edu.br\/wp-content\/uploads\/2024\/08\/Dissertacao-definitiva-Regila.pdf\">BAIXAR<\/a><\/p>\n<p>[\/et_pb_blurb][\/et_pb_column][\/et_pb_row][et_pb_row _builder_version=&#8221;4.16&#8243; _module_preset=&#8221;default&#8221; locked=&#8221;off&#8221; global_colors_info=&#8221;{}&#8221;][et_pb_column type=&#8221;4_4&#8243; _builder_version=&#8221;4.16&#8243; _module_preset=&#8221;default&#8221; global_colors_info=&#8221;{}&#8221;][et_pb_text _builder_version=&#8221;4.25.1&#8243; _module_preset=&#8221;default&#8221; global_colors_info=&#8221;{}&#8221;]<\/p>\n<blockquote>\n<h4><strong>35 _ MESTRADO 17\u00aa TURMA<\/strong><\/h4>\n<\/blockquote>\n<p>[\/et_pb_text][et_pb_blurb title=&#8221;Alessandra Pinheiro Vidal&#8221; use_icon=&#8221;on&#8221; font_icon=&#8221;&#x69;||divi||400&#8243; icon_placement=&#8221;left&#8221; content_max_width=&#8221;1100px&#8221; admin_label=&#8221;Sinopse.&#8221; _builder_version=&#8221;4.25.1&#8243; _module_preset=&#8221;default&#8221; global_colors_info=&#8221;{}&#8221;]<\/p>\n<p>Disserta\u00e7\u00e3o: Fatores associados \u00e0 gravidade do sarampo durante a epidemia ocorrida em Manaus, Amaz\u00f4nia brasileira<\/p>\n<p><a href=\"https:\/\/ppgmt.uea.edu.br\/wp-content\/uploads\/2024\/08\/Dissertacao_Defesa-Alessandra-Vidal-29.101.pdf\">BAIXAR<\/a><\/p>\n<p>[\/et_pb_blurb][et_pb_blurb title=&#8221;Alinne de Paula Rodrigues Antolini&#8221; use_icon=&#8221;on&#8221; font_icon=&#8221;&#x69;||divi||400&#8243; icon_placement=&#8221;left&#8221; content_max_width=&#8221;1100px&#8221; admin_label=&#8221;Sinopse.&#8221; _builder_version=&#8221;4.25.1&#8243; _module_preset=&#8221;default&#8221; global_colors_info=&#8221;{}&#8221;]<\/p>\n<p>Disserta\u00e7\u00e3o: A incid\u00eancia de dengue por bairro de Manaus e as a\u00e7\u00f5es de vigil\u00e2ncia e controle no per\u00edodo de 2014 a 2018: Um estudo ecol\u00f3gico<\/p>\n<p><a href=\"https:\/\/ppgmt.uea.edu.br\/wp-content\/uploads\/2024\/08\/Dissertacao_Alinne-Final-21.09.2020_Revisao2.pdf\">BAIXAR<\/a><\/p>\n<p>[\/et_pb_blurb][et_pb_blurb title=&#8221;Bernardo Maia da Silva&#8221; use_icon=&#8221;on&#8221; font_icon=&#8221;&#x69;||divi||400&#8243; icon_placement=&#8221;left&#8221; content_max_width=&#8221;1100px&#8221; _builder_version=&#8221;4.25.1&#8243; _module_preset=&#8221;default&#8221; global_colors_info=&#8221;{}&#8221;]Disserta\u00e7\u00e3o: Avalia\u00e7\u00e3o da geolocaliza\u00e7\u00e3o de pacientes com mal\u00e1ria e formula\u00e7\u00e3o de estimativas de locais end\u00eamicos no munic\u00edpio de Manaus<\/p>\n<p><a href=\"https:\/\/ppgmt.uea.edu.br\/wp-content\/uploads\/2025\/10\/Dissertacao-FINAL-pos-defesa-BERNARDO.pdf\" rel=\"attachment wp-att-355772\">BAIXAR<\/a>[\/et_pb_blurb][et_pb_blurb title=&#8221;Brenda Karoline Souza Carvalho&#8221; use_icon=&#8221;on&#8221; font_icon=&#8221;&#x69;||divi||400&#8243; icon_placement=&#8221;left&#8221; content_max_width=&#8221;1100px&#8221; admin_label=&#8221;Sinopse.&#8221; _builder_version=&#8221;4.25.1&#8243; _module_preset=&#8221;default&#8221; global_colors_info=&#8221;{}&#8221;]<\/p>\n<p>Disserta\u00e7\u00e3o: Avalia\u00e7\u00e3o do processo de implementa\u00e7\u00e3o de um ensaio de libera\u00e7\u00e3o do interferon-gama em centros de rastreamento e diagn\u00f3stico da infec\u00e7\u00e3o latente por tuberculose no Brasil<\/p>\n<p><a href=\"https:\/\/ppgmt.uea.edu.br\/wp-content\/uploads\/2024\/08\/Dissertacao-definitiva_-Brenda-Karoline-Souza-Carvalho-1.pdf\">BAIXAR<\/a><\/p>\n<p>[\/et_pb_blurb][et_pb_blurb title=&#8221;Cristina de Souza Rodrigues&#8221; use_icon=&#8221;on&#8221; font_icon=&#8221;&#x69;||divi||400&#8243; icon_placement=&#8221;left&#8221; content_max_width=&#8221;1100px&#8221; _builder_version=&#8221;4.25.1&#8243; _module_preset=&#8221;default&#8221; global_colors_info=&#8221;{}&#8221;]<\/p>\n<p>Disserta\u00e7\u00e3o: Avalia\u00e7\u00e3o cl\u00ednica e ac\u00fastica da degluti\u00e7\u00e3o em crian\u00e7as expostas \u00e0 infec\u00e7\u00e3o por v\u00edrus Zika no per\u00edodo intrauterino em Manaus, Amazonas<\/p>\n<p>[\/et_pb_blurb][et_pb_blurb title=&#8221;Frandison Gean Souza Soares&#8221; use_icon=&#8221;on&#8221; font_icon=&#8221;&#x69;||divi||400&#8243; icon_placement=&#8221;left&#8221; content_max_width=&#8221;1100px&#8221; admin_label=&#8221;Sinopse.&#8221; _builder_version=&#8221;4.25.1&#8243; _module_preset=&#8221;default&#8221; global_colors_info=&#8221;{}&#8221;]<\/p>\n<p>Disserta\u00e7\u00e3o: Preval\u00eancia, fatores associados e perfil de citocinas e quimiocinas nas rea\u00e7\u00f5es adversas ao soro antibotr\u00f3pico em uma unidade terci\u00e1ria na Amaz\u00f4nia brasileira: Um estudo de farmacovigil\u00e2ncia<\/p>\n<p><a href=\"https:\/\/ppgmt.uea.edu.br\/wp-content\/uploads\/2024\/08\/Dissertacao-definitiva-Frandison-10.08.201.pdf\">BAIXAR<\/a><\/p>\n<p>[\/et_pb_blurb][et_pb_blurb title=&#8221;Jacimara Vasques Gomes&#8221; use_icon=&#8221;on&#8221; font_icon=&#8221;&#x69;||divi||400&#8243; icon_placement=&#8221;left&#8221; content_max_width=&#8221;1100px&#8221; admin_label=&#8221;Sinopse.&#8221; _builder_version=&#8221;4.25.1&#8243; _module_preset=&#8221;default&#8221; global_colors_info=&#8221;{}&#8221;]<\/p>\n<p>Disserta\u00e7\u00e3o: Aspectos cl\u00ednicos e epidemiol\u00f3gicos de acidentes escorpi\u00f4nicos confirmados em um servi\u00e7o de refer\u00eancia na Amaz\u00f4nia brasileira<\/p>\n<p><a href=\"https:\/\/ppgmt.uea.edu.br\/wp-content\/uploads\/2024\/08\/Dissertacao-definitiva_Jacimara-Gomes1.pdf\">BAIXAR<\/a><\/p>\n<p>[\/et_pb_blurb][et_pb_blurb title=&#8221;Jaiana Larissa de Morais Cardoso&#8221; use_icon=&#8221;on&#8221; font_icon=&#8221;&#x69;||divi||400&#8243; icon_placement=&#8221;left&#8221; content_max_width=&#8221;1100px&#8221; admin_label=&#8221;Sinopse.&#8221; _builder_version=&#8221;4.25.1&#8243; _module_preset=&#8221;default&#8221; global_colors_info=&#8221;{}&#8221;]<\/p>\n<p>Disserta\u00e7\u00e3o: Avalia\u00e7\u00e3o da influ\u00eancia de polimorfismos gen\u00e9ticos em CYP2C19, CYP2D6 e CYP3A4 na resposta cl\u00ednica de pacientes com mal\u00e1ria vivax tratados com primaquina<\/p>\n<p><a href=\"https:\/\/ppgmt.uea.edu.br\/wp-content\/uploads\/2024\/08\/Dissertac-a-o-defesa_Jaiana-Larissa-de-Morais-Cardoso-18.091.pdf\">BAIXAR<\/a><\/p>\n<p>[\/et_pb_blurb][et_pb_blurb title=&#8221;Lener Santos da Silva&#8221; use_icon=&#8221;on&#8221; font_icon=&#8221;&#x69;||divi||400&#8243; icon_placement=&#8221;left&#8221; content_max_width=&#8221;1100px&#8221; admin_label=&#8221;Sinopse.&#8221; _builder_version=&#8221;4.25.1&#8243; _module_preset=&#8221;default&#8221; locked=&#8221;off&#8221; global_colors_info=&#8221;{}&#8221;]<\/p>\n<p>Disserta\u00e7\u00e3o: Polimorfismos no gene IL23R em pacientes com Leishmaniose cut\u00e2nea em Manaus, Amazonas, Brasil<\/p>\n<p><a href=\"https:\/\/ppgmt.uea.edu.br\/wp-content\/uploads\/2024\/08\/Dissertacao-definitiva-Lener1.pdf\">BAIXAR<\/a><\/p>\n<p>[\/et_pb_blurb][et_pb_blurb title=&#8221;L\u00edlyan Lisboa de Oliveira Saraiva&#8221; use_icon=&#8221;on&#8221; font_icon=&#8221;&#x69;||divi||400&#8243; icon_placement=&#8221;left&#8221; content_max_width=&#8221;1100px&#8221; _builder_version=&#8221;4.25.1&#8243; _module_preset=&#8221;default&#8221; locked=&#8221;off&#8221; global_colors_info=&#8221;{}&#8221;]Disserta\u00e7\u00e3o: Avalia\u00e7\u00e3o da din\u00e2mica da hemoglobina em pacientes com Plasmodium vivax na Amaz\u00f4nia ocidental brasileira<\/p>\n<p><a href=\"https:\/\/ppgmt.uea.edu.br\/wp-content\/uploads\/2025\/10\/DISSERTACAO_LILYAN_19_02_2021.pdf\" rel=\"attachment wp-att-355779\">BAIXAR<\/a>[\/et_pb_blurb][et_pb_blurb title=&#8221;Maria Eugenia Seffair Lins de Albuquerque Catunda&#8221; use_icon=&#8221;on&#8221; font_icon=&#8221;&#x69;||divi||400&#8243; icon_placement=&#8221;left&#8221; content_max_width=&#8221;1100px&#8221; _builder_version=&#8221;4.25.1&#8243; _module_preset=&#8221;default&#8221; locked=&#8221;off&#8221; global_colors_info=&#8221;{}&#8221;]<\/p>\n<p>Disserta\u00e7\u00e3o: Investiga\u00e7\u00e3o de HTLV e fatores de risco para infec\u00e7\u00e3o das mulheres que realizam pr\u00e9-natal de baixo risco em uma unidade de sa\u00fade na Amaz\u00f4nia ocidental brasileira<\/p>\n<p>[\/et_pb_blurb][et_pb_blurb title=&#8221;Moyara Mendon\u00e7a Lima de Farias&#8221; use_icon=&#8221;on&#8221; font_icon=&#8221;&#x69;||divi||400&#8243; icon_placement=&#8221;left&#8221; content_max_width=&#8221;1100px&#8221; admin_label=&#8221;Sinopse.&#8221; _builder_version=&#8221;4.25.1&#8243; _module_preset=&#8221;default&#8221; locked=&#8221;off&#8221; global_colors_info=&#8221;{}&#8221;]<\/p>\n<p>Disserta\u00e7\u00e3o: Altera\u00e7\u00f5es Histopatol\u00f3gicas em l\u00edngua, cavidade oral e gl\u00e2ndulas salivares: estudo baseado em aut\u00f3psia de pacientes com S\u00edndrome da Imunodefici\u00eancia Adquirida<\/p>\n<p><a href=\"https:\/\/ppgmt.uea.edu.br\/wp-content\/uploads\/2024\/08\/Dissertacao-definitiva_Moyara-18.01.20201.pdf\">BAIXAR<\/a><\/p>\n<p>[\/et_pb_blurb][et_pb_blurb title=&#8221;Renata Spener Gomes Cordeiro dos Santos&#8221; use_icon=&#8221;on&#8221; font_icon=&#8221;&#x69;||divi||400&#8243; icon_placement=&#8221;left&#8221; content_max_width=&#8221;1100px&#8221; admin_label=&#8221;Sinopse.&#8221; _builder_version=&#8221;4.25.1&#8243; _module_preset=&#8221;default&#8221; locked=&#8221;off&#8221; global_colors_info=&#8221;{}&#8221;]<\/p>\n<p>Disserta\u00e7\u00e3o: Fatores associados ao diagn\u00f3stico microbiol\u00f3gico da tuberculose extrapulmonar em uma unidade refer\u00eancia para HIV\/Aids<\/p>\n<p><a href=\"https:\/\/ppgmt.uea.edu.br\/wp-content\/uploads\/2024\/08\/Dissertacao-Renata-Spener_25.111.pdf\">BAIXAR<\/a><\/p>\n<p>[\/et_pb_blurb][et_pb_blurb title=&#8221;Rita de C\u00e1ssia Ferreira Serra&#8221; use_icon=&#8221;on&#8221; font_icon=&#8221;&#x69;||divi||400&#8243; icon_placement=&#8221;left&#8221; content_max_width=&#8221;1100px&#8221; admin_label=&#8221;Sinopse.&#8221; _builder_version=&#8221;4.25.1&#8243; _module_preset=&#8221;default&#8221; locked=&#8221;off&#8221; global_colors_info=&#8221;{}&#8221;]<\/p>\n<p>Disserta\u00e7\u00e3o: Fatores associados ao diagn\u00f3stico microbiol\u00f3gico da tuberculose extrapulmonar em uma unidade refer\u00eancia para HIV\/Aids<\/p>\n<p><a href=\"https:\/\/ppgmt.uea.edu.br\/wp-content\/uploads\/2024\/08\/Dissertacao-Rita-de-Cassia-Ferreira-Serra-14.12.201.pdf\">BAIXAR<\/a><\/p>\n<p>[\/et_pb_blurb][et_pb_blurb title=&#8221;Sabrina Silva de Brito&#8221; use_icon=&#8221;on&#8221; font_icon=&#8221;&#x69;||divi||400&#8243; icon_placement=&#8221;left&#8221; content_max_width=&#8221;1100px&#8221; admin_label=&#8221;Sinopse.&#8221; _builder_version=&#8221;4.25.1&#8243; _module_preset=&#8221;default&#8221; locked=&#8221;off&#8221; global_colors_info=&#8221;{}&#8221;]<\/p>\n<p>Disserta\u00e7\u00e3o: Avalia\u00e7\u00e3o da atividade antig\u00eanica de extratos combinados de Trypanosoma cruzi TcI e TcIV circulantes na regi\u00e3o Amaz\u00f4nica<\/p>\n<p><a href=\"https:\/\/ppgmt.uea.edu.br\/wp-content\/uploads\/2024\/08\/Dissertac-a-o-definitiva-Sabrina-Silva-de-Brito-21.12.20201.pdf\">BAIXAR<\/a><\/p>\n<p>[\/et_pb_blurb][et_pb_blurb title=&#8221;Salete Sara Alvarez Fernandes&#8221; use_icon=&#8221;on&#8221; font_icon=&#8221;&#x69;||divi||400&#8243; icon_placement=&#8221;left&#8221; content_max_width=&#8221;1100px&#8221; _builder_version=&#8221;4.25.1&#8243; _module_preset=&#8221;default&#8221; locked=&#8221;off&#8221; global_colors_info=&#8221;{}&#8221;]<\/p>\n<p>Disserta\u00e7\u00e3o: O efeito da participa\u00e7\u00e3o do profissional da psicologia no centro de testagem e aconselhamento na ades\u00e3o ao tratamento do HIV.<\/p>\n<p><a href=\"https:\/\/pos.uea.edu.br\/data\/area\/dissertacao\/download\/54-1.pdf\">BAIXAR<\/a><\/p>\n<p>[\/et_pb_blurb][et_pb_blurb title=&#8221;\u00candila de Souza Barbosa&#8221; use_icon=&#8221;on&#8221; font_icon=&#8221;&#x69;||divi||400&#8243; icon_placement=&#8221;left&#8221; content_max_width=&#8221;1100px&#8221; admin_label=&#8221;Sinopse.&#8221; _builder_version=&#8221;4.25.1&#8243; _module_preset=&#8221;default&#8221; locked=&#8221;off&#8221; global_colors_info=&#8221;{}&#8221;]<\/p>\n<p>Disserta\u00e7\u00e3o: DNA livre de c\u00e9lulas como potencial biomarcador de gravidade em acidentes botr\u00f3picos<\/p>\n<p><a href=\"https:\/\/ppgmt.uea.edu.br\/wp-content\/uploads\/2024\/08\/Dissertacao-Endila-de-Souza-23.07.20201.pdf\">BAIXAR<\/a><\/p>\n<p>[\/et_pb_blurb][\/et_pb_column][\/et_pb_row][et_pb_row _builder_version=&#8221;4.16&#8243; _module_preset=&#8221;default&#8221; locked=&#8221;off&#8221; global_colors_info=&#8221;{}&#8221;][et_pb_column type=&#8221;4_4&#8243; _builder_version=&#8221;4.16&#8243; _module_preset=&#8221;default&#8221; global_colors_info=&#8221;{}&#8221;][et_pb_text _builder_version=&#8221;4.22.1&#8243; _module_preset=&#8221;default&#8221; global_colors_info=&#8221;{}&#8221;]<\/p>\n<blockquote>\n<h4><strong>34 _ MESTRADO 16\u00aa TURMA<\/strong><\/h4>\n<\/blockquote>\n<p>[\/et_pb_text][et_pb_blurb title=&#8221;Alex Bezerra da Silva Maciel&#8221; use_icon=&#8221;on&#8221; font_icon=&#8221;&#x69;||divi||400&#8243; icon_placement=&#8221;left&#8221; content_max_width=&#8221;1100px&#8221; _builder_version=&#8221;4.25.1&#8243; _module_preset=&#8221;default&#8221; global_colors_info=&#8221;{}&#8221;]<\/p>\n<p>Disserta\u00e7\u00e3o: Avalia\u00e7\u00e3o do risco cardiovascular em pacientes com o v\u00edrus da Hepatite C<\/p>\n<p><a href=\"http:\/\/ppgmt.uea.edu.br\/wp-content\/uploads\/2024\/05\/1-Dissertacao-definitiva-Alex-Maciel.pdf\" target=\"_blank\" rel=\"noopener\">BAIXAR<\/a><\/p>\n<p>[\/et_pb_blurb][et_pb_blurb title=&#8221;Amanda Lia Rebelo Rabelo&#8221; use_icon=&#8221;on&#8221; font_icon=&#8221;&#x69;||divi||400&#8243; icon_placement=&#8221;left&#8221; content_max_width=&#8221;1100px&#8221; _builder_version=&#8221;4.25.1&#8243; _module_preset=&#8221;default&#8221; global_colors_info=&#8221;{}&#8221;]<\/p>\n<p>Disserta\u00e7\u00e3o: Elabora\u00e7\u00e3o e valida\u00e7\u00e3o de um escore cl\u00ednico para a triagem diagn\u00f3stica de tuberculose pulmonar em indiv\u00edduos que vivem com HIV<\/p>\n<p><a href=\"http:\/\/ppgmt.uea.edu.br\/wp-content\/uploads\/2024\/05\/2-Dissertacao-defesa_Amanda-Lia.pdf\" target=\"_blank\" rel=\"noopener\">BAIXAR<\/a><\/p>\n<p>[\/et_pb_blurb][et_pb_blurb title=&#8221;Arineia Soares da Silva&#8221; use_icon=&#8221;on&#8221; font_icon=&#8221;&#x69;||divi||400&#8243; icon_placement=&#8221;left&#8221; content_max_width=&#8221;1100px&#8221; _builder_version=&#8221;4.25.1&#8243; _module_preset=&#8221;default&#8221; global_colors_info=&#8221;{}&#8221;]<\/p>\n<p>Disserta\u00e7\u00e3o: Impacto do clima na variabilidade de Leishmaniose Tegumentar Americana no munic\u00edpio de Manaus, AM<\/p>\n<p><a href=\"http:\/\/ppgmt.uea.edu.br\/wp-content\/uploads\/2024\/05\/4-Projeto-_Arineia_-01.10_versao_final.pdf\" target=\"_blank\" rel=\"noopener\">BAIXAR<\/a><\/p>\n<p>[\/et_pb_blurb][et_pb_blurb title=&#8221;Beatriz Caroline Soares Chaves&#8221; use_icon=&#8221;on&#8221; font_icon=&#8221;&#x69;||divi||400&#8243; icon_placement=&#8221;left&#8221; content_max_width=&#8221;1100px&#8221; _builder_version=&#8221;4.25.1&#8243; _module_preset=&#8221;default&#8221; global_colors_info=&#8221;{}&#8221;]<\/p>\n<p>Disserta\u00e7\u00e3o: O desenvolvimento neuropsicomotor e est\u00edmulos ambientais de crian\u00e7as expostas a Zika durante gesta\u00e7\u00e3o<\/p>\n<p><a href=\"https:\/\/pos.uea.edu.br\/data\/area\/dissertacao\/download\/51-3.pdf\" target=\"_blank\" rel=\"noopener\">BAIXAR<\/a><\/p>\n<p>[\/et_pb_blurb][et_pb_blurb title=&#8221;Carla Antonia Nazareth Jaime&#8221; use_icon=&#8221;on&#8221; font_icon=&#8221;&#x69;||divi||400&#8243; icon_placement=&#8221;left&#8221; content_max_width=&#8221;1100px&#8221; _builder_version=&#8221;4.25.1&#8243; _module_preset=&#8221;default&#8221; global_colors_info=&#8221;{}&#8221;]<\/p>\n<p>Disserta\u00e7\u00e3o: Avalia\u00e7\u00e3o das condi\u00e7\u00f5es de sa\u00fade bucal nos pacientes com rea\u00e7\u00e3o Hans\u00eanica atendidos em um centro de referencia de Manaus<\/p>\n<p><a href=\"http:\/\/ppgmt.uea.edu.br\/wp-content\/uploads\/2024\/05\/3-Dissertacao-defesa_Carla-26.11.pdf\" target=\"_blank\" rel=\"noopener\">BAIXAR<\/a><\/p>\n<p>[\/et_pb_blurb][et_pb_blurb title=&#8221;D\u00e9bora Raysa Teixeira de Sousa&#8221; use_icon=&#8221;on&#8221; font_icon=&#8221;&#x69;||divi||400&#8243; icon_placement=&#8221;left&#8221; content_max_width=&#8221;1100px&#8221; _builder_version=&#8221;4.25.1&#8243; _module_preset=&#8221;default&#8221; global_colors_info=&#8221;{}&#8221;]<\/p>\n<p>Disserta\u00e7\u00e3o: Transmiss\u00e3o oral do Trypanosoma cruzi: hist\u00f3rico dos surtos da doen\u00e7a de Chagas no estado do Amazonas<\/p>\n<p><a href=\"http:\/\/ppgmt.uea.edu.br\/wp-content\/uploads\/2024\/05\/5-Dissertacao-definitiva_Debora-Raysa.pdf\" target=\"_blank\" rel=\"noopener\">BAIXAR<\/a><\/p>\n<p>[\/et_pb_blurb][et_pb_blurb title=&#8221;Evelyn Beatriz da Costa Vaz&#8221; use_icon=&#8221;on&#8221; font_icon=&#8221;&#x69;||divi||400&#8243; icon_placement=&#8221;left&#8221; content_max_width=&#8221;1100px&#8221; _builder_version=&#8221;4.25.1&#8243; _module_preset=&#8221;default&#8221; global_colors_info=&#8221;{}&#8221;]<\/p>\n<p>Disserta\u00e7\u00e3o: Avalia\u00e7\u00e3o da transmissibilidade do Zika v\u00edrus e impacto de imunoglobulinas humanas anti-ZIKV e anti-DENV na compet\u00eancia vetorial do Aedes aegypti<\/p>\n<p><a href=\"http:\/\/ppgmt.uea.edu.br\/wp-content\/uploads\/2024\/05\/6-Dissertacao-Evelyn-Vaz-Final.pdf\" target=\"_blank\" rel=\"noopener\">BAIXAR<\/a><\/p>\n<p>[\/et_pb_blurb][et_pb_blurb title=&#8221;Everton Ricardo de Abreu Netto&#8221; use_icon=&#8221;on&#8221; font_icon=&#8221;&#x69;||divi||400&#8243; icon_placement=&#8221;left&#8221; content_max_width=&#8221;1100px&#8221; _builder_version=&#8221;4.25.1&#8243; _module_preset=&#8221;default&#8221; global_colors_info=&#8221;{}&#8221;]<\/p>\n<p>Disserta\u00e7\u00e3o: Frequ\u00eancia das variantes *1, *2, *3 e *17 do citocromo CYP2C19 entre portadores de Helicobacter pylori atendidos em Manaus, Amazonas, Brasil<\/p>\n<p><a href=\"http:\/\/ppgmt.uea.edu.br\/wp-content\/uploads\/2024\/05\/7-Dissertacao-defesa_Everton.pdf\" target=\"_blank\" rel=\"noopener\">BAIXAR<\/a><\/p>\n<p>[\/et_pb_blurb][et_pb_blurb title=&#8221;Hiochelson Najibe dos Santos Ibiapina&#8221; use_icon=&#8221;on&#8221; font_icon=&#8221;&#x69;||divi||400&#8243; icon_placement=&#8221;left&#8221; content_max_width=&#8221;1100px&#8221; _builder_version=&#8221;4.25.1&#8243; _module_preset=&#8221;default&#8221; locked=&#8221;off&#8221; global_colors_info=&#8221;{}&#8221;]<\/p>\n<p>Disserta\u00e7\u00e3o: Marcadores imunol\u00f3gicos envolvidos no desenvolvimento de complica\u00e7\u00e3o local em acidentes botr\u00f3picos na Amaz\u00f4nia brasileira<\/p>\n<p><a href=\"http:\/\/ppgmt.uea.edu.br\/wp-content\/uploads\/2024\/05\/8-Dissertacao-Mestrado_Hiochelson.pdf\" target=\"_blank\" rel=\"noopener\">BAIXAR<\/a><\/p>\n<p>[\/et_pb_blurb][et_pb_blurb title=&#8221;Ivonne Canseco Canales&#8221; use_icon=&#8221;on&#8221; font_icon=&#8221;&#x69;||divi||400&#8243; icon_placement=&#8221;left&#8221; content_max_width=&#8221;1100px&#8221; _builder_version=&#8221;4.25.1&#8243; _module_preset=&#8221;default&#8221; locked=&#8221;off&#8221; global_colors_info=&#8221;{}&#8221;]<\/p>\n<p>Disserta\u00e7\u00e3o: Mal\u00e1ria em gestantes no munic\u00edpio de Coari como poss\u00edvel fator de risco para desfecho da gesta\u00e7\u00e3o<\/p>\n<p><a href=\"http:\/\/ppgmt.uea.edu.br\/wp-content\/uploads\/2024\/05\/9-Dissertacao_defesa-Ivonne-C-Canales-10.08.20.pdf\" target=\"_blank\" rel=\"noopener\">BAIXAR<\/a><\/p>\n<p>[\/et_pb_blurb][et_pb_blurb title=&#8221;Janaina Bel\u00e9m Gama&#8221; use_icon=&#8221;on&#8221; font_icon=&#8221;&#x69;||divi||400&#8243; icon_placement=&#8221;left&#8221; content_max_width=&#8221;1100px&#8221; _builder_version=&#8221;4.25.1&#8243; _module_preset=&#8221;default&#8221; locked=&#8221;off&#8221; global_colors_info=&#8221;{}&#8221;]<\/p>\n<p>Disserta\u00e7\u00e3o: Avalia\u00e7\u00e3o de profici\u00eancia no diagn\u00f3stico de mal\u00e1ria por microscopia: desenvolvimento de uma ferramenta para garantir acesso a um diagn\u00f3stico com qualidade<\/p>\n<p><a href=\"http:\/\/ppgmt.uea.edu.br\/wp-content\/uploads\/2024\/05\/10-Dissertacao-definitiva_Janaina-Gama.pdf\" target=\"_blank\" rel=\"noopener\">BAIXAR<\/a><\/p>\n<p>[\/et_pb_blurb][et_pb_blurb title=&#8221;Jefferson da Silva Gon\u00e7alves&#8221; use_icon=&#8221;on&#8221; font_icon=&#8221;&#x69;||divi||400&#8243; icon_placement=&#8221;left&#8221; content_max_width=&#8221;1100px&#8221; _builder_version=&#8221;4.25.1&#8243; _module_preset=&#8221;default&#8221; locked=&#8221;off&#8221; global_colors_info=&#8221;{}&#8221;]<\/p>\n<p>Disserta\u00e7\u00e3o: Avalia\u00e7\u00e3o da mortalidade e qualidade de vida ap\u00f3s alta em Unidade de Terapia Intensiva em pacientes sobreviventes \u00e0 sepse<\/p>\n<p><a href=\"http:\/\/ppgmt.uea.edu.br\/wp-content\/uploads\/2024\/05\/11-Dissertacao-definitiva-Mestrado-Jefferson.pdf\" target=\"_blank\" rel=\"noopener\">BAIXAR<\/a><\/p>\n<p>[\/et_pb_blurb][et_pb_blurb title=&#8221;Jessica Vanina Ortiz&#8221; use_icon=&#8221;on&#8221; font_icon=&#8221;&#x69;||divi||400&#8243; icon_placement=&#8221;left&#8221; content_max_width=&#8221;1100px&#8221; _builder_version=&#8221;4.25.1&#8243; _module_preset=&#8221;default&#8221; locked=&#8221;off&#8221; global_colors_info=&#8221;{}&#8221;]<\/p>\n<p>Disserta\u00e7\u00e3o: Preval\u00eancia da Doen\u00e7a de Chagas em pacientes com cardiopatia sem etiologia definida aut\u00f3ctones da Amaz\u00f4nia Brasileira<\/p>\n<p><a href=\"http:\/\/ppgmt.uea.edu.br\/wp-content\/uploads\/2024\/05\/14Dissertacao-Defesa_Jessica-Vanina.pdf\" target=\"_blank\" rel=\"noopener\">BAIXAR<\/a><\/p>\n<p>[\/et_pb_blurb][et_pb_blurb title=&#8221;Jose Diego de Brito Sousa&#8221; use_icon=&#8221;on&#8221; font_icon=&#8221;&#x69;||divi||400&#8243; icon_placement=&#8221;left&#8221; content_max_width=&#8221;1100px&#8221; _builder_version=&#8221;4.25.1&#8243; _module_preset=&#8221;default&#8221; locked=&#8221;off&#8221; global_colors_info=&#8221;{}&#8221;]<\/p>\n<p>Disserta\u00e7\u00e3o: Espectro clinico da hem\u00f3lise induzida por primaquina em pacientes com Mal\u00e1ria vivax deficientes de glicose 6-fosfato desidrogenase admitidos em uma unidade de refer\u00eancia de Manaus-AM<\/p>\n<p><a href=\"http:\/\/ppgmt.uea.edu.br\/wp-content\/uploads\/2024\/05\/13Dissertacao-final_Diego.pdf\" target=\"_blank\" rel=\"noopener\">BAIXAR<\/a><\/p>\n<p>[\/et_pb_blurb][et_pb_blurb title=&#8221;Jos\u00e9 Carlos de Matos Areosa Alves&#8221; use_icon=&#8221;on&#8221; font_icon=&#8221;&#x69;||divi||400&#8243; icon_placement=&#8221;left&#8221; content_max_width=&#8221;1100px&#8221; _builder_version=&#8221;4.25.1&#8243; _module_preset=&#8221;default&#8221; locked=&#8221;off&#8221; global_colors_info=&#8221;{}&#8221;]<\/p>\n<p>Disserta\u00e7\u00e3o: Perfil de reticul\u00f3citos circulantes p\u00f3s-doa\u00e7\u00e3o de sangue como poss\u00edvel fonte de cultura para P. vivax<\/p>\n<p><a href=\"http:\/\/ppgmt.uea.edu.br\/wp-content\/uploads\/2024\/05\/12-Dissertacao_Mestrado_Jose-Carlos.pdf\" target=\"_blank\" rel=\"noopener\">BAIXAR<\/a><\/p>\n<p>[\/et_pb_blurb][et_pb_blurb title=&#8221;Kenny Rodrigues de Souza&#8221; use_icon=&#8221;on&#8221; font_icon=&#8221;&#x69;||divi||400&#8243; icon_placement=&#8221;left&#8221; content_max_width=&#8221;1100px&#8221; _builder_version=&#8221;4.25.1&#8243; _module_preset=&#8221;default&#8221; locked=&#8221;off&#8221; global_colors_info=&#8221;{}&#8221;]<\/p>\n<p>Disserta\u00e7\u00e3o: Culicidae e Phlebotominae da cole\u00e7\u00e3o entomol\u00f3gica de um servi\u00e7o terci\u00e1rio de sa\u00fade em medicina tropical: aspectos bioecol\u00f3gicos, distribui\u00e7\u00e3o espacial, temporal e disponibiliza\u00e7\u00e3o de acervo<\/p>\n<p><a href=\"http:\/\/ppgmt.uea.edu.br\/wp-content\/uploads\/2024\/05\/15Dissertacao-defesa_Kenny.pdf\" target=\"_blank\" rel=\"noopener\">BAIXAR<\/a><\/p>\n<p>[\/et_pb_blurb][et_pb_blurb title=&#8221;Laila Rowena Albuquerque Barbosa&#8221; use_icon=&#8221;on&#8221; font_icon=&#8221;&#x69;||divi||400&#8243; icon_placement=&#8221;left&#8221; content_max_width=&#8221;1100px&#8221; _builder_version=&#8221;4.25.1&#8243; _module_preset=&#8221;default&#8221; locked=&#8221;off&#8221; global_colors_info=&#8221;{}&#8221;]<\/p>\n<p>Disserta\u00e7\u00e3o: Avalia\u00e7\u00e3o da qPCR Pv 18S rRNA e qPCR Pv-Mtcox1 na identifica\u00e7\u00e3o de resist\u00eancia do P. vivax \u00e0 cloroquina<\/p>\n<p><a href=\"http:\/\/ppgmt.uea.edu.br\/wp-content\/uploads\/2024\/05\/18DISSERTACAO-LAILA-BARBOSA.pdf\" target=\"_blank\" rel=\"noopener\">BAIXAR<\/a><\/p>\n<p>[\/et_pb_blurb][et_pb_blurb title=&#8221;Livia Lima de Lima&#8221; use_icon=&#8221;on&#8221; font_icon=&#8221;&#x69;||divi||400&#8243; icon_placement=&#8221;left&#8221; content_max_width=&#8221;1100px&#8221; _builder_version=&#8221;4.25.1&#8243; _module_preset=&#8221;default&#8221; locked=&#8221;off&#8221; global_colors_info=&#8221;{}&#8221;]<\/p>\n<p>Disserta\u00e7\u00e3o: Aspectos cl\u00ednicos e dermatosc\u00f3picos dos pacientes com alopecia sifil\u00edtica atendidos em um centro de refer\u00eancia em Manaus<\/p>\n<p><a href=\"http:\/\/ppgmt.uea.edu.br\/wp-content\/uploads\/2024\/05\/16Dissertacao-defesa_Livia.pdf\" target=\"_blank\" rel=\"noopener\">BAIXAR<\/a><\/p>\n<p>[\/et_pb_blurb][et_pb_blurb title=&#8221;Luiz Henrique Gon\u00e7alves Maciel&#8221; use_icon=&#8221;on&#8221; font_icon=&#8221;&#x69;||divi||400&#8243; icon_placement=&#8221;left&#8221; content_max_width=&#8221;1100px&#8221; _builder_version=&#8221;4.16&#8243; _module_preset=&#8221;default&#8221; locked=&#8221;off&#8221; global_colors_info=&#8221;{}&#8221;]<\/p>\n<p>Disserta\u00e7\u00e3o: Preval\u00eancia de infec\u00e7\u00e3o por arbov\u00edrus em pacientes com doen\u00e7a exantem\u00e1tica aguda atendidos em uma unidade terci\u00e1ria de sa\u00fade em Manaus &#8211; Amazonas<\/p>\n<p><a href=\"https:\/\/pos.uea.edu.br\/data\/area\/dissertacao\/download\/51-1.pdf\">BAIXAR<\/a><\/p>\n<p>[\/et_pb_blurb][et_pb_blurb title=&#8221;Maria Cec\u00edlia Borges Andrade Cabral&#8221; use_icon=&#8221;on&#8221; font_icon=&#8221;&#x69;||divi||400&#8243; icon_placement=&#8221;left&#8221; content_max_width=&#8221;1100px&#8221; _builder_version=&#8221;4.25.1&#8243; _module_preset=&#8221;default&#8221; locked=&#8221;off&#8221; global_colors_info=&#8221;{}&#8221;]<\/p>\n<p>Disserta\u00e7\u00e3o: Acur\u00e1cia e valor preditivo do QuantiFERON-TB Gold-Plus na Tuberculose ativa confirmada<\/p>\n<p><a href=\"http:\/\/ppgmt.uea.edu.br\/wp-content\/uploads\/2024\/05\/17Dissertacao-defesa_Maria-Cecilia.pdf\" target=\"_blank\" rel=\"noopener\">BAIXAR<\/a><\/p>\n<p>[\/et_pb_blurb][et_pb_blurb title=&#8221;Rubens Celso Andrade da Silva Junior&#8221; use_icon=&#8221;on&#8221; font_icon=&#8221;&#x69;||divi||400&#8243; icon_placement=&#8221;left&#8221; content_max_width=&#8221;1100px&#8221; _builder_version=&#8221;4.25.1&#8243; _module_preset=&#8221;default&#8221; hover_enabled=&#8221;0&#8243; locked=&#8221;off&#8221; global_colors_info=&#8221;{}&#8221; sticky_enabled=&#8221;0&#8243;]Disserta\u00e7\u00e3o: Triatom\u00edneos do Amazonas: Invas\u00e3o de domic\u00edlios, infec\u00e7\u00e3o natural por Trypanosoma cruzi TcI, TcII, TcIII e TCIV e percep\u00e7\u00e3o da popula\u00e7\u00e3o sobre a infec\u00e7\u00e3o chag\u00e1sica<\/p>\n<p><a href=\"https:\/\/ppgmt.uea.edu.br\/wp-content\/uploads\/2026\/01\/Dissertacao-Rubens-Final-com-correcoes-feitas-e-artigo-anexado-ao-corpo.pdf\" target=\"_blank\" rel=\"noopener\">BAIXAR<\/a>[\/et_pb_blurb][et_pb_blurb title=&#8221;Thiago Silveira Paiva&#8221; use_icon=&#8221;on&#8221; font_icon=&#8221;&#x69;||divi||400&#8243; icon_placement=&#8221;left&#8221; content_max_width=&#8221;1100px&#8221; _builder_version=&#8221;4.25.1&#8243; _module_preset=&#8221;default&#8221; locked=&#8221;off&#8221; global_colors_info=&#8221;{}&#8221;]<\/p>\n<p>Disserta\u00e7\u00e3o: Scores APRI e FIB 4 na avalia\u00e7\u00e3o da regress\u00e3o da fibrose hep\u00e1tica ap\u00f3s o uso de antivirais de a\u00e7\u00e3o direta (DAAs), em pacientes hepatopatas cr\u00f4nicos pelo v\u00edrus da hepatite C (HCV) atendidos em unidade terci\u00e1ria de sa\u00fade em Manaus, Amazonas<\/p>\n<p><a href=\"http:\/\/ppgmt.uea.edu.br\/wp-content\/uploads\/2024\/05\/20Dissertacao-Thiago-Paiva-06.05.2020.pdf\" target=\"_blank\" rel=\"noopener\">BAIXAR<\/a><\/p>\n<p>[\/et_pb_blurb][et_pb_blurb title=&#8221;Victor Costa Morais de Oliveira&#8221; use_icon=&#8221;on&#8221; font_icon=&#8221;&#x69;||divi||400&#8243; icon_placement=&#8221;left&#8221; content_max_width=&#8221;1100px&#8221; _builder_version=&#8221;4.25.1&#8243; _module_preset=&#8221;default&#8221; locked=&#8221;off&#8221; global_colors_info=&#8221;{}&#8221;]<\/p>\n<p>Mastite infecciosa nas Am\u00e9ricas: Uma revis\u00e3o sistem\u00e1tica e meta-an\u00e1lise da literatura<\/p>\n<p><a href=\"http:\/\/ppgmt.uea.edu.br\/wp-content\/uploads\/2024\/05\/21DISSERTACAO-VICTOR-COSTA-MORAIS-DE-OLIVEIRA_ppgmt_banca.pdf\" target=\"_blank\" rel=\"noopener\">BAIXAR<\/a><\/p>\n<p>[\/et_pb_blurb][\/et_pb_column][\/et_pb_row][et_pb_row disabled_on=&#8221;off|on|off&#8221; _builder_version=&#8221;4.16&#8243; _module_preset=&#8221;default&#8221; locked=&#8221;off&#8221; global_colors_info=&#8221;{}&#8221;][et_pb_column type=&#8221;4_4&#8243; _builder_version=&#8221;4.16&#8243; _module_preset=&#8221;default&#8221; global_colors_info=&#8221;{}&#8221;][et_pb_text _builder_version=&#8221;4.22.1&#8243; _module_preset=&#8221;default&#8221; global_colors_info=&#8221;{}&#8221;]<\/p>\n<blockquote>\n<h4><strong>33 _ MESTRADO 15\u00aa TURMA<\/strong><\/h4>\n<\/blockquote>\n<p>[\/et_pb_text][et_pb_blurb title=&#8221;Adriana Mendon\u00e7a Rodrigues&#8221; use_icon=&#8221;on&#8221; font_icon=&#8221;&#x69;||divi||400&#8243; icon_placement=&#8221;left&#8221; content_max_width=&#8221;1100px&#8221; disabled_on=&#8221;off|off|off&#8221; _builder_version=&#8221;4.22.1&#8243; _module_preset=&#8221;default&#8221; global_colors_info=&#8221;{}&#8221;]<\/p>\n<p>Disserta\u00e7\u00e3o: Aspectos epidemiol\u00f3gicos e cl\u00ednico-laboratoriais da Meningite Tuberculosa.<\/p>\n<p>[\/et_pb_blurb][et_pb_blurb title=&#8221;Aldrey Nascimento Costa&#8221; use_icon=&#8221;on&#8221; font_icon=&#8221;&#x69;||divi||400&#8243; icon_placement=&#8221;left&#8221; content_max_width=&#8221;1100px&#8221; disabled_on=&#8221;off|off|off&#8221; _builder_version=&#8221;4.22.1&#8243; _module_preset=&#8221;default&#8221; global_colors_info=&#8221;{}&#8221;]<\/p>\n<p>Disserta\u00e7\u00e3o: Cascata de cuidados da hipertens\u00e3o arterial sist\u00eamica em paciente HIV-positivos.<\/p>\n<p>[\/et_pb_blurb][et_pb_blurb title=&#8221;Alexandre Sabino Sisnando&#8221; use_icon=&#8221;on&#8221; font_icon=&#8221;&#x69;||divi||400&#8243; icon_placement=&#8221;left&#8221; content_max_width=&#8221;1100px&#8221; disabled_on=&#8221;off|off|off&#8221; _builder_version=&#8221;4.22.1&#8243; _module_preset=&#8221;default&#8221; global_colors_info=&#8221;{}&#8221;]<\/p>\n<p>Fatores associados \u00e0 n\u00e3o regularidade no uso de preservativos e na testagem para HIV entre jovens brasileiros: Um estudo transversal<\/p>\n<p>[\/et_pb_blurb][et_pb_blurb title=&#8221;Ana Luisa Opromolla Pacheco&#8221; use_icon=&#8221;on&#8221; font_icon=&#8221;&#x69;||divi||400&#8243; icon_placement=&#8221;left&#8221; content_max_width=&#8221;1100px&#8221; disabled_on=&#8221;off|off|off&#8221; _builder_version=&#8221;4.22.1&#8243; _module_preset=&#8221;default&#8221; global_colors_info=&#8221;{}&#8221;]<\/p>\n<p>Disserta\u00e7\u00e3o: Efetividade da terapia antirretroviral inicial e fatores envolvidos na supress\u00e3o viral em crian\u00e7as maiores de 12 meses infectadas pelo HIV no estado do Amazonas.<\/p>\n<p>[\/et_pb_blurb][et_pb_blurb title=&#8221;Clyvia Rosse da Silva e Silva&#8221; use_icon=&#8221;on&#8221; font_icon=&#8221;&#x69;||divi||400&#8243; icon_placement=&#8221;left&#8221; content_max_width=&#8221;1100px&#8221; disabled_on=&#8221;off|off|off&#8221; _builder_version=&#8221;4.22.1&#8243; _module_preset=&#8221;default&#8221; global_colors_info=&#8221;{}&#8221;]<\/p>\n<p>Disserta\u00e7\u00e3o: Preval\u00eancia de doen\u00e7as infecciosas e parasit\u00e1rias em imigrantes haitianos no munic\u00edpio de Manaus, Amazonas<\/p>\n<p>[\/et_pb_blurb][et_pb_blurb title=&#8221;Elijane de Fatima Redivo&#8221; use_icon=&#8221;on&#8221; font_icon=&#8221;&#x69;||divi||400&#8243; icon_placement=&#8221;left&#8221; content_max_width=&#8221;1100px&#8221; disabled_on=&#8221;off|off|off&#8221; _builder_version=&#8221;4.22.1&#8243; _module_preset=&#8221;default&#8221; global_colors_info=&#8221;{}&#8221;]<\/p>\n<p>Disserta\u00e7\u00e3o: Infec\u00e7\u00e3o por Zika v\u00edrus e a s\u00edndrome de TORCH em uma coorte de gestantes com exantema atendidas em um hospital de refer\u00eancia para doen\u00e7as infecciosas no Amazonas<\/p>\n<p>[\/et_pb_blurb][et_pb_blurb title=&#8221;Jo\u00e3o Arthur Alc\u00e2ntara de Lima&#8221; use_icon=&#8221;on&#8221; font_icon=&#8221;&#x69;||divi||400&#8243; icon_placement=&#8221;left&#8221; content_max_width=&#8221;1100px&#8221; disabled_on=&#8221;off|off|off&#8221; _builder_version=&#8221;4.22.1&#8243; _module_preset=&#8221;default&#8221; global_colors_info=&#8221;{}&#8221;]<\/p>\n<p>Disserta\u00e7\u00e3o: Preditores ambientais e clim\u00e1ticos de envenenamentos botr\u00f3picos na Amaz\u00f4nia Brasileira: um estudo ecol\u00f3gico.<\/p>\n<p>[\/et_pb_blurb][et_pb_blurb title=&#8221;Lorenna Pereira de Souza&#8221; use_icon=&#8221;on&#8221; font_icon=&#8221;&#x69;||divi||400&#8243; icon_placement=&#8221;left&#8221; content_max_width=&#8221;1100px&#8221; disabled_on=&#8221;off|off|off&#8221; _builder_version=&#8221;4.22.1&#8243; _module_preset=&#8221;default&#8221; global_colors_info=&#8221;{}&#8221;]<\/p>\n<p>Disserta\u00e7\u00e3o: Impacto da indisponibilidade de teste tubercul\u00ednico no manejo da infec\u00e7\u00e3o latente por tuberculose em pessoas vivendo com HIV\/AIDS em Hospital de referencia no estado do Amazonas, Brasil.<\/p>\n<p>[\/et_pb_blurb][et_pb_blurb title=&#8221;Mauricio Costa de Oliveira&#8221; use_icon=&#8221;on&#8221; font_icon=&#8221;&#x69;||divi||400&#8243; icon_placement=&#8221;left&#8221; content_max_width=&#8221;1100px&#8221; disabled_on=&#8221;off|off|off&#8221; _builder_version=&#8221;4.25.1&#8243; _module_preset=&#8221;default&#8221; global_colors_info=&#8221;{}&#8221;]Disserta\u00e7\u00e3o: Import\u00e2ncia dos pept\u00eddeos antimicrobianos (PAM) na resposta imune de Anopheles aquasalis \u00e0 infec\u00e7\u00e3o por Plasmodium yoelii nigeriensis e Plasmodium vivax<br \/>\n<a href=\"https:\/\/ppgmt.uea.edu.br\/wp-content\/uploads\/2025\/10\/Dissertacao-Final-Mauricio-Costa-de-Oliveira-PPGMT.pdf\" rel=\"attachment wp-att-355783\">BAIXAR<\/a>[\/et_pb_blurb][et_pb_blurb title=&#8221;Rahyja Teixeira dos Santos&#8221; use_icon=&#8221;on&#8221; font_icon=&#8221;&#x69;||divi||400&#8243; icon_placement=&#8221;left&#8221; content_max_width=&#8221;1100px&#8221; disabled_on=&#8221;off|off|off&#8221; _builder_version=&#8221;4.22.1&#8243; _module_preset=&#8221;default&#8221; global_colors_info=&#8221;{}&#8221;]<\/p>\n<p>Disserta\u00e7\u00e3o Estudo de associa\u00e7\u00e3o entre as taxas de Mal\u00e1ria e Tuberculose nos munic\u00edpios do estado do Amazonas.<\/p>\n<p>[\/et_pb_blurb][et_pb_blurb title=&#8221;Rose Mary Diniz Santim&#8221; use_icon=&#8221;on&#8221; font_icon=&#8221;&#x69;||divi||400&#8243; icon_placement=&#8221;left&#8221; content_max_width=&#8221;1100px&#8221; disabled_on=&#8221;off|off|off&#8221; _builder_version=&#8221;4.22.1&#8243; _module_preset=&#8221;default&#8221; global_colors_info=&#8221;{}&#8221;]<\/p>\n<p>Disserta\u00e7\u00e3o: Estudo da superf\u00edcie ocular em portadores de Hepatite C cr\u00f4nica virgens de tratamento em unidade terci\u00e1ria de sa\u00fade em Manaus &#8211; AM<\/p>\n<p>[\/et_pb_blurb][et_pb_blurb title=&#8221;Thielle Pereira da Cruz&#8221; use_icon=&#8221;on&#8221; font_icon=&#8221;&#x69;||divi||400&#8243; icon_placement=&#8221;left&#8221; content_max_width=&#8221;1100px&#8221; disabled_on=&#8221;off|off|off&#8221; _builder_version=&#8221;4.22.1&#8243; _module_preset=&#8221;default&#8221; global_colors_info=&#8221;{}&#8221;]<\/p>\n<p>Disserta\u00e7\u00e3o: Diagn\u00f3stico laboratorial e susceptibilidade da Neisseria gonorrhoeae aos antibi\u00f3ticos em amostras de corrimento uretral de pacientes atendidos na Cl\u00ednica de IST da Funda\u00e7\u00e3o Alfredo da Matta, Manaus, Amazonas<\/p>\n<p>[\/et_pb_blurb][\/et_pb_column][\/et_pb_row][et_pb_row disabled_on=&#8221;off|off|off&#8221; _builder_version=&#8221;4.16&#8243; _module_preset=&#8221;default&#8221; locked=&#8221;off&#8221; global_colors_info=&#8221;{}&#8221;][et_pb_column type=&#8221;4_4&#8243; _builder_version=&#8221;4.16&#8243; _module_preset=&#8221;default&#8221; global_colors_info=&#8221;{}&#8221;][et_pb_text _builder_version=&#8221;4.22.1&#8243; _module_preset=&#8221;default&#8221; global_colors_info=&#8221;{}&#8221;]<\/p>\n<blockquote>\n<h4><strong>32 _ MESTRADO 14\u00aa TURMA<\/strong><\/h4>\n<\/blockquote>\n<p>[\/et_pb_text][et_pb_blurb title=&#8221;Alex Martins&#8221; use_icon=&#8221;on&#8221; font_icon=&#8221;&#x69;||divi||400&#8243; icon_placement=&#8221;left&#8221; content_max_width=&#8221;1100px&#8221; disabled_on=&#8221;off|off|off&#8221; _builder_version=&#8221;4.22.1&#8243; _module_preset=&#8221;default&#8221; global_colors_info=&#8221;{}&#8221;]<\/p>\n<p>Disserta\u00e7\u00e3o: Percep\u00e7\u00f5es dos profissionais e de pessoas vivendo com HIV\/AIDS sobre a coopera\u00e7\u00e3o interfederativa e a reorganiza\u00e7\u00e3o do cuidado no munic\u00edpio de Manaus-AM<\/p>\n<p><a href=\"https:\/\/pos.uea.edu.br\/data\/area\/dissertacao\/download\/32-1.pdf\" target=\"_blank\" rel=\"noopener\">Baixar<\/a><\/p>\n<p>[\/et_pb_blurb][et_pb_blurb title=&#8221;Alinne Lais Bessa Maia&#8221; use_icon=&#8221;on&#8221; font_icon=&#8221;&#x69;||divi||400&#8243; icon_placement=&#8221;left&#8221; content_max_width=&#8221;1100px&#8221; disabled_on=&#8221;off|off|off&#8221; _builder_version=&#8221;4.22.1&#8243; _module_preset=&#8221;default&#8221; global_colors_info=&#8221;{}&#8221;]<\/p>\n<p>Disserta\u00e7\u00e3o: Fatores associados \u00e0 doen\u00e7a hep\u00e1tica cr\u00f4nica avan\u00e7ada compensada pelo v\u00edrus da hepatite delta<\/p>\n<p><a href=\"https:\/\/pos.uea.edu.br\/data\/area\/dissertacao\/download\/32-2.pdf\" target=\"_blank\" rel=\"noopener\">Baixar<\/a><\/p>\n<p>[\/et_pb_blurb][et_pb_blurb title=&#8221;Amanda Cardelis Lins&#8221; use_icon=&#8221;on&#8221; font_icon=&#8221;&#x69;||divi||400&#8243; icon_placement=&#8221;left&#8221; content_max_width=&#8221;1100px&#8221; disabled_on=&#8221;off|off|off&#8221; _builder_version=&#8221;4.22.1&#8243; _module_preset=&#8221;default&#8221; global_colors_info=&#8221;{}&#8221;]<\/p>\n<p>Disserta\u00e7\u00e3o: Avalia\u00e7\u00e3o da aten\u00e7\u00e3o ao pr\u00e9-natal na rede p\u00fablica de Manaus<\/p>\n<p><a href=\"https:\/\/pos.uea.edu.br\/data\/area\/dissertacao\/download\/32-3.pdf\" target=\"_blank\" rel=\"noopener\">Baixar<\/a><\/p>\n<p>[\/et_pb_blurb][et_pb_blurb title=&#8221;Ana Carolina de Oliveira de Lima&#8221; use_icon=&#8221;on&#8221; font_icon=&#8221;&#x69;||divi||400&#8243; icon_placement=&#8221;left&#8221; content_max_width=&#8221;1100px&#8221; disabled_on=&#8221;off|off|off&#8221; _builder_version=&#8221;4.22.1&#8243; _module_preset=&#8221;default&#8221; global_colors_info=&#8221;{}&#8221;]<\/p>\n<p>Disserta\u00e7\u00e3o: Preval\u00eancia de micobacterias n\u00e3o tuberculosas em pacientes suspeitos de tuberculose em uma unidade de refer\u00eancia na Amaz\u00f4nia brasileira<\/p>\n<p><a href=\"https:\/\/pos.uea.edu.br\/data\/area\/dissertacao\/download\/32-4.pdf\">Baixar<\/a><\/p>\n<p>[\/et_pb_blurb][et_pb_blurb title=&#8221;Arlene dos Santos Pinto&#8221; use_icon=&#8221;on&#8221; font_icon=&#8221;&#x69;||divi||400&#8243; icon_placement=&#8221;left&#8221; content_max_width=&#8221;1100px&#8221; disabled_on=&#8221;off|off|off&#8221; _builder_version=&#8221;4.22.1&#8243; _module_preset=&#8221;default&#8221; global_colors_info=&#8221;{}&#8221;]<\/p>\n<p>Disserta\u00e7\u00e3o: Coinfec\u00e7\u00e3o HIV\/HBV em \u00e1rea de franca expans\u00e3o da epidemia de HIV e de elevada preval\u00eancia do HBV na Amaz\u00f4nia brasileira<\/p>\n<p><a href=\"https:\/\/pos.uea.edu.br\/data\/area\/dissertacao\/download\/32-5.pdf\">Baixar<\/a><\/p>\n<p>[\/et_pb_blurb][et_pb_blurb title=&#8221;Cynthia Pessoa das Neves&#8221; use_icon=&#8221;on&#8221; font_icon=&#8221;&#x69;||divi||400&#8243; icon_placement=&#8221;left&#8221; content_max_width=&#8221;1100px&#8221; disabled_on=&#8221;off|off|off&#8221; _builder_version=&#8221;4.22.1&#8243; _module_preset=&#8221;default&#8221; global_colors_info=&#8221;{}&#8221;]<\/p>\n<p>Disserta\u00e7\u00e3o: Minilavado broncoalveolar versus aspirado traqueal para o diagn\u00f3stico de tuberculose pulmonar em pacientes ventilados mecanicamente<\/p>\n<p><a href=\"https:\/\/pos.uea.edu.br\/data\/area\/dissertacao\/download\/32-6.pdf\">Baixar<\/a>\u00a0<\/p>\n<p>[\/et_pb_blurb][et_pb_blurb title=&#8221;Diego Fernando Silva Rocha&#8221; use_icon=&#8221;on&#8221; font_icon=&#8221;&#x69;||divi||400&#8243; icon_placement=&#8221;left&#8221; content_max_width=&#8221;1100px&#8221; disabled_on=&#8221;off|off|off&#8221; _builder_version=&#8221;4.22.1&#8243; _module_preset=&#8221;default&#8221; global_colors_info=&#8221;{}&#8221;]<\/p>\n<p>Disserta\u00e7\u00e3o: Epidemiologia molecular dos agentes da criptococose e perfil de susceptibilidade antif\u00fangica de isolados cl\u00ednicos obtidos em um centro de refer\u00eancia no Amazonas<\/p>\n<p><a href=\"https:\/\/pos.uea.edu.br\/data\/area\/dissertacao\/download\/32-7.pdf\">Baixar<\/a><\/p>\n<p>[\/et_pb_blurb][et_pb_blurb title=&#8221;Eliane Campos Alves&#8221; use_icon=&#8221;on&#8221; font_icon=&#8221;&#x69;||divi||400&#8243; icon_placement=&#8221;left&#8221; content_max_width=&#8221;1100px&#8221; disabled_on=&#8221;off|off|off&#8221; _builder_version=&#8221;4.22.1&#8243; _module_preset=&#8221;default&#8221; global_colors_info=&#8221;{}&#8221;]<\/p>\n<p>Disserta\u00e7\u00e3o: Insufici\u00eancia renal aguda em v\u00edtimas de acidentes of\u00eddicos atendidos em um hospital de refer\u00eancia na Amaz\u00f4nia brasileira.<\/p>\n<p>[\/et_pb_blurb][et_pb_blurb title=&#8221;Gustavo \u00c1vila Maquin\u00e9&#8221; use_icon=&#8221;on&#8221; font_icon=&#8221;&#x69;||divi||400&#8243; icon_placement=&#8221;left&#8221; content_max_width=&#8221;1100px&#8221; disabled_on=&#8221;off|off|off&#8221; _builder_version=&#8221;4.22.1&#8243; _module_preset=&#8221;default&#8221; global_colors_info=&#8221;{}&#8221;]<\/p>\n<p>Disserta\u00e7\u00e3o: Estudo descritivo dos casos de onicomicoses atendidos em um centro de refer\u00eancia em dermatologia na cidade de Manaus<\/p>\n<p><a href=\"https:\/\/pos.uea.edu.br\/data\/area\/dissertacao\/download\/32-9.pdf\">Baixar<\/a>\u00a0<\/p>\n<p>[\/et_pb_blurb][et_pb_blurb title=&#8221;Igor Castro Tavares&#8221; use_icon=&#8221;on&#8221; font_icon=&#8221;&#x69;||divi||400&#8243; icon_placement=&#8221;left&#8221; content_max_width=&#8221;1100px&#8221; disabled_on=&#8221;off|off|off&#8221; _builder_version=&#8221;4.22.1&#8243; _module_preset=&#8221;default&#8221; global_colors_info=&#8221;{}&#8221;]<\/p>\n<p>Disserta\u00e7\u00e3o: Desempenho dos exames parasitol\u00f3gicos utilizados no diagn\u00f3stico da Doen\u00e7a de Chagas em um servi\u00e7o de sa\u00fade terci\u00e1rio do estado do Amazonas<\/p>\n<p><a href=\"https:\/\/pos.uea.edu.br\/data\/area\/dissertacao\/download\/32-10.pdf\">Baixar<\/a><\/p>\n<p>[\/et_pb_blurb][et_pb_blurb title=&#8221;Luis Carlos Salazar Alvarez&#8221; use_icon=&#8221;on&#8221; font_icon=&#8221;&#x69;||divi||400&#8243; icon_placement=&#8221;left&#8221; content_max_width=&#8221;1100px&#8221; disabled_on=&#8221;off|off|off&#8221; _builder_version=&#8221;4.22.1&#8243; _module_preset=&#8221;default&#8221; global_colors_info=&#8221;{}&#8221;]<\/p>\n<p>Disserta\u00e7\u00e3o: Forma\u00e7\u00e3o de rosetas e ades\u00e3o em c\u00e9lulas endoteliais de gamet\u00f3citos de Plasmodium vivax e sua influ\u00eancia na infectividade em Anopheles aquasalis<\/p>\n<p><a href=\"https:\/\/pos.uea.edu.br\/data\/area\/dissertacao\/download\/32-11.pdf\">Baixar<\/a><\/p>\n<p>[\/et_pb_blurb][et_pb_blurb title=&#8221;Maria Francisca de Souza Rodrigues&#8221; use_icon=&#8221;on&#8221; font_icon=&#8221;&#x69;||divi||400&#8243; icon_placement=&#8221;left&#8221; content_max_width=&#8221;1100px&#8221; disabled_on=&#8221;off|off|off&#8221; _builder_version=&#8221;4.22.1&#8243; _module_preset=&#8221;default&#8221; global_colors_info=&#8221;{}&#8221;]<\/p>\n<p>Disserta\u00e7\u00e3o: Impacto da implementa\u00e7\u00e3o do teste r\u00e1pido molecular para o diagn\u00f3stico da tuberculose em tr\u00eas munic\u00edpios de fronteira do estado do Amazonas<\/p>\n<p><a href=\"https:\/\/pos.uea.edu.br\/data\/area\/dissertacao\/download\/32-12.pdf\">Baixar<\/a><\/p>\n<p>[\/et_pb_blurb][et_pb_blurb title=&#8221;R\u00f4mulo Freire de Morais&#8221; use_icon=&#8221;on&#8221; font_icon=&#8221;&#x69;||divi||400&#8243; icon_placement=&#8221;left&#8221; content_max_width=&#8221;1100px&#8221; disabled_on=&#8221;off|off|off&#8221; _builder_version=&#8221;4.22.1&#8243; _module_preset=&#8221;default&#8221; global_colors_info=&#8221;{}&#8221;]<\/p>\n<p>Disserta\u00e7\u00e3o: Aspectos cl\u00ednicos e epidemiol\u00f3gicos do seguimento de pacientes chag\u00e1sicos atendidos em um centro de refer\u00eancia em Manaus, Amazonas, Brasil<\/p>\n<p><a href=\"https:\/\/pos.uea.edu.br\/data\/area\/dissertacao\/download\/32-13.pdf\">Baixar<\/a><\/p>\n<p>[\/et_pb_blurb][et_pb_blurb title=&#8221;Silvia Rocha Nakajima&#8221; use_icon=&#8221;on&#8221; font_icon=&#8221;&#x69;||divi||400&#8243; icon_placement=&#8221;left&#8221; content_max_width=&#8221;1100px&#8221; disabled_on=&#8221;off|off|off&#8221; _builder_version=&#8221;4.22.1&#8243; _module_preset=&#8221;default&#8221; global_colors_info=&#8221;{}&#8221;]<\/p>\n<p>Disserta\u00e7\u00e3o: Achados dermatosc\u00f3picos em pacientes com Leishmaniose Tegumentar Americana atendidos num centro de refer\u00eancia em dermatologia de Manaus<\/p>\n<p><a href=\"https:\/\/pos.uea.edu.br\/data\/area\/dissertacao\/download\/32-14.pdf\">Baixar<\/a><\/p>\n<p>[\/et_pb_blurb][et_pb_blurb title=&#8221;Siuhelem Rocha da Silva&#8221; use_icon=&#8221;on&#8221; font_icon=&#8221;&#x69;||divi||400&#8243; icon_placement=&#8221;left&#8221; content_max_width=&#8221;1100px&#8221; disabled_on=&#8221;off|off|off&#8221; _builder_version=&#8221;4.22.1&#8243; _module_preset=&#8221;default&#8221; global_colors_info=&#8221;{}&#8221;]<\/p>\n<p>Disserta\u00e7\u00e3o: Caracteriza\u00e7\u00e3o molecular dos genes pvcrt-o e pvmdr1 como potenciais biomarcadores de resist\u00eancia in vivo \u00e0 cloroquina em pacientes com Mal\u00e1ria vivax<\/p>\n<p><a href=\"https:\/\/pos.uea.edu.br\/data\/area\/dissertacao\/download\/32-15.pdf\">Baixar<\/a><\/p>\n<p>[\/et_pb_blurb][et_pb_blurb title=&#8221;Suzana Kanawati Pinheiro&#8221; use_icon=&#8221;on&#8221; font_icon=&#8221;&#x69;||divi||400&#8243; icon_placement=&#8221;left&#8221; content_max_width=&#8221;1100px&#8221; disabled_on=&#8221;off|off|off&#8221; _builder_version=&#8221;4.22.1&#8243; _module_preset=&#8221;default&#8221; global_colors_info=&#8221;{}&#8221;]<\/p>\n<p>Disserta\u00e7\u00e3o: Polimorfismos no gene NLRP3 em pacientes com Leishmaniose cut\u00e2nea no estado do Amazonas<\/p>\n<p><a href=\"https:\/\/pos.uea.edu.br\/data\/area\/dissertacao\/download\/32-16.pdf\">Baixar<\/a><\/p>\n<p>[\/et_pb_blurb][\/et_pb_column][\/et_pb_row][et_pb_row disabled_on=&#8221;off|off|off&#8221; _builder_version=&#8221;4.16&#8243; _module_preset=&#8221;default&#8221; locked=&#8221;off&#8221; global_colors_info=&#8221;{}&#8221;][et_pb_column type=&#8221;4_4&#8243; _builder_version=&#8221;4.16&#8243; _module_preset=&#8221;default&#8221; global_colors_info=&#8221;{}&#8221;][et_pb_text _builder_version=&#8221;4.22.1&#8243; _module_preset=&#8221;default&#8221; global_colors_info=&#8221;{}&#8221;]<\/p>\n<blockquote>\n<h4><strong>31 _ MESTRADO 13\u00aa TURMA<\/strong><\/h4>\n<\/blockquote>\n<p>[\/et_pb_text][et_pb_blurb title=&#8221;Aline Cristiane C\u00f4rte de Alencar&#8221; use_icon=&#8221;on&#8221; font_icon=&#8221;&#x69;||divi||400&#8243; icon_placement=&#8221;left&#8221; content_max_width=&#8221;1100px&#8221; disabled_on=&#8221;off|off|off&#8221; _builder_version=&#8221;4.22.1&#8243; _module_preset=&#8221;default&#8221; global_colors_info=&#8221;{}&#8221;]<\/p>\n<p>Disserta\u00e7\u00e3o: Anemia em crian\u00e7as de 0 a 14 anos, com mal\u00e1ria causada por Plasmodium vivax, atendidas em unidade terci\u00e1ria de sa\u00fade da Amaz\u00f4nia ocidental brasileira<\/p>\n<p><a href=\"https:\/\/pos.uea.edu.br\/data\/area\/dissertacao\/download\/25-1.pdf\" target=\"_blank\" rel=\"noopener\">Baixar<\/a><\/p>\n<p>[\/et_pb_blurb][et_pb_blurb title=&#8221;Camila Gurgel dos Santos&#8221; use_icon=&#8221;on&#8221; font_icon=&#8221;&#x69;||divi||400&#8243; icon_placement=&#8221;left&#8221; content_max_width=&#8221;1100px&#8221; disabled_on=&#8221;off|off|off&#8221; _builder_version=&#8221;4.22.1&#8243; _module_preset=&#8221;default&#8221; global_colors_info=&#8221;{}&#8221;]<\/p>\n<p>Disserta\u00e7\u00e3o: Avalia\u00e7\u00e3o de um ensaio de qPCR IN HOUSE no diagn\u00f3stico de CHLAMYDIA TRACHOMATIS comparado a um teste comercial<\/p>\n<p><a href=\"https:\/\/pos.uea.edu.br\/data\/area\/dissertacao\/download\/25-2.pdf\" target=\"_blank\" rel=\"noopener\">Baixar<\/a><\/p>\n<p>[\/et_pb_blurb][et_pb_blurb title=&#8221;Fl\u00e1via Matos Salame&#8221; use_icon=&#8221;on&#8221; font_icon=&#8221;&#x69;||divi||400&#8243; icon_placement=&#8221;left&#8221; content_max_width=&#8221;1100px&#8221; disabled_on=&#8221;off|off|off&#8221; _builder_version=&#8221;4.22.1&#8243; _module_preset=&#8221;default&#8221; global_colors_info=&#8221;{}&#8221;]<\/p>\n<p>Disserta\u00e7\u00e3o: Conhecimentos sobre tuberculose e percep\u00e7\u00f5es sobre utiliza\u00e7\u00e3o de servi\u00e7os de sa\u00fade entre casos \u00edndice e contatos em Recife, Rio de Janeiro e Manaus<\/p>\n<p><a href=\"https:\/\/pos.uea.edu.br\/data\/area\/dissertacao\/download\/25-3.pdf\" target=\"_blank\" rel=\"noopener\">Baixar<\/a><\/p>\n<p>[\/et_pb_blurb][et_pb_blurb title=&#8221;Francisca Magda de Sousa Pinto Silva Xavier&#8221; use_icon=&#8221;on&#8221; font_icon=&#8221;&#x69;||divi||400&#8243; icon_placement=&#8221;left&#8221; content_max_width=&#8221;1100px&#8221; disabled_on=&#8221;off|off|off&#8221; _builder_version=&#8221;4.22.1&#8243; _module_preset=&#8221;default&#8221; global_colors_info=&#8221;{}&#8221;]<\/p>\n<p>Disserta\u00e7\u00e3o: Uma avalia\u00e7\u00e3o da aten\u00e7\u00e3o ao parto na rede p\u00fablica do munic\u00edpio de Manaus, usando como indicadores a busca ativa, a oportunidade do diagn\u00f3stico e a conduta as doen\u00e7as infecciosas de obrigat\u00f3ria cobertura<\/p>\n<p><a href=\"https:\/\/pos.uea.edu.br\/data\/area\/dissertacao\/download\/25-4.pdf\" target=\"_blank\" rel=\"noopener\">Baixar<\/a><\/p>\n<p>[\/et_pb_blurb][et_pb_blurb title=&#8221;Herllon Karllos Athaydes Kerr&#8221; use_icon=&#8221;on&#8221; font_icon=&#8221;&#x69;||divi||400&#8243; icon_placement=&#8221;left&#8221; content_max_width=&#8221;1100px&#8221; disabled_on=&#8221;off|off|off&#8221; _builder_version=&#8221;4.22.1&#8243; _module_preset=&#8221;default&#8221; global_colors_info=&#8221;{}&#8221;]<\/p>\n<p>Disserta\u00e7\u00e3o: Variantes de TNFA em pacientes com Leishmaniose cut\u00e2nea causada por LEISHMANIA GUYANENSIS no estado do Amazonas<\/p>\n<p><a href=\"https:\/\/pos.uea.edu.br\/data\/area\/dissertacao\/download\/25-5.pdf\" target=\"_blank\" rel=\"noopener\">Baixar<\/a><\/p>\n<p>[\/et_pb_blurb][et_pb_blurb title=&#8221;Joabi Rocha do Nascimento<br \/>\n&#8221; use_icon=&#8221;on&#8221; font_icon=&#8221;&#x69;||divi||400&#8243; icon_placement=&#8221;left&#8221; content_max_width=&#8221;1100px&#8221; disabled_on=&#8221;off|off|off&#8221; _builder_version=&#8221;4.22.1&#8243; _module_preset=&#8221;default&#8221; global_colors_info=&#8221;{}&#8221;]<\/p>\n<p>Disserta\u00e7\u00e3o: Xenovigil\u00e2ncia da mal\u00e1ria: avalia\u00e7\u00e3o de um novo indicador malariom\u00e9trico baseado em culic\u00eddeos n\u00e3o-anofelinos<\/p>\n<p><a href=\"https:\/\/pos.uea.edu.br\/data\/area\/dissertacao\/download\/25-6.pdf\" target=\"_blank\" rel=\"noopener\">Baixar<\/a><\/p>\n<p>[\/et_pb_blurb][et_pb_blurb title=&#8221;Josana Oliveira Figueiredo&#8221; use_icon=&#8221;on&#8221; font_icon=&#8221;&#x69;||divi||400&#8243; icon_placement=&#8221;left&#8221; content_max_width=&#8221;1100px&#8221; disabled_on=&#8221;off|off|off&#8221; _builder_version=&#8221;4.22.1&#8243; _module_preset=&#8221;default&#8221; global_colors_info=&#8221;{}&#8221;]<\/p>\n<p>Disserta\u00e7\u00e3o: Hepatite B e D na \u00e1rea do distrito sanit\u00e1rio especial ind\u00edgena do alto Rio Solim\u00f5es &#8211; Aspectos associados \u00e0 preval\u00eancia e ao programa de atendimento aos portadores<\/p>\n<p><a href=\"https:\/\/pos.uea.edu.br\/data\/area\/dissertacao\/download\/25-7.pdf\" target=\"_blank\" rel=\"noopener\">Baixar<\/a><\/p>\n<p>[\/et_pb_blurb][et_pb_blurb title=&#8221;Maria Cyntia Kerle Calado Lima&#8221; use_icon=&#8221;on&#8221; font_icon=&#8221;&#x69;||divi||400&#8243; icon_placement=&#8221;left&#8221; content_max_width=&#8221;1100px&#8221; disabled_on=&#8221;off|off|off&#8221; _builder_version=&#8221;4.22.1&#8243; _module_preset=&#8221;default&#8221; global_colors_info=&#8221;{}&#8221;]<\/p>\n<p>Disserta\u00e7\u00e3o: Preval\u00eancia de febre por ALFAV\u00cdRUS artritog\u00eanico (CHIKUNGUNYA), entre pacientes submetidos \u00e0 abordagem sindr\u00f4mica de doen\u00e7as febris, em um servi\u00e7o de refer\u00eancia para doen\u00e7as infecciosas no estado do Amazonas.<\/p>\n<p><a href=\"https:\/\/pos.uea.edu.br\/data\/area\/dissertacao\/download\/25-8.pdf\" target=\"_blank\" rel=\"noopener\">Baixar<\/a><\/p>\n<p>[\/et_pb_blurb][et_pb_blurb title=&#8221;Renata Farias de Santana&#8221; use_icon=&#8221;on&#8221; font_icon=&#8221;&#x69;||divi||400&#8243; icon_placement=&#8221;left&#8221; content_max_width=&#8221;1100px&#8221; disabled_on=&#8221;off|off|off&#8221; _builder_version=&#8221;4.22.1&#8243; _module_preset=&#8221;default&#8221; global_colors_info=&#8221;{}&#8221;]<\/p>\n<p>Disserta\u00e7\u00e3o: Repercuss\u00f5es otol\u00f3gicas do tratamento de Leishmaniose tegumentar americana com antimonial pentavalente<\/p>\n<p><a href=\"https:\/\/pos.uea.edu.br\/data\/area\/dissertacao\/download\/25-9.pdf\" target=\"_blank\" rel=\"noopener\">Baixar<\/a><\/p>\n<p>[\/et_pb_blurb][\/et_pb_column][\/et_pb_row][et_pb_row disabled_on=&#8221;off|off|off&#8221; _builder_version=&#8221;4.16&#8243; _module_preset=&#8221;default&#8221; locked=&#8221;off&#8221; global_colors_info=&#8221;{}&#8221;][et_pb_column type=&#8221;4_4&#8243; _builder_version=&#8221;4.16&#8243; _module_preset=&#8221;default&#8221; global_colors_info=&#8221;{}&#8221;][et_pb_text _builder_version=&#8221;4.22.1&#8243; _module_preset=&#8221;default&#8221; global_colors_info=&#8221;{}&#8221;]<\/p>\n<blockquote>\n<h4><strong>30 _ MESTRADO 12\u00aa TURMA<\/strong><\/h4>\n<\/blockquote>\n<p>[\/et_pb_text][et_pb_blurb title=&#8221;Alexandra Brito de Souza<br \/>\n&#8221; use_icon=&#8221;on&#8221; font_icon=&#8221;&#x69;||divi||400&#8243; icon_placement=&#8221;left&#8221; content_max_width=&#8221;1100px&#8221; disabled_on=&#8221;off|off|off&#8221; _builder_version=&#8221;4.22.1&#8243; _module_preset=&#8221;default&#8221; global_colors_info=&#8221;{}&#8221;]<\/p>\n<p>Disserta\u00e7\u00e3o: Estudo da magnitude da mortalidade por tuberculose associada as causas m\u00faltiplas no estado do Amazonas<\/p>\n<p><a href=\"https:\/\/pos.uea.edu.br\/data\/area\/dissertacao\/download\/22-1.pdf\">Baixar<\/a><\/p>\n<p>[\/et_pb_blurb][et_pb_blurb title=&#8221;Aline Anne Oliveira da Silva<br \/>\n&#8221; use_icon=&#8221;on&#8221; font_icon=&#8221;&#x69;||divi||400&#8243; icon_placement=&#8221;left&#8221; content_max_width=&#8221;1100px&#8221; disabled_on=&#8221;off|off|off&#8221; _builder_version=&#8221;4.22.1&#8243; _module_preset=&#8221;default&#8221; global_colors_info=&#8221;{}&#8221;]<\/p>\n<p>Disserta\u00e7\u00e3o: Estudo dos fatores de progn\u00f3sticos para dengue grave<\/p>\n<p><a href=\"https:\/\/pos.uea.edu.br\/data\/area\/dissertacao\/download\/22-2.pdf\">Baixar<\/a><\/p>\n<p>[\/et_pb_blurb][et_pb_blurb title=&#8221;Amanda de Lourdes Maciel Queiroz<br \/>\n&#8221; use_icon=&#8221;on&#8221; font_icon=&#8221;&#x69;||divi||400&#8243; icon_placement=&#8221;left&#8221; content_max_width=&#8221;1100px&#8221; disabled_on=&#8221;off|off|off&#8221; _builder_version=&#8221;4.22.1&#8243; _module_preset=&#8221;default&#8221; global_colors_info=&#8221;{}&#8221;]<\/p>\n<p>Disserta\u00e7\u00e3o: Escorpionismo no estado do Amazonas, Brasil: um estudo baseado na vigil\u00e2ncia epidemiol\u00f3gica<\/p>\n<p><a href=\"https:\/\/pos.uea.edu.br\/data\/area\/dissertacao\/download\/22-3.pdf\">Baixar<\/a><\/p>\n<p>[\/et_pb_blurb][et_pb_blurb title=&#8221;Andr\u00e9 Luiz de Almeida<br \/>\n&#8221; use_icon=&#8221;on&#8221; font_icon=&#8221;&#x69;||divi||400&#8243; icon_placement=&#8221;left&#8221; content_max_width=&#8221;1100px&#8221; disabled_on=&#8221;off|off|off&#8221; _builder_version=&#8221;4.22.1&#8243; _module_preset=&#8221;default&#8221; global_colors_info=&#8221;{}&#8221;]<\/p>\n<p>Disserta\u00e7\u00e3o: Tuberculose extrapulmonar no Amazonas no per\u00edodo de 2001 a 2012.<\/p>\n<p>[\/et_pb_blurb][et_pb_blurb title=&#8221;Antonio Eduardo Martinez Palhares<br \/>\n&#8221; use_icon=&#8221;on&#8221; font_icon=&#8221;&#x69;||divi||400&#8243; icon_placement=&#8221;left&#8221; content_max_width=&#8221;1100px&#8221; disabled_on=&#8221;off|off|off&#8221; _builder_version=&#8221;4.22.1&#8243; _module_preset=&#8221;default&#8221; global_colors_info=&#8221;{}&#8221;]<\/p>\n<p>Disserta\u00e7\u00e3o: Estudo comparativo entre a aut\u00f3psia minimamente invasiva e a aut\u00f3psia diagn\u00f3stica completa para investiga\u00e7\u00e3o das causas de morte<\/p>\n<p><a href=\"https:\/\/pos.uea.edu.br\/data\/area\/dissertacao\/download\/22-5.pdf\">Baixar<\/a><\/p>\n<p>[\/et_pb_blurb][et_pb_blurb title=&#8221;Daniele de Ara\u00fajo Sampaio<br \/>\n&#8221; use_icon=&#8221;on&#8221; font_icon=&#8221;&#x69;||divi||400&#8243; icon_placement=&#8221;left&#8221; content_max_width=&#8221;1100px&#8221; disabled_on=&#8221;off|off|off&#8221; _builder_version=&#8221;4.22.1&#8243; _module_preset=&#8221;default&#8221; global_colors_info=&#8221;{}&#8221;]<\/p>\n<p>Disserta\u00e7\u00e3o: Estudo de caracteriza\u00e7\u00e3o molecular do v\u00edrus varicela zoster em Manaus, Amazonas\u00a0<\/p>\n<p><a href=\"https:\/\/pos.uea.edu.br\/data\/area\/dissertacao\/download\/22-6.pdf\">Baixar<\/a><\/p>\n<p>[\/et_pb_blurb][et_pb_blurb title=&#8221;D\u00e1ria Barroso Serr\u00e3o das Neves<br \/>\n&#8221; use_icon=&#8221;on&#8221; font_icon=&#8221;&#x69;||divi||400&#8243; icon_placement=&#8221;left&#8221; content_max_width=&#8221;1100px&#8221; disabled_on=&#8221;off|off|off&#8221; _builder_version=&#8221;4.22.1&#8243; _module_preset=&#8221;default&#8221; global_colors_info=&#8221;{}&#8221;]<\/p>\n<p>Disserta\u00e7\u00e3o: Rastreamento de Chlamydia trachomatis Em mulheres jovens de 14 a 25 anos de idade no DISA oeste da cidade de Manaus, estado do Amazonas<\/p>\n<p><a href=\"https:\/\/pos.uea.edu.br\/data\/area\/dissertacao\/download\/22-7.pdf\">Baixar<\/a><\/p>\n<p>[\/et_pb_blurb][et_pb_blurb title=&#8221;Esa\u00fa Samuel Lima Feitosa<br \/>\n&#8221; use_icon=&#8221;on&#8221; font_icon=&#8221;&#x69;||divi||400&#8243; icon_placement=&#8221;left&#8221; content_max_width=&#8221;1100px&#8221; disabled_on=&#8221;off|off|off&#8221; _builder_version=&#8221;4.22.1&#8243; _module_preset=&#8221;default&#8221; global_colors_info=&#8221;{}&#8221;]<\/p>\n<p>Disserta\u00e7\u00e3o: Fatores de risco para gravidade e letalidade dos acidentes of\u00eddicos ocorridos no estado do Amazonas: Um estudo de caso e controle<\/p>\n<p><a href=\"https:\/\/pos.uea.edu.br\/data\/area\/dissertacao\/download\/22-9.pdf\">Baixar<\/a><\/p>\n<p>[\/et_pb_blurb][et_pb_blurb title=&#8221;Jonas Rodrigues de Menezes Filho<br \/>\n&#8221; use_icon=&#8221;on&#8221; font_icon=&#8221;&#x69;||divi||400&#8243; icon_placement=&#8221;left&#8221; content_max_width=&#8221;1100px&#8221; disabled_on=&#8221;off|off|off&#8221; _builder_version=&#8221;4.22.1&#8243; _module_preset=&#8221;default&#8221; global_colors_info=&#8221;{}&#8221;]<\/p>\n<p>Disserta\u00e7\u00e3o: Efetividade da abordagem sindr\u00f4mica em homens com corrimento uretral atendidos em cl\u00ednica especializada em doen\u00e7as sexualmente transmiss\u00edveis na cidade de Manaus, Amazonas<\/p>\n<p><a href=\"https:\/\/pos.uea.edu.br\/data\/area\/dissertacao\/download\/22-10.pdf\">Baixar<\/a><\/p>\n<p>[\/et_pb_blurb][et_pb_blurb title=&#8221;Karoline L\u00f4 Jimenez<br \/>\n&#8221; use_icon=&#8221;on&#8221; font_icon=&#8221;&#x69;||divi||400&#8243; icon_placement=&#8221;left&#8221; content_max_width=&#8221;1100px&#8221; disabled_on=&#8221;off|off|off&#8221; _builder_version=&#8221;4.22.1&#8243; _module_preset=&#8221;default&#8221; global_colors_info=&#8221;{}&#8221;]<\/p>\n<p>Disserta\u00e7\u00e3o: Caracter\u00edsticas moleculares e perfil de sensibilidade a antif\u00fangicos de leveduras do g\u00eanero Candida spp isoladas de paciente com candid\u00edase vulvovaginal<\/p>\n<p><a href=\"https:\/\/pos.uea.edu.br\/data\/area\/dissertacao\/download\/22-11.pdf\">Baixar<\/a><\/p>\n<p>[\/et_pb_blurb][et_pb_blurb title=&#8221;Laise Kelman Costa Magalh\u00e3es<br \/>\n&#8221; use_icon=&#8221;on&#8221; font_icon=&#8221;&#x69;||divi||400&#8243; icon_placement=&#8221;left&#8221; content_max_width=&#8221;1100px&#8221; disabled_on=&#8221;off|off|off&#8221; _builder_version=&#8221;4.22.1&#8243; _module_preset=&#8221;default&#8221; global_colors_info=&#8221;{}&#8221;]<\/p>\n<p>Disserta\u00e7\u00e3o: Inqu\u00e9rito soroepidemil\u00f3gico para Doen\u00e7a de Chagas: Percep\u00e7\u00e3o de uma popula\u00e7\u00e3o de \u00e1rea rural do Amazonas, sobre sua vulnerabilidade \u00e0 infec\u00e7\u00e3o pelo Trypanosoma cruzi<\/p>\n<p>[\/et_pb_blurb][et_pb_blurb title=&#8221;Luiz Cl\u00e1udio Dias<br \/>\n&#8221; use_icon=&#8221;on&#8221; font_icon=&#8221;&#x69;||divi||400&#8243; icon_placement=&#8221;left&#8221; content_max_width=&#8221;1100px&#8221; disabled_on=&#8221;off|off|off&#8221; _builder_version=&#8221;4.22.1&#8243; _module_preset=&#8221;default&#8221; global_colors_info=&#8221;{}&#8221;]<\/p>\n<p>Disserta\u00e7\u00e3o: O uso da telessa\u00fade para o controle e preven\u00e7\u00e3o da hansen\u00edase em \u00e1reas de dif\u00edcil acesso do Amazonas, Brasil<\/p>\n<p><a href=\"https:\/\/pos.uea.edu.br\/data\/area\/dissertacao\/download\/22-13.pdf\">Baixar<\/a><\/p>\n<p>[\/et_pb_blurb][et_pb_blurb title=&#8221;Marcelo Augusto Mota Brito<br \/>\n&#8221; use_icon=&#8221;on&#8221; font_icon=&#8221;&#x69;||divi||400&#8243; icon_placement=&#8221;left&#8221; content_max_width=&#8221;1100px&#8221; disabled_on=&#8221;off|off|off&#8221; _builder_version=&#8221;4.22.1&#8243; _module_preset=&#8221;default&#8221; global_colors_info=&#8221;{}&#8221;]<\/p>\n<p>Disserta\u00e7\u00e3o: Avalia\u00e7\u00e3o de acur\u00e1cia do teste r\u00e1pido carestart G6PD para a detec\u00e7\u00e3o de indiv\u00edduos deficientes de GLICOSE-6- fosfato desidrogenase em uma \u00e1rea end\u00eamica de mal\u00e1ria por PLASMODIUM VIVAX<\/p>\n<p><a href=\"https:\/\/pos.uea.edu.br\/data\/area\/dissertacao\/download\/22-14.pdf\">Baixar<\/a><\/p>\n<p>[\/et_pb_blurb][et_pb_blurb title=&#8221;Marcos Antonio Fernandes<br \/>\n&#8221; use_icon=&#8221;on&#8221; font_icon=&#8221;&#x69;||divi||400&#8243; icon_placement=&#8221;left&#8221; content_max_width=&#8221;1100px&#8221; disabled_on=&#8221;off|off|off&#8221; _builder_version=&#8221;4.22.1&#8243; _module_preset=&#8221;default&#8221; global_colors_info=&#8221;{}&#8221;]<\/p>\n<p>Disserta\u00e7\u00e3o: Aspectos cl\u00ednicos, endosc\u00f3picos e tomogr\u00e1ficos da leishmaniose mucosa<\/p>\n<p><a href=\"https:\/\/pos.uea.edu.br\/data\/area\/dissertacao\/download\/22-15.pdf\">Baixar<\/a><\/p>\n<p>[\/et_pb_blurb][et_pb_blurb title=&#8221;Monique Figueiredo Teixeira<br \/>\n&#8221; use_icon=&#8221;on&#8221; font_icon=&#8221;&#x69;||divi||400&#8243; icon_placement=&#8221;left&#8221; content_max_width=&#8221;1100px&#8221; disabled_on=&#8221;off|off|off&#8221; _builder_version=&#8221;4.22.1&#8243; _module_preset=&#8221;default&#8221; global_colors_info=&#8221;{}&#8221;]<\/p>\n<p>Disserta\u00e7\u00e3o: HPV: qual o melhor m\u00e9todo diagnostico laboratorial para mulheres com HIV\/AIDS?<\/p>\n<p><a href=\"https:\/\/pos.uea.edu.br\/data\/area\/dissertacao\/download\/22-16.pdf\">Baixar<\/a><\/p>\n<p>[\/et_pb_blurb][et_pb_blurb title=&#8221;Raquel Tapaj\u00f3s Andrade<br \/>\n&#8221; use_icon=&#8221;on&#8221; font_icon=&#8221;&#x69;||divi||400&#8243; icon_placement=&#8221;left&#8221; content_max_width=&#8221;1100px&#8221; disabled_on=&#8221;off|off|off&#8221; _builder_version=&#8221;4.22.1&#8243; _module_preset=&#8221;default&#8221; global_colors_info=&#8221;{}&#8221;]<\/p>\n<p>Disserta\u00e7\u00e3o: Impacto da mal\u00e1ria sobre a fun\u00e7\u00e3o cognitiva de crian\u00e7as em uma comunidade peri-urbana de Manaus &#8211; Amazonas (ESTUDO COGMAL).<\/p>\n<p>[\/et_pb_blurb][\/et_pb_column][\/et_pb_row][et_pb_row disabled_on=&#8221;off|off|off&#8221; _builder_version=&#8221;4.16&#8243; _module_preset=&#8221;default&#8221; locked=&#8221;off&#8221; global_colors_info=&#8221;{}&#8221;][et_pb_column type=&#8221;4_4&#8243; _builder_version=&#8221;4.16&#8243; _module_preset=&#8221;default&#8221; global_colors_info=&#8221;{}&#8221;][et_pb_text _builder_version=&#8221;4.22.1&#8243; _module_preset=&#8221;default&#8221; global_colors_info=&#8221;{}&#8221;]<\/p>\n<blockquote>\n<h4><strong>29 _ MESTRADO 11\u00aa TURMA<\/strong><\/h4>\n<\/blockquote>\n<p>[\/et_pb_text][et_pb_blurb title=&#8221;Amaury dos Santos Bentes<br \/>\n&#8221; use_icon=&#8221;on&#8221; font_icon=&#8221;&#x69;||divi||400&#8243; icon_placement=&#8221;left&#8221; content_max_width=&#8221;1100px&#8221; disabled_on=&#8221;off|off|off&#8221; _builder_version=&#8221;4.22.1&#8243; _module_preset=&#8221;default&#8221; global_colors_info=&#8221;{}&#8221;]<\/p>\n<p>Disserta\u00e7\u00e3o: Genotipagem de Cryptococcus neoformans e Cryptococcus gattii isolados de amostras ambientais coletadas em floresta nativa, rios e igarap\u00e9sda cidade de Manaus-Brasil<\/p>\n<p><a href=\"https:\/\/pos.uea.edu.br\/data\/area\/dissertacao\/download\/20-1.pdf\">Baixar<\/a><\/p>\n<p>[\/et_pb_blurb][et_pb_blurb title=&#8221;Ana Katly Martins Gualberto Vaz<br \/>\n&#8221; use_icon=&#8221;on&#8221; font_icon=&#8221;&#x69;||divi||400&#8243; icon_placement=&#8221;left&#8221; content_max_width=&#8221;1100px&#8221; disabled_on=&#8221;off|off|off&#8221; _builder_version=&#8221;4.22.1&#8243; _module_preset=&#8221;default&#8221; global_colors_info=&#8221;{}&#8221;]<\/p>\n<p>Disserta\u00e7\u00e3o: Avalia\u00e7\u00e3o do envolvimento comunit\u00e1rio em um ensaio de implanta\u00e7\u00e3o da metodologia dez minutos contra dengue em uma \u00e1rea end\u00eamica de Manaus<\/p>\n<p><a href=\"https:\/\/pos.uea.edu.br\/data\/area\/dissertacao\/download\/20-2.pdf\">Baixar<\/a><\/p>\n<p>[\/et_pb_blurb][et_pb_blurb title=&#8221;Andrea de Souza Cavalcante<br \/>\n&#8221; use_icon=&#8221;on&#8221; font_icon=&#8221;&#x69;||divi||400&#8243; icon_placement=&#8221;left&#8221; content_max_width=&#8221;1100px&#8221; disabled_on=&#8221;off|off|off&#8221; _builder_version=&#8221;4.22.1&#8243; _module_preset=&#8221;default&#8221; global_colors_info=&#8221;{}&#8221;]<\/p>\n<p>Disserta\u00e7\u00e3o: Tratamento da lipoatrofia facial associada \u00e0 AIDS com polimetilmetacrilato: Impacto na qualidade de vida<\/p>\n<p><a href=\"https:\/\/pos.uea.edu.br\/data\/area\/dissertacao\/download\/20-3.pdf\">Baixar<\/a><\/p>\n<p>[\/et_pb_blurb][et_pb_blurb title=&#8221;Anne Cristine Gomes de Almeida<br \/>\n&#8221; use_icon=&#8221;on&#8221; font_icon=&#8221;&#x69;||divi||400&#8243; icon_placement=&#8221;left&#8221; content_max_width=&#8221;1100px&#8221; disabled_on=&#8221;off|off|off&#8221; _builder_version=&#8221;4.22.1&#8243; _module_preset=&#8221;default&#8221; global_colors_info=&#8221;{}&#8221;]<\/p>\n<p>Disserta\u00e7\u00e3o: Preval\u00eancia e fatores associados ao carreamento das formas sexuais de Plasmodium vivax, em uma \u00e1rea end\u00eamica na Amaz\u00f4nia brasileira<\/p>\n<p><a href=\"https:\/\/pos.uea.edu.br\/data\/area\/dissertacao\/download\/20-4.pdf\">Baixar<\/a><\/p>\n<p>[\/et_pb_blurb][et_pb_blurb title=&#8221;Brigite Stela Afonso de Almeida<br \/>\n&#8221; use_icon=&#8221;on&#8221; font_icon=&#8221;&#x69;||divi||400&#8243; icon_placement=&#8221;left&#8221; content_max_width=&#8221;1100px&#8221; disabled_on=&#8221;off|off|off&#8221; _builder_version=&#8221;4.22.1&#8243; _module_preset=&#8221;default&#8221; global_colors_info=&#8221;{}&#8221;]<\/p>\n<p>Disserta\u00e7\u00e3o: Avalia\u00e7\u00e3o do efeito de diferentes fontes de repasto sangu\u00edneo na biologia de Anopheles aquasalis, colonizado em laborat\u00f3rio<\/p>\n<p><a href=\"https:\/\/pos.uea.edu.br\/data\/area\/dissertacao\/download\/20-5.pdf\">Baixar<\/a><\/p>\n<p>[\/et_pb_blurb][et_pb_blurb title=&#8221;Edson Fidelis da Silva Junior<br \/>\n&#8221; use_icon=&#8221;on&#8221; font_icon=&#8221;&#x69;||divi||400&#8243; icon_placement=&#8221;left&#8221; content_max_width=&#8221;1100px&#8221; disabled_on=&#8221;off|off|off&#8221; _builder_version=&#8221;4.22.1&#8243; _module_preset=&#8221;default&#8221; locked=&#8221;off&#8221; global_colors_info=&#8221;{}&#8221;]<\/p>\n<p>Disserta\u00e7\u00e3o: Wuchereria bancrofti em imigrantes haitianos no munic\u00edpio de Manaus, Amazonas, Brasil<\/p>\n<p><a href=\"https:\/\/pos.uea.edu.br\/data\/area\/dissertacao\/download\/20-6.pdf\">Baixar<\/a>\u00a0<\/p>\n<p>[\/et_pb_blurb][et_pb_blurb title=&#8221;Efrem d \u00c1vila Ferreira<br \/>\n&#8221; use_icon=&#8221;on&#8221; font_icon=&#8221;&#x69;||divi||400&#8243; icon_placement=&#8221;left&#8221; content_max_width=&#8221;1100px&#8221; disabled_on=&#8221;off|off|off&#8221; _builder_version=&#8221;4.22.1&#8243; _module_preset=&#8221;default&#8221; global_colors_info=&#8221;{}&#8221;]<\/p>\n<p>Disserta\u00e7\u00e3o: Estado nutricional e mal\u00e1ria: Uma revis\u00e3o sistem\u00e1tica<\/p>\n<p><a href=\"https:\/\/pos.uea.edu.br\/data\/area\/dissertacao\/download\/20-7.pdf\">Baixar<\/a><\/p>\n<p>[\/et_pb_blurb][et_pb_blurb title=&#8221;Ione Concei\u00e7\u00e3o Pereira Pinto<br \/>\n&#8221; use_icon=&#8221;on&#8221; font_icon=&#8221;&#x69;||divi||400&#8243; icon_placement=&#8221;left&#8221; content_max_width=&#8221;1100px&#8221; disabled_on=&#8221;off|off|off&#8221; _builder_version=&#8221;4.22.1&#8243; _module_preset=&#8221;default&#8221; global_colors_info=&#8221;{}&#8221;]<\/p>\n<p>Disserta\u00e7\u00e3o: Avalia\u00e7\u00e3o da acur\u00e1cia e das caracter\u00edsticas operacionais do analisador de CD4 r\u00e1pido para monitoramento de pacientes portadores do HIV<\/p>\n<p><a href=\"https:\/\/pos.uea.edu.br\/data\/area\/dissertacao\/download\/20-8.pdf\">Baixar<\/a><\/p>\n<p>[\/et_pb_blurb][et_pb_blurb title=&#8221;Janaina da Silva Gon\u00e7alves<br \/>\n&#8221; use_icon=&#8221;on&#8221; font_icon=&#8221;&#x69;||divi||400&#8243; icon_placement=&#8221;left&#8221; content_max_width=&#8221;1100px&#8221; disabled_on=&#8221;off|off|off&#8221; _builder_version=&#8221;4.22.1&#8243; _module_preset=&#8221;default&#8221; global_colors_info=&#8221;{}&#8221;]<\/p>\n<p>Disserta\u00e7\u00e3o: Ades\u00e3o ao tratamento antirretroviral em pacientes infectados pelo HIV atendidos no servi\u00e7o da farm\u00e1cia da Funda\u00e7\u00e3o de Medicina Tropical Doutor Heitor Vieira Dourado, Manaus, Amazonas, entre 2003 e 2013<\/p>\n<p><a href=\"https:\/\/pos.uea.edu.br\/data\/area\/dissertacao\/download\/20-9.pdf\">Baixar<\/a><\/p>\n<p>[\/et_pb_blurb][et_pb_blurb title=&#8221;Karolina da Costa Sabino<br \/>\n&#8221; use_icon=&#8221;on&#8221; font_icon=&#8221;&#x69;||divi||400&#8243; icon_placement=&#8221;left&#8221; content_max_width=&#8221;1100px&#8221; disabled_on=&#8221;off|off|off&#8221; _builder_version=&#8221;4.22.1&#8243; _module_preset=&#8221;default&#8221; global_colors_info=&#8221;{}&#8221;]<\/p>\n<p>Disserta\u00e7\u00e3o: Estudo de associa\u00e7\u00e3o de polimorfismos dos genes IL-1b, FLI-1 e MCP-1 com leishmaniose cut\u00e2nea em uma popula\u00e7\u00e3o caso-controle do estado do Amazonas, Brasil<\/p>\n<p><a href=\"https:\/\/pos.uea.edu.br\/data\/area\/dissertacao\/download\/20-10.pdf\">Baixar<\/a><\/p>\n<p>[\/et_pb_blurb][et_pb_blurb title=&#8221;Keillen Monick Martins Campos<br \/>\n&#8221; use_icon=&#8221;on&#8221; font_icon=&#8221;&#x69;||divi||400&#8243; icon_placement=&#8221;left&#8221; content_max_width=&#8221;1100px&#8221; disabled_on=&#8221;off|off|off&#8221; _builder_version=&#8221;4.22.1&#8243; _module_preset=&#8221;default&#8221; global_colors_info=&#8221;{}&#8221;]<\/p>\n<p>Disserta\u00e7\u00e3o: A\u00e7\u00f5es integradas de controle diminuem a popula\u00e7\u00e3o de Anopheles Darlingi e a incid\u00eancia de mal\u00e1ria em uma \u00e1rea de transmiss\u00e3o inst\u00e1vel na Amaz\u00f4nia rural brasileira<\/p>\n<p><a href=\"https:\/\/pos.uea.edu.br\/data\/area\/dissertacao\/download\/20-11.pdf\">Baixar<\/a><\/p>\n<p>[\/et_pb_blurb][et_pb_blurb title=&#8221;Loren Rebeca Anselmo do Nascimento<br \/>\n&#8221; use_icon=&#8221;on&#8221; font_icon=&#8221;&#x69;||divi||400&#8243; icon_placement=&#8221;left&#8221; content_max_width=&#8221;1100px&#8221; disabled_on=&#8221;off|off|off&#8221; _builder_version=&#8221;4.22.1&#8243; _module_preset=&#8221;default&#8221; global_colors_info=&#8221;{}&#8221;]<\/p>\n<p>Disserta\u00e7\u00e3o: Avalia\u00e7\u00e3o do teste tubercul\u00ednico em pacientes portadores de infec\u00e7\u00e3o hep\u00e1tica cr\u00f4nica pelo v\u00edrus da hepatite C<\/p>\n<p><a href=\"https:\/\/pos.uea.edu.br\/data\/area\/dissertacao\/download\/20-12.pdf\">Baixar<\/a><\/p>\n<p>[\/et_pb_blurb][et_pb_blurb title=&#8221;Luciane Macedo de Souza<br \/>\n&#8221; use_icon=&#8221;on&#8221; font_icon=&#8221;&#x69;||divi||400&#8243; icon_placement=&#8221;left&#8221; content_max_width=&#8221;1100px&#8221; disabled_on=&#8221;off|off|off&#8221; _builder_version=&#8221;4.22.1&#8243; _module_preset=&#8221;default&#8221; global_colors_info=&#8221;{}&#8221;]<\/p>\n<p>Disserta\u00e7\u00e3o: Estudo de associa\u00e7\u00e3o caso-controle das variantes dos genes Toll-Like Receptors e IL6 com leishmaniose cut\u00e2nea no estado do Amazonas, Brasil<\/p>\n<p><a href=\"https:\/\/pos.uea.edu.br\/data\/area\/dissertacao\/download\/20-13.pdf\">Baixar<\/a><\/p>\n<p>[\/et_pb_blurb][et_pb_blurb title=&#8221;Priscila Bentes Sousa<br \/>\n&#8221; use_icon=&#8221;on&#8221; font_icon=&#8221;&#x69;||divi||400&#8243; icon_placement=&#8221;left&#8221; content_max_width=&#8221;1100px&#8221; disabled_on=&#8221;off|off|off&#8221; _builder_version=&#8221;4.22.1&#8243; _module_preset=&#8221;default&#8221; global_colors_info=&#8221;{}&#8221;]<\/p>\n<p>Disserta\u00e7\u00e3o: Estudo de associa\u00e7\u00e3o de polimorfismos dos genes IL-10 e IL-10RA com leishmaniose cut\u00e2nea em uma popula\u00e7\u00e3o caso-controle do estado do Amazonas, Brasil<\/p>\n<p><a href=\"https:\/\/pos.uea.edu.br\/data\/area\/dissertacao\/download\/20-14.pdf\">Baixar<\/a><\/p>\n<p>[\/et_pb_blurb][et_pb_blurb title=&#8221;Sandra Adolfina Reyes Romero<br \/>\n&#8221; use_icon=&#8221;on&#8221; font_icon=&#8221;&#x69;||divi||400&#8243; icon_placement=&#8221;left&#8221; content_max_width=&#8221;1100px&#8221; disabled_on=&#8221;off|off|off&#8221; _builder_version=&#8221;4.22.1&#8243; _module_preset=&#8221;default&#8221; global_colors_info=&#8221;{}&#8221;]<\/p>\n<p>Disserta\u00e7\u00e3o: Frequ\u00eancia das manifesta\u00e7\u00f5es dermatol\u00f3gicas durante tratamento da hepatite C cr\u00f4nica<\/p>\n<p><a href=\"https:\/\/pos.uea.edu.br\/data\/area\/dissertacao\/download\/20-15.pdf\">Baixar<\/a><\/p>\n<p>[\/et_pb_blurb][\/et_pb_column][\/et_pb_row][et_pb_row disabled_on=&#8221;off|off|off&#8221; _builder_version=&#8221;4.16&#8243; _module_preset=&#8221;default&#8221; locked=&#8221;off&#8221; global_colors_info=&#8221;{}&#8221;][et_pb_column type=&#8221;4_4&#8243; _builder_version=&#8221;4.16&#8243; _module_preset=&#8221;default&#8221; global_colors_info=&#8221;{}&#8221;][et_pb_text _builder_version=&#8221;4.22.1&#8243; _module_preset=&#8221;default&#8221; global_colors_info=&#8221;{}&#8221;]<\/p>\n<blockquote>\n<h4><strong>28 _ MESTRADO 10\u00aa TURMA<\/strong><\/h4>\n<\/blockquote>\n<p>[\/et_pb_text][et_pb_blurb title=&#8221;Carolina Marinho da Costa<br \/>\n&#8221; use_icon=&#8221;on&#8221; font_icon=&#8221;&#x69;||divi||400&#8243; icon_placement=&#8221;left&#8221; content_max_width=&#8221;1100px&#8221; disabled_on=&#8221;off|off|off&#8221; _builder_version=&#8221;4.22.1&#8243; _module_preset=&#8221;default&#8221; global_colors_info=&#8221;{}&#8221;]<\/p>\n<p>Disserta\u00e7\u00e3o: Diversidade gen\u00e9tica do HIV-1 e resist\u00eancia aos antirretrovirais em pacientes em falha terap\u00eautica e crian\u00e7as virgens de tratamento no norte do Brasil<\/p>\n<p><a href=\"https:\/\/pos.uea.edu.br\/data\/area\/dissertacao\/download\/19-1.pdf\">Baixar<\/a><\/p>\n<p>[\/et_pb_blurb][et_pb_blurb title=&#8221;Diego Rayan Teixeira de Sousa<br \/>\n&#8221; use_icon=&#8221;on&#8221; font_icon=&#8221;&#x69;||divi||400&#8243; icon_placement=&#8221;left&#8221; content_max_width=&#8221;1100px&#8221; disabled_on=&#8221;off|off|off&#8221; _builder_version=&#8221;4.22.1&#8243; _module_preset=&#8221;default&#8221; locked=&#8221;off&#8221; global_colors_info=&#8221;{}&#8221;]<\/p>\n<p>Disserta\u00e7\u00e3o: Detec\u00e7\u00e3o e identifica\u00e7\u00e3o de fungos causadores de micoses sist\u00eamicas, utilizando uma t\u00e9cnica de PCR\/RFLP<\/p>\n<p><a href=\"https:\/\/pos.uea.edu.br\/data\/area\/dissertacao\/download\/19-2.pdf\">Baixar<\/a>\u00a0<\/p>\n<p>[\/et_pb_blurb][et_pb_blurb title=&#8221;Emily Santos Montarroyos<br \/>\n&#8221; use_icon=&#8221;on&#8221; font_icon=&#8221;&#x69;||divi||400&#8243; icon_placement=&#8221;left&#8221; content_max_width=&#8221;1100px&#8221; disabled_on=&#8221;off|off|off&#8221; _builder_version=&#8221;4.22.1&#8243; _module_preset=&#8221;default&#8221; locked=&#8221;off&#8221; global_colors_info=&#8221;{}&#8221;]<\/p>\n<p>Disserta\u00e7\u00e3o: An\u00e1lise descritiva da dor em pacientes portadores do V\u00edrus da Imunodefici\u00eancia Humana (HIV) \/ S\u00edndrome de Imunodefici\u00eancia Adquirida (AIDS) internados na Funda\u00e7\u00e3o de Medicina Tropical Doutor Heitor Vieira Dourado (FMT-HVD)<\/p>\n<p><a href=\"https:\/\/pos.uea.edu.br\/data\/area\/dissertacao\/download\/19-3.pdf\">Baixar<\/a><\/p>\n<p>[\/et_pb_blurb][et_pb_blurb title=&#8221;Joelma Martins Rocha<br \/>\n&#8221; use_icon=&#8221;on&#8221; font_icon=&#8221;&#x69;||divi||400&#8243; icon_placement=&#8221;left&#8221; content_max_width=&#8221;1100px&#8221; disabled_on=&#8221;off|off|off&#8221; _builder_version=&#8221;4.22.1&#8243; _module_preset=&#8221;default&#8221; global_colors_info=&#8221;{}&#8221;]<\/p>\n<p>Disserta\u00e7\u00e3o: Caracteriza\u00e7\u00e3o genot\u00edpica do v\u00edrus da hepatite delta em pacientes atendidos na Funda\u00e7\u00e3o de Medicina Tropical Dr. Heitor Vieira Dourado<\/p>\n<p><a href=\"https:\/\/pos.uea.edu.br\/data\/area\/dissertacao\/download\/19-5.pdf\">Baixar<\/a><\/p>\n<p>[\/et_pb_blurb][et_pb_blurb title=&#8221;Jo\u00e3o Hugo Abdalla Santos<br \/>\n&#8221; use_icon=&#8221;on&#8221; font_icon=&#8221;&#x69;||divi||400&#8243; icon_placement=&#8221;left&#8221; content_max_width=&#8221;1100px&#8221; disabled_on=&#8221;off|off|off&#8221; _builder_version=&#8221;4.22.1&#8243; _module_preset=&#8221;default&#8221; global_colors_info=&#8221;{}&#8221;]<\/p>\n<p>Disserta\u00e7\u00e3o: Avalia\u00e7\u00e3o do impacto das helmint\u00edases intestinais na resposta cl\u00ednica, microbiol\u00f3gica e imunol\u00f3gica em pacientes com tuberculose pulmonar<\/p>\n<p><a href=\"https:\/\/pos.uea.edu.br\/data\/area\/dissertacao\/download\/19-4.pdf\">Baixar<\/a><\/p>\n<p>[\/et_pb_blurb][et_pb_blurb title=&#8221;Maur\u00edcio Leandro Fernandes Gon\u00e7alves<br \/>\n&#8221; use_icon=&#8221;on&#8221; font_icon=&#8221;&#x69;||divi||400&#8243; icon_placement=&#8221;left&#8221; content_max_width=&#8221;1100px&#8221; disabled_on=&#8221;off|off|off&#8221; _builder_version=&#8221;4.22.1&#8243; _module_preset=&#8221;default&#8221; global_colors_info=&#8221;{}&#8221;]<\/p>\n<p>Disserta\u00e7\u00e3o: Potencial benef\u00edcio do XPERT MTB\/RIF\u00ae na preven\u00e7\u00e3o da transmiss\u00e3o nosocomial da tuberculose<\/p>\n<p><a href=\"https:\/\/pos.uea.edu.br\/data\/area\/dissertacao\/download\/19-6.pdf\">Baixar<\/a><\/p>\n<p>[\/et_pb_blurb][et_pb_blurb title=&#8221;Renata da Silva Galv\u00e3o<br \/>\n&#8221; use_icon=&#8221;on&#8221; font_icon=&#8221;&#x69;||divi||400&#8243; icon_placement=&#8221;left&#8221; content_max_width=&#8221;1100px&#8221; disabled_on=&#8221;off|off|off&#8221; _builder_version=&#8221;4.22.1&#8243; _module_preset=&#8221;default&#8221; global_colors_info=&#8221;{}&#8221;]<\/p>\n<p>Disserta\u00e7\u00e3o: Investiga\u00e7\u00e3o de muta\u00e7\u00f5es de resist\u00eancia associadas aos antivirais em isolados de pacientes portadores do v\u00edrus da hepatite B no estado do Amazonas<\/p>\n<p><a href=\"https:\/\/pos.uea.edu.br\/data\/area\/dissertacao\/download\/19-7.pdf\">Baixar<\/a><\/p>\n<p>[\/et_pb_blurb][et_pb_blurb title=&#8221;Rosa Am\u00e9lia Gon\u00e7alves Santana<br \/>\n&#8221; use_icon=&#8221;on&#8221; font_icon=&#8221;&#x69;||divi||400&#8243; icon_placement=&#8221;left&#8221; content_max_width=&#8221;1100px&#8221; disabled_on=&#8221;off|off|off&#8221; _builder_version=&#8221;4.22.1&#8243; _module_preset=&#8221;default&#8221; global_colors_info=&#8221;{}&#8221;]<\/p>\n<p>Disserta\u00e7\u00e3o:Caracteriza\u00e7\u00e3o gen\u00e9tica de Trypanosoma Cruzi em pacientes com doen\u00e7a de chagas cr\u00f4nica, no estado do Amazonas, Brasil<\/p>\n<p><a href=\"https:\/\/pos.uea.edu.br\/data\/area\/dissertacao\/download\/19-8.pdf\">Baixar<\/a><\/p>\n<p>[\/et_pb_blurb][et_pb_blurb title=&#8221;Sara Eleny da Silveira Pacheco<br \/>\n&#8221; use_icon=&#8221;on&#8221; font_icon=&#8221;&#x69;||divi||400&#8243; icon_placement=&#8221;left&#8221; content_max_width=&#8221;1100px&#8221; disabled_on=&#8221;off|off|off&#8221; _builder_version=&#8221;4.22.1&#8243; _module_preset=&#8221;default&#8221; global_colors_info=&#8221;{}&#8221;]<\/p>\n<p>Disserta\u00e7\u00e3o: Inqu\u00e9rito sorol\u00f3gico para hansen\u00edase em profissionais de sa\u00fade de hospitais de refer\u00eancia em Manaus<\/p>\n<p><a href=\"https:\/\/pos.uea.edu.br\/data\/area\/dissertacao\/download\/19-9.pdf\">Baixar<\/a><\/p>\n<p>[\/et_pb_blurb][\/et_pb_column][\/et_pb_row][et_pb_row disabled_on=&#8221;off|off|off&#8221; _builder_version=&#8221;4.16&#8243; _module_preset=&#8221;default&#8221; locked=&#8221;off&#8221; global_colors_info=&#8221;{}&#8221;][et_pb_column type=&#8221;4_4&#8243; _builder_version=&#8221;4.16&#8243; _module_preset=&#8221;default&#8221; global_colors_info=&#8221;{}&#8221;][et_pb_text _builder_version=&#8221;4.22.1&#8243; _module_preset=&#8221;default&#8221; global_colors_info=&#8221;{}&#8221;]<\/p>\n<blockquote>\n<h4><strong>27 _ MESTRADO 09\u00aa TURMA<\/strong><\/h4>\n<\/blockquote>\n<p>[\/et_pb_text][et_pb_blurb title=&#8221;Ana Carolina de Moraes Cruz<br \/>\n&#8221; use_icon=&#8221;on&#8221; font_icon=&#8221;&#x69;||divi||400&#8243; icon_placement=&#8221;left&#8221; content_max_width=&#8221;1100px&#8221; disabled_on=&#8221;off|off|off&#8221; _builder_version=&#8221;4.22.1&#8243; _module_preset=&#8221;default&#8221; global_colors_info=&#8221;{}&#8221;]<\/p>\n<p>Disserta\u00e7\u00e3o: Manifesta\u00e7\u00f5es mucocut\u00e2neas associadas \u00e1 s\u00edndrome de restaura\u00e7\u00e3o imune em pacientes com AIDS atendidos na Funda\u00e7\u00e3o de Medicina Tropical Dr. Heitor Vieira Dourado<\/p>\n<p><a href=\"https:\/\/pos.uea.edu.br\/data\/area\/dissertacao\/download\/16-1.pdf\">Baixar<\/a>\u00a0<\/p>\n<p>[\/et_pb_blurb][et_pb_blurb title=&#8221;Cleudecir Siqueira Portela<br \/>\n&#8221; use_icon=&#8221;on&#8221; font_icon=&#8221;&#x69;||divi||400&#8243; icon_placement=&#8221;left&#8221; content_max_width=&#8221;1100px&#8221; disabled_on=&#8221;off|off|off&#8221; _builder_version=&#8221;4.22.1&#8243; _module_preset=&#8221;default&#8221; global_colors_info=&#8221;{}&#8221;]<\/p>\n<p>Disserta\u00e7\u00e3o: Aspectos cl\u00ednicos da infec\u00e7\u00e3o pelo v\u00edrus dengue sorotipo 4 durante a epidemia de 2011 em Manaus, Amazonas<\/p>\n<p><a href=\"https:\/\/pos.uea.edu.br\/data\/area\/dissertacao\/download\/16-2.pdf\">Baixar<\/a>\u00a0<\/p>\n<p>[\/et_pb_blurb][et_pb_blurb title=&#8221;Ednelza de Almeida Ben\u00edcio<br \/>\n&#8221; use_icon=&#8221;on&#8221; font_icon=&#8221;&#x69;||divi||400&#8243; icon_placement=&#8221;left&#8221; content_max_width=&#8221;1100px&#8221; disabled_on=&#8221;off|off|off&#8221; _builder_version=&#8221;4.22.1&#8243; _module_preset=&#8221;default&#8221; global_colors_info=&#8221;{}&#8221;]<\/p>\n<p>Disserta\u00e7\u00e3o: Avalia\u00e7\u00e3o dos m\u00e9todos diagn\u00f3sticos e urbaniza\u00e7\u00e3o da Leishmaniose tegumentar na cidade de Manaus<\/p>\n<p><a href=\"https:\/\/pos.uea.edu.br\/data\/area\/dissertacao\/download\/16-3.pdf\">Baixar<\/a>\u00a0<\/p>\n<p>[\/et_pb_blurb][et_pb_blurb title=&#8221;Ellen Priscilla Nunes Gadelha<br \/>\n&#8221; use_icon=&#8221;on&#8221; font_icon=&#8221;&#x69;||divi||400&#8243; icon_placement=&#8221;left&#8221; content_max_width=&#8221;1100px&#8221; disabled_on=&#8221;off|off|off&#8221; _builder_version=&#8221;4.22.1&#8243; _module_preset=&#8221;default&#8221; global_colors_info=&#8221;{}&#8221;]<\/p>\n<p>Disserta\u00e7\u00e3o: Estudo piloto para avaliar a efic\u00e1cia e seguran\u00e7a da pentamidina, em aplica\u00e7\u00e3o \u00fanica, de 07 MG\/KG, no tratamento da Leishmaniose cut\u00e2nea.<\/p>\n<p><a href=\"https:\/\/pos.uea.edu.br\/data\/area\/dissertacao\/download\/16-4.pdf\">Baixar<\/a><\/p>\n<p>[\/et_pb_blurb][et_pb_blurb title=&#8221;Helena Cristina Cardoso Coelho<br \/>\n&#8221; use_icon=&#8221;on&#8221; font_icon=&#8221;&#x69;||divi||400&#8243; icon_placement=&#8221;left&#8221; content_max_width=&#8221;1100px&#8221; disabled_on=&#8221;off|off|off&#8221; _builder_version=&#8221;4.22.1&#8243; _module_preset=&#8221;default&#8221; global_colors_info=&#8221;{}&#8221;]<\/p>\n<p>Disserta\u00e7\u00e3o: Avalia\u00e7\u00e3o in vitro da fagocitose de plaquetas em pacientes com Mal\u00e1ria vivax<\/p>\n<p><a href=\"https:\/\/pos.uea.edu.br\/data\/area\/dissertacao\/download\/16-5.pdf\">Baixar\u00a0<\/a><\/p>\n<p>[\/et_pb_blurb][et_pb_blurb title=&#8221;Jos\u00e9 Napole\u00e3o Tavares Parente<br \/>\n&#8221; use_icon=&#8221;on&#8221; font_icon=&#8221;&#x69;||divi||400&#8243; icon_placement=&#8221;left&#8221; content_max_width=&#8221;1100px&#8221; disabled_on=&#8221;off|off|off&#8221; _builder_version=&#8221;4.22.1&#8243; _module_preset=&#8221;default&#8221; global_colors_info=&#8221;{}&#8221;]<\/p>\n<p>Disserta\u00e7\u00e3o: Estudo de c\u00e9lulas T reguladoras (TREG) (TCD4+CD25+FOXP3+) nas diversas formas cl\u00ednicas da Hansen\u00edase e estados reacionais<\/p>\n<p><a href=\"https:\/\/pos.uea.edu.br\/data\/area\/dissertacao\/download\/16-6.pdf\">Baixar\u00a0<\/a><\/p>\n<p>[\/et_pb_blurb][et_pb_blurb title=&#8221;Luciana Viana da Costa Ribeiro<br \/>\n&#8221; use_icon=&#8221;on&#8221; font_icon=&#8221;&#x69;||divi||400&#8243; icon_placement=&#8221;left&#8221; content_max_width=&#8221;1100px&#8221; disabled_on=&#8221;off|off|off&#8221; _builder_version=&#8221;4.22.1&#8243; _module_preset=&#8221;default&#8221; global_colors_info=&#8221;{}&#8221;]<\/p>\n<p>Disserta\u00e7\u00e3o: Testagem r\u00e1pida de s\u00edfilis e HIV na aten\u00e7\u00e3o b\u00e1sica de sa\u00fade de munic\u00edpio da regi\u00e3o do alto rio negro, Amazonas<\/p>\n<p><a href=\"https:\/\/pos.uea.edu.br\/data\/area\/dissertacao\/download\/16-7.pdf\">Baixar\u00a0<\/a><\/p>\n<p>[\/et_pb_blurb][et_pb_blurb title=&#8221;Marcel Gon\u00e7alves Maciel<br \/>\n&#8221; use_icon=&#8221;on&#8221; font_icon=&#8221;&#x69;||divi||400&#8243; icon_placement=&#8221;left&#8221; content_max_width=&#8221;1100px&#8221; disabled_on=&#8221;off|off|off&#8221; _builder_version=&#8221;4.22.1&#8243; _module_preset=&#8221;default&#8221; global_colors_info=&#8221;{}&#8221;]<\/p>\n<p>Disserta\u00e7\u00e3o: Distribui\u00e7\u00e3o espacial e temporal da Leishmaniose tegumentar americana (LTA) no estado do Amazonas no per\u00edodo de 2001 a 2010<\/p>\n<p><a href=\"https:\/\/pos.uea.edu.br\/data\/area\/dissertacao\/download\/16-8.pdf\">Baixar\u00a0<\/a><\/p>\n<p>[\/et_pb_blurb][et_pb_blurb title=&#8221;Margareth Yurie Obara An<br \/>\n&#8221; use_icon=&#8221;on&#8221; font_icon=&#8221;&#x69;||divi||400&#8243; icon_placement=&#8221;left&#8221; content_max_width=&#8221;1100px&#8221; disabled_on=&#8221;off|off|off&#8221; _builder_version=&#8221;4.22.1&#8243; _module_preset=&#8221;default&#8221; global_colors_info=&#8221;{}&#8221;]<\/p>\n<p>Disserta\u00e7\u00e3o: Preval\u00eancia de les\u00f5es bucais em hansenianos e sequelados pela hansen\u00edase, Manaus, Amazonas<\/p>\n<p><a href=\"https:\/\/pos.uea.edu.br\/data\/area\/dissertacao\/download\/16-9.pdf\">Baixar<\/a>\u00a0<\/p>\n<p>[\/et_pb_blurb][et_pb_blurb title=&#8221;Mauricio Humberto Pe\u00f1a Marquez<br \/>\n&#8221; use_icon=&#8221;on&#8221; font_icon=&#8221;&#x69;||divi||400&#8243; icon_placement=&#8221;left&#8221; content_max_width=&#8221;1100px&#8221; disabled_on=&#8221;off|off|off&#8221; _builder_version=&#8221;4.22.1&#8243; _module_preset=&#8221;default&#8221; global_colors_info=&#8221;{}&#8221;]<\/p>\n<p>Disserta\u00e7\u00e3o: Inqu\u00e9rito soroepidemiol\u00f3gico da infec\u00e7\u00e3o pelo Trypanosoma cruzi na \u00e1rea urbana do municipio de Barcelos, Amazonas, Brasil<\/p>\n<p><a href=\"https:\/\/pos.uea.edu.br\/data\/area\/dissertacao\/download\/16-10.pdf\">Baixar\u00a0<\/a><\/p>\n<p>[\/et_pb_blurb][et_pb_blurb title=&#8221;Michel de Ara\u00fajo Tavares<br \/>\n&#8221; use_icon=&#8221;on&#8221; font_icon=&#8221;&#x69;||divi||400&#8243; icon_placement=&#8221;left&#8221; content_max_width=&#8221;1100px&#8221; disabled_on=&#8221;off|off|off&#8221; _builder_version=&#8221;4.22.1&#8243; _module_preset=&#8221;default&#8221; global_colors_info=&#8221;{}&#8221;]<\/p>\n<p>Disserta\u00e7\u00e3o: Espessamento da parede da ves\u00edcula biliar em pacientes hospitalizados com dengue na Amaz\u00f4nia brasileira: um estudo transversal<\/p>\n<p><a href=\"https:\/\/pos.uea.edu.br\/data\/area\/dissertacao\/download\/16-11.pdf\">Baixar\u00a0<\/a><\/p>\n<p>[\/et_pb_blurb][et_pb_blurb title=&#8221;Patr\u00edcia Enedina de Lima Quinc\u00f3<br \/>\n&#8221; use_icon=&#8221;on&#8221; font_icon=&#8221;&#x69;||divi||400&#8243; icon_placement=&#8221;left&#8221; content_max_width=&#8221;1100px&#8221; disabled_on=&#8221;off|off|off&#8221; _builder_version=&#8221;4.22.1&#8243; _module_preset=&#8221;default&#8221; global_colors_info=&#8221;{}&#8221;]<\/p>\n<p>Disserta\u00e7\u00e3o: Avalia\u00e7\u00e3o da acur\u00e1cia de tr\u00eas m\u00e9todos de baciloscopia de escarro para diagn\u00f3stico laboratorial da tuberculose pulmonar<\/p>\n<p><a href=\"https:\/\/pos.uea.edu.br\/data\/area\/dissertacao\/download\/16-12.pdf\">Baixar\u00a0<\/a><\/p>\n<p>[\/et_pb_blurb][et_pb_blurb title=&#8221;Sanmile Cristina Nascimento de Holanda<br \/>\n&#8221; use_icon=&#8221;on&#8221; font_icon=&#8221;&#x69;||divi||400&#8243; icon_placement=&#8221;left&#8221; content_max_width=&#8221;1100px&#8221; disabled_on=&#8221;off|off|off&#8221; _builder_version=&#8221;4.22.1&#8243; _module_preset=&#8221;default&#8221; locked=&#8221;off&#8221; global_colors_info=&#8221;{}&#8221;]<\/p>\n<p>Disserta\u00e7\u00e3o: Simult\u00e2nea detec\u00e7\u00e3o e quantifica\u00e7\u00e3o da carga viral por PCR em tempo real (qRT-PCR) in house e caracteriza\u00e7\u00e3o genot\u00edpica do v\u00edrus da hepatite B (VHB) em amostras procedentes da Amaz\u00f4nia ocidental brasileira<\/p>\n<p><a href=\"https:\/\/pos.uea.edu.br\/data\/area\/dissertacao\/download\/16-13.pdf\">Baixar\u00a0<\/a><\/p>\n<p>[\/et_pb_blurb][et_pb_blurb title=&#8221;Susy Caroline Lopes Silva<br \/>\n&#8221; use_icon=&#8221;on&#8221; font_icon=&#8221;&#x69;||divi||400&#8243; icon_placement=&#8221;left&#8221; content_max_width=&#8221;1100px&#8221; disabled_on=&#8221;off|off|off&#8221; _builder_version=&#8221;4.22.1&#8243; _module_preset=&#8221;default&#8221; locked=&#8221;off&#8221; global_colors_info=&#8221;{}&#8221;]<\/p>\n<p>Disserta\u00e7\u00e3o: O rec\u00e9m-nascido da gestante com sorologia sugestiva de Toxoplasmose gestacional na FMT-HVD. 2009 a 2011.<\/p>\n<p><a href=\"https:\/\/pos.uea.edu.br\/data\/area\/dissertacao\/download\/16-14.pdf\">Baixar\u00a0<\/a><\/p>\n<p>[\/et_pb_blurb][et_pb_blurb title=&#8221;Valqu\u00edria do Carmo Rodrigues Alves<br \/>\n&#8221; use_icon=&#8221;on&#8221; font_icon=&#8221;&#x69;||divi||400&#8243; icon_placement=&#8221;left&#8221; content_max_width=&#8221;1100px&#8221; disabled_on=&#8221;off|off|off&#8221; _builder_version=&#8221;4.22.1&#8243; _module_preset=&#8221;default&#8221; locked=&#8221;off&#8221; global_colors_info=&#8221;{}&#8221;]<\/p>\n<p>Disserta\u00e7\u00e3o: Identifica\u00e7\u00e3o de arbov\u00edrus circulantes durante surto de dengue na cidade de Manaus, Amazonas<\/p>\n<p><a href=\"https:\/\/pos.uea.edu.br\/data\/area\/dissertacao\/download\/16-15.pdf\">Baixar\u00a0<\/a><\/p>\n<p>[\/et_pb_blurb][\/et_pb_column][\/et_pb_row][et_pb_row disabled_on=&#8221;off|off|off&#8221; _builder_version=&#8221;4.16&#8243; _module_preset=&#8221;default&#8221; locked=&#8221;off&#8221; global_colors_info=&#8221;{}&#8221;][et_pb_column type=&#8221;4_4&#8243; _builder_version=&#8221;4.16&#8243; _module_preset=&#8221;default&#8221; global_colors_info=&#8221;{}&#8221;][et_pb_text _builder_version=&#8221;4.22.1&#8243; _module_preset=&#8221;default&#8221; global_colors_info=&#8221;{}&#8221;]<\/p>\n<blockquote>\n<h4><strong>26 _ MESTRADO 8\u00aa TURMA<\/strong><\/h4>\n<\/blockquote>\n<p>[\/et_pb_text][et_pb_blurb title=&#8221;Ana Karla Lima Freire<br \/>\n&#8221; use_icon=&#8221;on&#8221; font_icon=&#8221;&#x69;||divi||400&#8243; icon_placement=&#8221;left&#8221; content_max_width=&#8221;1100px&#8221; disabled_on=&#8221;off|off|off&#8221; _builder_version=&#8221;4.22.1&#8243; _module_preset=&#8221;default&#8221; global_colors_info=&#8221;{}&#8221;]<\/p>\n<p>Disserta\u00e7\u00e3o: Caracteriza\u00e7\u00e3o molecular de agentes causadores de criptococose isolados de pacientes atendidos em uma unidade terci\u00e1ria de sa\u00fade do estado do Amazonas<\/p>\n<p><a href=\"https:\/\/pos.uea.edu.br\/data\/area\/dissertacao\/download\/15-2.pdf\">Baixar<\/a><\/p>\n<p>[\/et_pb_blurb][et_pb_blurb title=&#8221;Camila Helena Aguiar B\u00f4tto de Menezes<br \/>\n&#8221; use_icon=&#8221;on&#8221; font_icon=&#8221;&#x69;||divi||400&#8243; icon_placement=&#8221;left&#8221; content_max_width=&#8221;1100px&#8221; disabled_on=&#8221;off|off|off&#8221; _builder_version=&#8221;4.22.1&#8243; _module_preset=&#8221;default&#8221; global_colors_info=&#8221;{}&#8221;]<\/p>\n<p>Disserta\u00e7\u00e3o: Mal\u00e1ria na gravidez e baixo peso ao nascer em rec\u00e9m nascidos de gestantes acompanhadas em Manaus entre 2005 e 2008<\/p>\n<p><a href=\"https:\/\/pos.uea.edu.br\/data\/area\/dissertacao\/download\/15-3.pdf\">Baixar<\/a><\/p>\n<p>[\/et_pb_blurb][et_pb_blurb title=&#8221;Cleber Nunes Alexandre<br \/>\n&#8221; use_icon=&#8221;on&#8221; font_icon=&#8221;&#x69;||divi||400&#8243; icon_placement=&#8221;left&#8221; content_max_width=&#8221;1100px&#8221; disabled_on=&#8221;off|off|off&#8221; _builder_version=&#8221;4.22.1&#8243; _module_preset=&#8221;default&#8221; global_colors_info=&#8221;{}&#8221;]<\/p>\n<p>Disserta\u00e7\u00e3o: Manifesta\u00e7\u00f5es bucais em pacientes HIV\/AIDS internados em uma unidade terci\u00e1ria de sa\u00fade do Amazonas<\/p>\n<p><a href=\"https:\/\/pos.uea.edu.br\/data\/area\/dissertacao\/download\/15-4.pdf\">Baixar<\/a><\/p>\n<p>[\/et_pb_blurb][et_pb_blurb title=&#8221;Giuseppe Figliuolo<br \/>\n&#8221; use_icon=&#8221;on&#8221; font_icon=&#8221;&#x69;||divi||400&#8243; icon_placement=&#8221;left&#8221; content_max_width=&#8221;1100px&#8221; disabled_on=&#8221;off|off|off&#8221; _builder_version=&#8221;4.22.1&#8243; _module_preset=&#8221;default&#8221; global_colors_info=&#8221;{}&#8221;]<\/p>\n<p>Disserta\u00e7\u00e3o: Estudo cl\u00ednico-laboratorial da infec\u00e7\u00e3o pelo papilomav\u00edrus humano em homens HIV+\/AIDS atendidos na Funda\u00e7\u00e3o de Medicina Tropical Dr. Heitor Vieira Dourado<\/p>\n<p><a href=\"https:\/\/pos.uea.edu.br\/data\/area\/dissertacao\/download\/15-5.pdf\">Baixar<\/a><\/p>\n<p>[\/et_pb_blurb][et_pb_blurb title=&#8221;Jo\u00e3o Bosco de Lima Gimaque<br \/>\n&#8221; use_icon=&#8221;on&#8221; font_icon=&#8221;&#x69;||divi||400&#8243; icon_placement=&#8221;left&#8221; content_max_width=&#8221;1100px&#8221; disabled_on=&#8221;off|off|off&#8221; _builder_version=&#8221;4.22.1&#8243; _module_preset=&#8221;default&#8221; global_colors_info=&#8221;{}&#8221;]<\/p>\n<p>Disserta\u00e7\u00e3o: Evid\u00eancia sorol\u00f3gica de infec\u00e7\u00e3o por hantav\u00edrus em quatro munic\u00edpios do estado do Amazonas<\/p>\n<p><a href=\"https:\/\/pos.uea.edu.br\/data\/area\/dissertacao\/download\/15-7.pdf\">Baixar<\/a><\/p>\n<p>[\/et_pb_blurb][et_pb_blurb title=&#8221;Lorena Ang\u00e9lica Casta\u00f1o Ramos<br \/>\n&#8221; use_icon=&#8221;on&#8221; font_icon=&#8221;&#x69;||divi||400&#8243; icon_placement=&#8221;left&#8221; content_max_width=&#8221;1100px&#8221; disabled_on=&#8221;off|off|off&#8221; _builder_version=&#8221;4.22.1&#8243; _module_preset=&#8221;default&#8221; global_colors_info=&#8221;{}&#8221;]<\/p>\n<p>Disserta\u00e7\u00e3o: Caracteriza\u00e7\u00e3o molecular de Mycobacterium tuberculosis, em tr\u00eas tipos de amostras cl\u00ednicas de pacientes atendidos em uma unidade terci\u00e1ria de sa\u00fade no estado do Amazonas<\/p>\n<p><a href=\"https:\/\/pos.uea.edu.br\/data\/area\/dissertacao\/download\/15-9.pdf\">Baixar<\/a><\/p>\n<p>[\/et_pb_blurb][et_pb_blurb title=&#8221;M\u00e1rcio Valle Cortez<br \/>\n&#8221; use_icon=&#8221;on&#8221; font_icon=&#8221;&#x69;||divi||400&#8243; icon_placement=&#8221;left&#8221; content_max_width=&#8221;1100px&#8221; disabled_on=&#8221;off|off|off&#8221; _builder_version=&#8221;4.22.1&#8243; _module_preset=&#8221;default&#8221; global_colors_info=&#8221;{}&#8221;]<\/p>\n<p>Disserta\u00e7\u00e3o: Linfadenomegalias perif\u00e9ricas em pacientes HIV+\/AIDS: Estudo de 104 pacientes. import\u00e2ncia da combina\u00e7\u00e3o dos exames an\u00e1tomopatol\u00f3gico, micol\u00f3gico, exame direto, cultura e PCR para o diagn\u00f3stico<\/p>\n<p><a href=\"https:\/\/pos.uea.edu.br\/data\/area\/dissertacao\/download\/15-10.pdf\">Baixar<\/a><\/p>\n<p>[\/et_pb_blurb][\/et_pb_column][\/et_pb_row][et_pb_row disabled_on=&#8221;off|off|off&#8221; _builder_version=&#8221;4.16&#8243; _module_preset=&#8221;default&#8221; locked=&#8221;off&#8221; global_colors_info=&#8221;{}&#8221;][et_pb_column type=&#8221;4_4&#8243; _builder_version=&#8221;4.16&#8243; _module_preset=&#8221;default&#8221; global_colors_info=&#8221;{}&#8221;][et_pb_text _builder_version=&#8221;4.22.1&#8243; _module_preset=&#8221;default&#8221; global_colors_info=&#8221;{}&#8221;]<\/p>\n<blockquote>\n<h4><strong>25 _ MESTRADO 7\u00aa TURMA<\/strong><\/h4>\n<\/blockquote>\n<p>[\/et_pb_text][et_pb_blurb title=&#8221;Alex Panizza J\u00e1lkh<br \/>\n&#8221; use_icon=&#8221;on&#8221; font_icon=&#8221;&#x69;||divi||400&#8243; icon_placement=&#8221;left&#8221; content_max_width=&#8221;1100px&#8221; disabled_on=&#8221;off|off|off&#8221; _builder_version=&#8221;4.22.1&#8243; _module_preset=&#8221;default&#8221; global_colors_info=&#8221;{}&#8221;]<\/p>\n<p>Preval\u00eancia de DNA de Chlamydia trachomatis em homens, HIV positivos, atendidos na Funda\u00e7\u00e3o de Medicina Tropical Dr. Heitor Vieira Dourado.<\/p>\n<p>[\/et_pb_blurb][et_pb_blurb title=&#8221;Alexandre Lopes Miralha<br \/>\n&#8221; use_icon=&#8221;on&#8221; font_icon=&#8221;&#x69;||divi||400&#8243; icon_placement=&#8221;left&#8221; content_max_width=&#8221;1100px&#8221; disabled_on=&#8221;off|off|off&#8221; _builder_version=&#8221;4.22.1&#8243; _module_preset=&#8221;default&#8221; global_colors_info=&#8221;{}&#8221;]<\/p>\n<p>Disserta\u00e7\u00e3o: Resposta \u00e0 vacina anti-hepatite B em lactentes menores de um ano ap\u00f3s esquema completo: s\u00e9rie de casos<\/p>\n<p><a href=\"https:\/\/pos.uea.edu.br\/data\/area\/dissertacao\/download\/14-1.pdf\">Baixar<\/a><\/p>\n<p>[\/et_pb_blurb][et_pb_blurb title=&#8221;Ellen de F\u00e1tima Caetano Lan\u00e7a<br \/>\n&#8221; use_icon=&#8221;on&#8221; font_icon=&#8221;&#x69;||divi||400&#8243; icon_placement=&#8221;left&#8221; content_max_width=&#8221;1100px&#8221; disabled_on=&#8221;off|off|off&#8221; _builder_version=&#8221;4.22.1&#8243; _module_preset=&#8221;default&#8221; global_colors_info=&#8221;{}&#8221;]<\/p>\n<p>Disserta\u00e7\u00e3o: Crian\u00e7as com diagn\u00f3stico de mal\u00e1ria hospitalizadas em unidades de terapia intensiva na Amaz\u00f4nia brasileira: um estudo caso &#8211; controle de crian\u00e7as com Plasmodium vivax<\/p>\n<p><a href=\"https:\/\/pos.uea.edu.br\/data\/area\/dissertacao\/download\/14-2.pdf\">Baixar<\/a><\/p>\n<p>[\/et_pb_blurb][et_pb_blurb title=&#8221;Ivanete de Lima Sampaio<br \/>\n&#8221; use_icon=&#8221;on&#8221; font_icon=&#8221;&#x69;||divi||400&#8243; icon_placement=&#8221;left&#8221; content_max_width=&#8221;1100px&#8221; disabled_on=&#8221;off|off|off&#8221; _builder_version=&#8221;4.22.1&#8243; _module_preset=&#8221;default&#8221; global_colors_info=&#8221;{}&#8221;]<\/p>\n<p>Disserta\u00e7\u00e3o: Sele\u00e7\u00e3o e otimiza\u00e7\u00e3o de protocolos para detec\u00e7\u00e3o de Histoplasma capsulatum var. capsulatum por rea\u00e7\u00e3o em cadeia da polimerase (PCR)<\/p>\n<p><a href=\"https:\/\/pos.uea.edu.br\/data\/area\/dissertacao\/download\/14-3.pdf\">Baixar<\/a><\/p>\n<p>[\/et_pb_blurb][et_pb_blurb title=&#8221;Leandro Ourives Neves<br \/>\n&#8221; use_icon=&#8221;on&#8221; font_icon=&#8221;&#x69;||divi||400&#8243; icon_placement=&#8221;left&#8221; content_max_width=&#8221;1100px&#8221; disabled_on=&#8221;off|off|off&#8221; _builder_version=&#8221;4.22.1&#8243; _module_preset=&#8221;default&#8221; global_colors_info=&#8221;{}&#8221;]<\/p>\n<p>Disserta\u00e7\u00e3o: Estudo cl\u00ednico randomizado comparando antimoniato de meglumina, pentamidina e anfotericina B para o tratamento da Leishmaniose cut\u00e2nea ocasionada por Leishmania guyanensis em centro de refer\u00eancia de Manaus, Amazonas.<\/p>\n<p><a href=\"https:\/\/pos.uea.edu.br\/data\/area\/dissertacao\/download\/14-4.pdf\">Baixar<\/a><\/p>\n<p>[\/et_pb_blurb][et_pb_blurb title=&#8221;Paulo Roberto Ribeiro de Lima<br \/>\n&#8221; use_icon=&#8221;on&#8221; font_icon=&#8221;&#x69;||divi||400&#8243; icon_placement=&#8221;left&#8221; content_max_width=&#8221;1100px&#8221; disabled_on=&#8221;off|off|off&#8221; _builder_version=&#8221;4.22.1&#8243; _module_preset=&#8221;default&#8221; global_colors_info=&#8221;{}&#8221;]<\/p>\n<p>Disserta\u00e7\u00e3o: Estudo da preval\u00eancia do sistema sangu\u00edneo duffy em duas localidades end\u00eamicas para mal\u00e1ria vivax na Amaz\u00f4nia ocidental brasileira<\/p>\n<p><a href=\"https:\/\/pos.uea.edu.br\/data\/area\/dissertacao\/download\/14-6.pdf\">Baixar<\/a><\/p>\n<p>[\/et_pb_blurb][et_pb_blurb title=&#8221;Tatiane Amabile de Lima<br \/>\n&#8221; use_icon=&#8221;on&#8221; font_icon=&#8221;&#x69;||divi||400&#8243; icon_placement=&#8221;left&#8221; content_max_width=&#8221;1100px&#8221; disabled_on=&#8221;off|off|off&#8221; _builder_version=&#8221;4.22.1&#8243; _module_preset=&#8221;default&#8221; global_colors_info=&#8221;{}&#8221;]<\/p>\n<p>Disserta\u00e7\u00e3o: Caracteriza\u00e7\u00e3o de mediadores inflamat\u00f3rios e carga viral em doadores de sangue infectados com o v\u00edrus da hepatite C<\/p>\n<p><a href=\"https:\/\/pos.uea.edu.br\/data\/area\/dissertacao\/download\/14-7.pdf\">Baixar<\/a><\/p>\n<p>[\/et_pb_blurb][\/et_pb_column][\/et_pb_row][et_pb_row disabled_on=&#8221;off|off|off&#8221; _builder_version=&#8221;4.16&#8243; _module_preset=&#8221;default&#8221; locked=&#8221;off&#8221; global_colors_info=&#8221;{}&#8221;][et_pb_column type=&#8221;4_4&#8243; _builder_version=&#8221;4.16&#8243; _module_preset=&#8221;default&#8221; global_colors_info=&#8221;{}&#8221;][et_pb_text _builder_version=&#8221;4.22.1&#8243; _module_preset=&#8221;default&#8221; global_colors_info=&#8221;{}&#8221;]<\/p>\n<blockquote>\n<h4><strong>24 _ MESTRADO 6\u00aa TURMA<\/strong><\/h4>\n<\/blockquote>\n<p>[\/et_pb_text][et_pb_blurb title=&#8221;Adila Liliane Barros Dias&#8221; use_icon=&#8221;on&#8221; font_icon=&#8221;&#x69;||divi||400&#8243; icon_placement=&#8221;left&#8221; content_max_width=&#8221;1100px&#8221; disabled_on=&#8221;off|off|off&#8221; _builder_version=&#8221;4.22.1&#8243; _module_preset=&#8221;default&#8221; global_colors_info=&#8221;{}&#8221;]<\/p>\n<p>Disserta\u00e7\u00e3o: Caracteriza\u00e7\u00e3o Molecular do v\u00edrus da hepatite B (VHB) em portadores de \u00e1rea end\u00eamica na Amaz\u00f4nia ocidental brasileira<\/p>\n<p><a href=\"https:\/\/pos.uea.edu.br\/data\/area\/dissertacao\/download\/13-1.pdf\">Baixar<\/a><\/p>\n<p>[\/et_pb_blurb][et_pb_blurb title=&#8221;Amantino Camilo Machado Filho<br \/>\n&#8221; use_icon=&#8221;on&#8221; font_icon=&#8221;&#x69;||divi||400&#8243; icon_placement=&#8221;left&#8221; content_max_width=&#8221;1100px&#8221; disabled_on=&#8221;off|off|off&#8221; _builder_version=&#8221;4.22.1&#8243; _module_preset=&#8221;default&#8221; global_colors_info=&#8221;{}&#8221;]<\/p>\n<p>Disserta\u00e7\u00e3o: Preval\u00eancia de infec\u00e7\u00e3o pelo HIV, HTLV, VHB e de s\u00edfilis e clam\u00eddia em gestantes testadas durante o controle pr\u00e9-natal numa unidade terci\u00e1ria para atendimento de doen\u00e7as infecciosas na Amaz\u00f4nia ocidental brasileira<\/p>\n<p><a href=\"https:\/\/pos.uea.edu.br\/data\/area\/dissertacao\/download\/13-6.pdf\">Baixar<\/a><\/p>\n<p>[\/et_pb_blurb][et_pb_blurb title=&#8221;Babbyngttonn Khell Souza da Silva<br \/>\n&#8221; use_icon=&#8221;on&#8221; font_icon=&#8221;&#x69;||divi||400&#8243; icon_placement=&#8221;left&#8221; content_max_width=&#8221;1100px&#8221; disabled_on=&#8221;off|off|off&#8221; _builder_version=&#8221;4.22.1&#8243; _module_preset=&#8221;default&#8221; global_colors_info=&#8221;{}&#8221;]<\/p>\n<p>Disserta\u00e7\u00e3o: Caracteriza\u00e7\u00e3o de isolados cl\u00ednicos do complexo Cryptococcus neoformans-C. Gattii do estado do Amazonas-Brasil<\/p>\n<p><a href=\"https:\/\/pos.uea.edu.br\/data\/area\/dissertacao\/download\/13-7.pdf\">Baixar<\/a><\/p>\n<p>[\/et_pb_blurb][et_pb_blurb title=&#8221;Belisa Maria Lopes Magalh\u00e3es<br \/>\n&#8221; use_icon=&#8221;on&#8221; font_icon=&#8221;&#x69;||divi||400&#8243; icon_placement=&#8221;left&#8221; content_max_width=&#8221;1100px&#8221; disabled_on=&#8221;off|off|off&#8221; _builder_version=&#8221;4.22.1&#8243; _module_preset=&#8221;default&#8221; global_colors_info=&#8221;{}&#8221;]<\/p>\n<p>Disserta\u00e7\u00e3o: Preval\u00eancia sorol\u00f3gica da infec\u00e7\u00e3o chag\u00e1sica em \u00e1reas rurais da Amaz\u00f4nia ocidental brasileira<\/p>\n<p><a href=\"https:\/\/pos.uea.edu.br\/data\/area\/dissertacao\/download\/13-2.pdf\">Baixar<\/a><\/p>\n<p>[\/et_pb_blurb][et_pb_blurb title=&#8221;Cristiana Teixeira do Nascimento<br \/>\n&#8221; use_icon=&#8221;on&#8221; font_icon=&#8221;&#x69;||divi||400&#8243; icon_placement=&#8221;left&#8221; content_max_width=&#8221;1100px&#8221; disabled_on=&#8221;off|off|off&#8221; _builder_version=&#8221;4.22.1&#8243; _module_preset=&#8221;default&#8221; global_colors_info=&#8221;{}&#8221;]<\/p>\n<p>Disserta\u00e7\u00e3o: Descri\u00e7\u00e3o clinica da mal\u00e1ria em gestantes de uma unidade de refer\u00eancia para doen\u00e7as infecciosas na Amaz\u00f4nia ocidental<\/p>\n<p><a href=\"https:\/\/pos.uea.edu.br\/data\/area\/dissertacao\/download\/13-8.pdf\">Baixar<\/a><\/p>\n<p>[\/et_pb_blurb][et_pb_blurb title=&#8221;Francinara Batista Neves Lima<br \/>\n&#8221; use_icon=&#8221;on&#8221; font_icon=&#8221;&#x69;||divi||400&#8243; icon_placement=&#8221;left&#8221; content_max_width=&#8221;1100px&#8221; disabled_on=&#8221;off|off|off&#8221; _builder_version=&#8221;4.22.1&#8243; _module_preset=&#8221;default&#8221; global_colors_info=&#8221;{}&#8221;]<\/p>\n<p>Disserta\u00e7\u00e3o: Inqu\u00e9rito de cobertura vacinal para rotavirus em um bairro de Manaus e munic\u00edpio do interior do estado do Amazonas<\/p>\n<p><a href=\"https:\/\/pos.uea.edu.br\/data\/area\/dissertacao\/download\/13-9.pdf\">Baixar<\/a><\/p>\n<p>[\/et_pb_blurb][et_pb_blurb title=&#8221;Gisely Cardoso de Melo<br \/>\n&#8221; use_icon=&#8221;on&#8221; font_icon=&#8221;&#x69;||divi||400&#8243; icon_placement=&#8221;left&#8221; content_max_width=&#8221;1100px&#8221; disabled_on=&#8221;off|off|off&#8221; _builder_version=&#8221;4.22.1&#8243; _module_preset=&#8221;default&#8221; global_colors_info=&#8221;{}&#8221;]<\/p>\n<p>Disserta\u00e7\u00e3o: Prote\u00e7\u00e3o contra a diminui\u00e7\u00e3o da hemoglobina em escolares com Mal\u00e1ria por Plasmodium vivax coinfectados por helmintos intestinais<\/p>\n<p><a href=\"https:\/\/pos.uea.edu.br\/data\/area\/dissertacao\/download\/13-3.pdf\">Baixar<\/a><\/p>\n<p>[\/et_pb_blurb][et_pb_blurb title=&#8221;Kleynianne Medeiros de Mendon\u00e7a Costa<br \/>\n&#8221; use_icon=&#8221;on&#8221; font_icon=&#8221;&#x69;||divi||400&#8243; icon_placement=&#8221;left&#8221; content_max_width=&#8221;1100px&#8221; disabled_on=&#8221;off|off|off&#8221; _builder_version=&#8221;4.22.1&#8243; _module_preset=&#8221;default&#8221; global_colors_info=&#8221;{}&#8221;]<\/p>\n<p>Disserta\u00e7\u00e3o: Mal\u00e1ria e Piscicultura em Cruzeiro do Sul (Amaz\u00f4nia ocidental brasileira): an\u00e1lise de s\u00e9rie hist\u00f3rica, 1998-2008<\/p>\n<p><a href=\"https:\/\/pos.uea.edu.br\/data\/area\/dissertacao\/download\/13-5.pdf\">Baixar<\/a><\/p>\n<p>[\/et_pb_blurb][et_pb_blurb title=&#8221;Laylah Kelre Costa Magalh\u00e3es<br \/>\n&#8221; use_icon=&#8221;on&#8221; font_icon=&#8221;&#x69;||divi||400&#8243; icon_placement=&#8221;left&#8221; content_max_width=&#8221;1100px&#8221; disabled_on=&#8221;off|off|off&#8221; _builder_version=&#8221;4.22.1&#8243; _module_preset=&#8221;default&#8221; global_colors_info=&#8221;{}&#8221;]<\/p>\n<p>Disserta\u00e7\u00e3o: Vetores e reservat\u00f3rios silvestres de Trypanosoma cruzi em tr\u00eas munic\u00edpios do Amazonas\/Brasil.<\/p>\n<p>[\/et_pb_blurb][et_pb_blurb title=&#8221;Luiz Francisco Rocha e Silva<br \/>\n&#8221; use_icon=&#8221;on&#8221; font_icon=&#8221;&#x69;||divi||400&#8243; icon_placement=&#8221;left&#8221; content_max_width=&#8221;1100px&#8221; disabled_on=&#8221;off|off|off&#8221; _builder_version=&#8221;4.22.1&#8243; _module_preset=&#8221;default&#8221; global_colors_info=&#8221;{}&#8221;]<\/p>\n<p>Disserta\u00e7\u00e3o: SUSCEPTIBILIDADE IN VITRO DE ISOLADOS DE CAMPO DE Plasmodium falciparum \u00c1 INFUS\u00c3O (CH\u00c1) DE Artemisia annua CULTIVADA NA REGI\u00c3O AMAZ\u00d4NICA<\/p>\n<p><a href=\"https:\/\/pos.uea.edu.br\/data\/area\/dissertacao\/download\/13-10.pdf\">Baixar<\/a><\/p>\n<p>[\/et_pb_blurb][et_pb_blurb title=&#8221;Marly Marques de Melo<br \/>\n&#8221; use_icon=&#8221;on&#8221; font_icon=&#8221;&#x69;||divi||400&#8243; icon_placement=&#8221;left&#8221; content_max_width=&#8221;1100px&#8221; disabled_on=&#8221;off|off|off&#8221; _builder_version=&#8221;4.22.1&#8243; _module_preset=&#8221;default&#8221; global_colors_info=&#8221;{}&#8221;]<\/p>\n<p>Disserta\u00e7\u00e3o: Determina\u00e7\u00e3o das concentra\u00e7\u00f5es sangu\u00ednea de cloroquina e desetilcloroquina em pacientes com mal\u00e1ria vivax atendidos na FMTAM<\/p>\n<p><a href=\"https:\/\/pos.uea.edu.br\/data\/area\/dissertacao\/download\/13-12.pdf\">Baixar<\/a><\/p>\n<p>[\/et_pb_blurb][et_pb_blurb title=&#8221;Sheila Vitor da Silva<br \/>\n&#8221; use_icon=&#8221;on&#8221; font_icon=&#8221;&#x69;||divi||400&#8243; icon_placement=&#8221;left&#8221; content_max_width=&#8221;1100px&#8221; disabled_on=&#8221;off|off|off&#8221; _builder_version=&#8221;4.22.1&#8243; _module_preset=&#8221;default&#8221; global_colors_info=&#8221;{}&#8221;]<\/p>\n<p>Disserta\u00e7\u00e3o: Associa\u00e7\u00e3o de risco entre infec\u00e7\u00e3o mal\u00e1rica e rendimento escolar dos alunos de duas unidades de ensino fundamental no munic\u00edpio do Careiro, Amazonas, Brasil<\/p>\n<p><a href=\"https:\/\/pos.uea.edu.br\/data\/area\/dissertacao\/download\/13-4.pdf\">Baixar<\/a><\/p>\n<p>[\/et_pb_blurb][et_pb_blurb title=&#8221;Silvio C\u00e9sar Pereira Fragoso<br \/>\n&#8221; use_icon=&#8221;on&#8221; font_icon=&#8221;&#x69;||divi||400&#8243; icon_placement=&#8221;left&#8221; content_max_width=&#8221;1100px&#8221; disabled_on=&#8221;off|off|off&#8221; _builder_version=&#8221;4.22.1&#8243; _module_preset=&#8221;default&#8221; global_colors_info=&#8221;{}&#8221;]<\/p>\n<p>Disserta\u00e7\u00e3o: Estudo de 17 casos de aut\u00f3psias de pacientes com diagn\u00f3stico de mal\u00e1ria vivax em um centro de refer\u00eancia na Amaz\u00f4nia brasileira<\/p>\n<p><a href=\"https:\/\/pos.uea.edu.br\/data\/area\/dissertacao\/download\/13-13.pdf\">Baixar<\/a><\/p>\n<p>[\/et_pb_blurb][et_pb_blurb title=&#8221;Simone Ferreira de Castro Botileiro<br \/>\n&#8221; use_icon=&#8221;on&#8221; font_icon=&#8221;&#x69;||divi||400&#8243; icon_placement=&#8221;left&#8221; content_max_width=&#8221;1100px&#8221; disabled_on=&#8221;off|off|off&#8221; _builder_version=&#8221;4.22.1&#8243; _module_preset=&#8221;default&#8221; global_colors_info=&#8221;{}&#8221;]<\/p>\n<p>Disserta\u00e7\u00e3o: Infantiliza\u00e7\u00e3o e interioriza\u00e7\u00e3o da endemia de dengue no Estado do Amazonas, Brasil.<\/p>\n<p>[\/et_pb_blurb][et_pb_blurb title=&#8221;Suzane Ribeiro Prestes<br \/>\n&#8221; use_icon=&#8221;on&#8221; font_icon=&#8221;&#x69;||divi||400&#8243; icon_placement=&#8221;left&#8221; content_max_width=&#8221;1100px&#8221; disabled_on=&#8221;off|off|off&#8221; _builder_version=&#8221;4.22.1&#8243; _module_preset=&#8221;default&#8221; global_colors_info=&#8221;{}&#8221;]<\/p>\n<p>Disserta\u00e7\u00e3o: Utiliza\u00e7\u00e3o da rea\u00e7\u00e3o em cadeia da polimerase na identifica\u00e7\u00e3o Leishmania sp em material de pacientes com suspeita de Leishmaniose mucosa.<\/p>\n<p>[\/et_pb_blurb][\/et_pb_column][\/et_pb_row][et_pb_row disabled_on=&#8221;off|off|off&#8221; _builder_version=&#8221;4.16&#8243; _module_preset=&#8221;default&#8221; locked=&#8221;off&#8221; global_colors_info=&#8221;{}&#8221;][et_pb_column type=&#8221;4_4&#8243; _builder_version=&#8221;4.16&#8243; _module_preset=&#8221;default&#8221; global_colors_info=&#8221;{}&#8221;][et_pb_text _builder_version=&#8221;4.22.1&#8243; _module_preset=&#8221;default&#8221; global_colors_info=&#8221;{}&#8221;]<\/p>\n<blockquote>\n<h4><strong>23 _ MESTRADO 5\u00aa TURMA<\/strong><\/h4>\n<\/blockquote>\n<p>[\/et_pb_text][et_pb_blurb title=&#8221;Alexandre Borges Barbosa<br \/>\n&#8221; use_icon=&#8221;on&#8221; font_icon=&#8221;&#x69;||divi||400&#8243; icon_placement=&#8221;left&#8221; content_max_width=&#8221;1100px&#8221; disabled_on=&#8221;off|off|off&#8221; _builder_version=&#8221;4.22.1&#8243; _module_preset=&#8221;default&#8221; global_colors_info=&#8221;{}&#8221;]<\/p>\n<p>Disserta\u00e7\u00e3o: Avalia\u00e7\u00e3o do teste r\u00e1pido para detec\u00e7\u00e3o do Streptococcus pyogenes na orofaringe de crian\u00e7as portadoras de faringotonsilites agudas atendidas em uma unidade b\u00e1sica de sa\u00fade do SUS de Manaus &#8211; AM.<\/p>\n<p><a href=\"https:\/\/pos.uea.edu.br\/data\/area\/dissertacao\/download\/12-12.pdf\">Baixar<\/a><\/p>\n<p>[\/et_pb_blurb][et_pb_blurb title=&#8221;Ana Ruth Silva de Ara\u00fajo<br \/>\n&#8221; use_icon=&#8221;on&#8221; font_icon=&#8221;&#x69;||divi||400&#8243; icon_placement=&#8221;left&#8221; content_max_width=&#8221;1100px&#8221; disabled_on=&#8221;off|off|off&#8221; _builder_version=&#8221;4.22.1&#8243; _module_preset=&#8221;default&#8221; global_colors_info=&#8221;{}&#8221;]<\/p>\n<p>Disserta\u00e7\u00e3o: Caracteriza\u00e7\u00e3o molecular do HCV e perfil imunol\u00f3gico de pacientes com Hepatite C cr\u00f4nica antes e durante o tratamento com interferon alfa e ribavirina.<\/p>\n<p>[\/et_pb_blurb][et_pb_blurb title=&#8221;Anette Chrusciak Talhari<br \/>\n&#8221; use_icon=&#8221;on&#8221; font_icon=&#8221;&#x69;||divi||400&#8243; icon_placement=&#8221;left&#8221; content_max_width=&#8221;1100px&#8221; disabled_on=&#8221;off|off|off&#8221; _builder_version=&#8221;4.22.1&#8243; _module_preset=&#8221;default&#8221; global_colors_info=&#8221;{}&#8221;]<\/p>\n<p>Disserta\u00e7\u00e3o: Pesquisa clinica para avaliar a efic\u00e1cia e seguran\u00e7a da Miltefosina oral em pacientes com Leishmaniose cut\u00e2nea &#8211; por Leishmania guyanensis &#8211; comparada ao tratamento com Antimonial pentavalente.<\/p>\n<p>[\/et_pb_blurb][et_pb_blurb title=&#8221;Eda Cristina da Silva Chagas<br \/>\n&#8221; use_icon=&#8221;on&#8221; font_icon=&#8221;&#x69;||divi||400&#8243; icon_placement=&#8221;left&#8221; content_max_width=&#8221;1100px&#8221; disabled_on=&#8221;off|off|off&#8221; _builder_version=&#8221;4.22.1&#8243; _module_preset=&#8221;default&#8221; global_colors_info=&#8221;{}&#8221;]<\/p>\n<p>Disserta\u00e7\u00e3o: Mal\u00e1ria durante a gravidez na regi\u00e3o Amaz\u00f4nica \u00bf efeito da Mal\u00e1ria sobre o curso da gesta\u00e7\u00e3o<\/p>\n<p><a href=\"https:\/\/pos.uea.edu.br\/data\/area\/dissertacao\/download\/12-11.pdf\">Baixar<\/a><\/p>\n<p>[\/et_pb_blurb][et_pb_blurb title=&#8221;F\u00e1bio Francesconi do Valle<br \/>\n&#8221; use_icon=&#8221;on&#8221; font_icon=&#8221;&#x69;||divi||400&#8243; icon_placement=&#8221;left&#8221; content_max_width=&#8221;1100px&#8221; disabled_on=&#8221;off|off|off&#8221; _builder_version=&#8221;4.22.1&#8243; _module_preset=&#8221;default&#8221; global_colors_info=&#8221;{}&#8221;]<\/p>\n<p>Disserta\u00e7\u00e3o: Neuroparacoccidiodomicose abordagem cl\u00ednica e terap\u00eautica.<\/p>\n<p><a href=\"https:\/\/pos.uea.edu.br\/data\/area\/dissertacao\/download\/12-3.pdf\">Baixar<\/a><\/p>\n<p>[\/et_pb_blurb][et_pb_blurb title=&#8221;Ian Mikardo Lima Feitosa<br \/>\n&#8221; use_icon=&#8221;on&#8221; font_icon=&#8221;&#x69;||divi||400&#8243; icon_placement=&#8221;left&#8221; content_max_width=&#8221;1100px&#8221; disabled_on=&#8221;off|off|off&#8221; _builder_version=&#8221;4.22.1&#8243; _module_preset=&#8221;default&#8221; global_colors_info=&#8221;{}&#8221;]<\/p>\n<p>Disserta\u00e7\u00e3o: Avalia\u00e7\u00e3o do Perfil de citocinas s\u00e9ricas e gen\u00f3tipos do v\u00edrus da Hepatite C em pacientes submetidos \u00e0 hemodi\u00e1lise.<\/p>\n<p>[\/et_pb_blurb][et_pb_blurb title=&#8221;Ivan Tramujas da Costa e Silva<br \/>\n&#8221; use_icon=&#8221;on&#8221; font_icon=&#8221;&#x69;||divi||400&#8243; icon_placement=&#8221;left&#8221; content_max_width=&#8221;1100px&#8221; disabled_on=&#8221;off|off|off&#8221; _builder_version=&#8221;4.22.1&#8243; _module_preset=&#8221;default&#8221; global_colors_info=&#8221;{}&#8221;]<\/p>\n<p>Disserta\u00e7\u00e3o: Valor da P16INK4A como marcadora de les\u00f5es precursoras do c\u00e2ncer anal em pacientes HIV positivos\u00bf.<\/p>\n<p>[\/et_pb_blurb][et_pb_blurb title=&#8221;Jorge Augusto de Oliveira Guerra<br \/>\n&#8221; use_icon=&#8221;on&#8221; font_icon=&#8221;&#x69;||divi||400&#8243; icon_placement=&#8221;left&#8221; content_max_width=&#8221;1100px&#8221; disabled_on=&#8221;off|off|off&#8221; _builder_version=&#8221;4.22.1&#8243; _module_preset=&#8221;default&#8221; global_colors_info=&#8221;{}&#8221;]<\/p>\n<p>Disserta\u00e7\u00e3o: Leishmaniose mucosa \u00bf Estudo de casos atendidos em um Centro de refer\u00eancia em Manaus, Amazonas.<\/p>\n<p>[\/et_pb_blurb][et_pb_blurb title=&#8221;Leny Nascimento da Motta Passos<br \/>\n&#8221; use_icon=&#8221;on&#8221; font_icon=&#8221;&#x69;||divi||400&#8243; icon_placement=&#8221;left&#8221; content_max_width=&#8221;1100px&#8221; disabled_on=&#8221;off|off|off&#8221; _builder_version=&#8221;4.22.1&#8243; _module_preset=&#8221;default&#8221; global_colors_info=&#8221;{}&#8221;]<\/p>\n<p>Disserta\u00e7\u00e3o: Doen\u00e7as infecciosas com manifesta\u00e7\u00f5es cut\u00e2neas associadas a sindrome da reconstitui\u00e7\u00e3o inflamat\u00f3ria imune em pacientes com AIDS, no contexto da Dermatologia Tropical.<\/p>\n<p>[\/et_pb_blurb][et_pb_blurb title=&#8221;Lesliane Balbino de Almeida<br \/>\n&#8221; use_icon=&#8221;on&#8221; font_icon=&#8221;&#x69;||divi||400&#8243; icon_placement=&#8221;left&#8221; content_max_width=&#8221;1100px&#8221; disabled_on=&#8221;off|off|off&#8221; _builder_version=&#8221;4.22.1&#8243; _module_preset=&#8221;default&#8221; global_colors_info=&#8221;{}&#8221;]<\/p>\n<p>Disserta\u00e7\u00e3o: Mal\u00e1ria em mulheres de idade de 10 a 49 anos, segundo o SIVEP- Mal\u00e1ria, Manaus, Amazonas, 2003-2006<\/p>\n<p><a href=\"https:\/\/pos.uea.edu.br\/data\/area\/dissertacao\/download\/12-8.pdf\">Baixar<\/a><\/p>\n<p>[\/et_pb_blurb][et_pb_blurb title=&#8221;Marcelo Cordeiro dos Santos<br \/>\n&#8221; use_icon=&#8221;on&#8221; font_icon=&#8221;&#x69;||divi||400&#8243; icon_placement=&#8221;left&#8221; content_max_width=&#8221;1100px&#8221; disabled_on=&#8221;off|off|off&#8221; _builder_version=&#8221;4.22.1&#8243; _module_preset=&#8221;default&#8221; global_colors_info=&#8221;{}&#8221;]<\/p>\n<p>Disserta\u00e7\u00e3o:Doen\u00e7as emergentes e agravos inusitados ocorridos no Amazonas &#8211; 2004 a 2009.<\/p>\n<p>[\/et_pb_blurb][et_pb_blurb title=&#8221;Marli Stela Santana Maciel<br \/>\n&#8221; use_icon=&#8221;on&#8221; font_icon=&#8221;&#x69;||divi||400&#8243; icon_placement=&#8221;left&#8221; content_max_width=&#8221;1100px&#8221; disabled_on=&#8221;off|off|off&#8221; _builder_version=&#8221;4.22.1&#8243; _module_preset=&#8221;default&#8221; global_colors_info=&#8221;{}&#8221;]<\/p>\n<p>Disserta\u00e7\u00e3o: Mal\u00e1ria e defici\u00eancia da glicose-6-fosfato desidrogenase em individuos de uma comunidade de Manaus, Amazonas &#8211; Brasil.<\/p>\n<p><a href=\"https:\/\/pos.uea.edu.br\/data\/area\/dissertacao\/download\/12-7.pdf\">Baixar<\/a><\/p>\n<p>[\/et_pb_blurb][et_pb_blurb title=&#8221;M\u00e1rcia Melo Damian<br \/>\n&#8221; use_icon=&#8221;on&#8221; font_icon=&#8221;&#x69;||divi||400&#8243; icon_placement=&#8221;left&#8221; content_max_width=&#8221;1100px&#8221; disabled_on=&#8221;off|off|off&#8221; _builder_version=&#8221;4.22.1&#8243; _module_preset=&#8221;default&#8221; global_colors_info=&#8221;{}&#8221;]<\/p>\n<p>Disserta\u00e7\u00e3o: Piomiosite tropical e Toxocara canis: Estudo cl\u00ednico epidemiol\u00f3gico, laboratorial e perfil da resposta imune, de pacientes internados em hospitais terci\u00e1rios da rede p\u00fablica em Manaus-Amazonas.<\/p>\n<p>[\/et_pb_blurb][et_pb_blurb title=&#8221;M\u00f4nica Nunes de Souza Santos<br \/>\n&#8221; use_icon=&#8221;on&#8221; font_icon=&#8221;&#x69;||divi||400&#8243; icon_placement=&#8221;left&#8221; content_max_width=&#8221;1100px&#8221; disabled_on=&#8221;off|off|off&#8221; _builder_version=&#8221;4.22.1&#8243; _module_preset=&#8221;default&#8221; global_colors_info=&#8221;{}&#8221;]<\/p>\n<p>Disserta\u00e7\u00e3o: Ocorr\u00eancia de Borreliose no Estado do Amazonas: Evid\u00eancias Cl\u00ednicas e Laboratoriais.<\/p>\n<p>[\/et_pb_blurb][et_pb_blurb title=&#8221;N\u00fabia Ludvig<br \/>\n&#8221; use_icon=&#8221;on&#8221; font_icon=&#8221;&#x69;||divi||400&#8243; icon_placement=&#8221;left&#8221; content_max_width=&#8221;1100px&#8221; disabled_on=&#8221;off|off|off&#8221; _builder_version=&#8221;4.22.1&#8243; _module_preset=&#8221;default&#8221; global_colors_info=&#8221;{}&#8221;]<\/p>\n<p>Disserta\u00e7\u00e3o: Incapacidades funcionais motoras em crian\u00e7as com Piomiosite Tropical internadas no Hospital de Pronto Socorro da Crian\u00e7a da Zona Leste de Manaus<\/p>\n<p><a href=\"https:\/\/pos.uea.edu.br\/data\/area\/dissertacao\/download\/12-9.pdf\">Baixar<\/a><\/p>\n<p>[\/et_pb_blurb][et_pb_blurb title=&#8221;Silvia Visser<br \/>\n&#8221; use_icon=&#8221;on&#8221; font_icon=&#8221;&#x69;||divi||400&#8243; icon_placement=&#8221;left&#8221; content_max_width=&#8221;1100px&#8221; disabled_on=&#8221;off|off|off&#8221; _builder_version=&#8221;4.22.1&#8243; _module_preset=&#8221;default&#8221; global_colors_info=&#8221;{}&#8221;]<\/p>\n<p>Disserta\u00e7\u00e3o: Estudo da associa\u00e7\u00e3o entre fatores socio-ambientais e preval\u00eancia de parasitose intestinal em \u00e1rea perif\u00e9rica da cidade de Manaus-Am<\/p>\n<p><a href=\"https:\/\/pos.uea.edu.br\/data\/area\/dissertacao\/download\/12-10.pdf\">Baixar<\/a><\/p>\n<p>[\/et_pb_blurb][\/et_pb_column][\/et_pb_row][et_pb_row disabled_on=&#8221;off|off|off&#8221; _builder_version=&#8221;4.16&#8243; _module_preset=&#8221;default&#8221; locked=&#8221;off&#8221; global_colors_info=&#8221;{}&#8221;][et_pb_column type=&#8221;4_4&#8243; _builder_version=&#8221;4.16&#8243; _module_preset=&#8221;default&#8221; global_colors_info=&#8221;{}&#8221;][et_pb_text _builder_version=&#8221;4.22.1&#8243; _module_preset=&#8221;default&#8221; global_colors_info=&#8221;{}&#8221;]<\/p>\n<blockquote>\n<h4><strong>22 _ MESTRADO 3\u00aa TURMA<\/strong><\/h4>\n<\/blockquote>\n<p>[\/et_pb_text][et_pb_blurb title=&#8221;Rodrigo de Souza Leit\u00e3o<br \/>\n&#8221; use_icon=&#8221;on&#8221; font_icon=&#8221;&#x69;||divi||400&#8243; icon_placement=&#8221;left&#8221; content_max_width=&#8221;1100px&#8221; disabled_on=&#8221;off|off|off&#8221; _builder_version=&#8221;4.22.1&#8243; _module_preset=&#8221;default&#8221; global_colors_info=&#8221;{}&#8221;]<\/p>\n<p>Disserta\u00e7\u00e3o: Etiologia da Neutropenia em pacientes com leucemia linf\u00f3ide aguda.<\/p>\n<p>[\/et_pb_blurb][et_pb_blurb title=&#8221;Romina do Socorro Marques de Oliveira<br \/>\n&#8221; use_icon=&#8221;on&#8221; font_icon=&#8221;&#x69;||divi||400&#8243; icon_placement=&#8221;left&#8221; content_max_width=&#8221;1100px&#8221; disabled_on=&#8221;off|off|off&#8221; _builder_version=&#8221;4.22.1&#8243; _module_preset=&#8221;default&#8221; global_colors_info=&#8221;{}&#8221;]<\/p>\n<p>Disserta\u00e7\u00e3o: Espectro cl\u00ednico-epidemiol\u00f3gico da infec\u00e7\u00e3o por micobact\u00e9rias tuberculosas\/n\u00e3o tuberculosas e HIV1\/AIDS da demanda de interna\u00e7\u00e3o em hospital de refer\u00eancia em Manaus\/AM.<\/p>\n<p>[\/et_pb_blurb][et_pb_blurb title=&#8221;Valeska Albuquerque Francesconi do Valle<br \/>\n&#8221; use_icon=&#8221;on&#8221; font_icon=&#8221;&#x69;||divi||400&#8243; icon_placement=&#8221;left&#8221; content_max_width=&#8221;1100px&#8221; disabled_on=&#8221;off|off|off&#8221; _builder_version=&#8221;4.22.1&#8243; _module_preset=&#8221;default&#8221; global_colors_info=&#8221;{}&#8221;]<\/p>\n<p>Disserta\u00e7\u00e3o: Estudo das dermatoses p\u00e1pulo pruriginosas em pacientes HIV positivos.<\/p>\n<p>[\/et_pb_blurb][et_pb_blurb title=&#8221;Jos\u00e9 Felipe Jardim Sardinha<br \/>\n&#8221; use_icon=&#8221;on&#8221; font_icon=&#8221;&#x69;||divi||400&#8243; icon_placement=&#8221;left&#8221; content_max_width=&#8221;1100px&#8221; disabled_on=&#8221;off|off|off&#8221; _builder_version=&#8221;4.22.1&#8243; _module_preset=&#8221;default&#8221; global_colors_info=&#8221;{}&#8221;]<\/p>\n<p>Disserta\u00e7\u00e3o: Estudo sobre Metemoglobinemia e defici\u00eancia de Glicose-6-Fosfato Desidrogenase em pacientes com Mal\u00e1ria vivax tratados com Primaquina.<\/p>\n<p>[\/et_pb_blurb][et_pb_blurb title=&#8221;Jorge Roberto Di Tommaso Le\u00e3o&#8221; use_icon=&#8221;on&#8221; font_icon=&#8221;&#x69;||divi||400&#8243; icon_placement=&#8221;left&#8221; content_max_width=&#8221;1100px&#8221; disabled_on=&#8221;off|off|off&#8221; _builder_version=&#8221;4.22.1&#8243; _module_preset=&#8221;default&#8221; locked=&#8221;off&#8221; global_colors_info=&#8221;{}&#8221;]<\/p>\n<p>Disserta\u00e7\u00e3o: Altera\u00e7\u00f5es ultra-sonogr\u00e1ficas do f\u00edgado de pacientes infectados pelo v\u00edrus da Hepatite C atendidos na Funda\u00e7\u00e3o de Medicina Tropical do Amazonas.<\/p>\n<p>[\/et_pb_blurb][et_pb_blurb title=&#8221;Donato Lupinetti Neto<br \/>\n&#8221; use_icon=&#8221;on&#8221; font_icon=&#8221;&#x69;||divi||400&#8243; icon_placement=&#8221;left&#8221; content_max_width=&#8221;1100px&#8221; disabled_on=&#8221;off|off|off&#8221; _builder_version=&#8221;4.22.1&#8243; _module_preset=&#8221;default&#8221; global_colors_info=&#8221;{}&#8221;]<\/p>\n<p>Disserta\u00e7\u00e3o: Perfil da Transmiss\u00e3o Vertical do HIV em gestantes atendidas na Ger\u00eancia de DST\/AIDS da Funda\u00e7\u00e3o de Medicina Tropical do Amazonas no per\u00edodo de 2000 a 2005.<\/p>\n<p>[\/et_pb_blurb][et_pb_blurb title=&#8221;Jos\u00e9 Felipe Jardim Sardinha<br \/>\n&#8221; use_icon=&#8221;on&#8221; font_icon=&#8221;&#x69;||divi||400&#8243; icon_placement=&#8221;left&#8221; content_max_width=&#8221;1100px&#8221; disabled_on=&#8221;off|off|off&#8221; _builder_version=&#8221;4.22.1&#8243; _module_preset=&#8221;default&#8221; global_colors_info=&#8221;{}&#8221;]<\/p>\n<p>Disserta\u00e7\u00e3o: Estudo sobre Metemoglobinemia e defici\u00eancia de Glicose-6-Fosfato Desidrogenase em pacientes com Mal\u00e1ria vivax tratados com Primaquina.<\/p>\n<p>[\/et_pb_blurb][et_pb_blurb title=&#8221;Fabiane Giovanella Borges<br \/>\n&#8221; use_icon=&#8221;on&#8221; font_icon=&#8221;&#x69;||divi||400&#8243; icon_placement=&#8221;left&#8221; content_max_width=&#8221;1100px&#8221; disabled_on=&#8221;off|off|off&#8221; _builder_version=&#8221;4.22.1&#8243; _module_preset=&#8221;default&#8221; global_colors_info=&#8221;{}&#8221;]<\/p>\n<p>Disserta\u00e7\u00e3o: Preval\u00eancia da Infec\u00e7\u00e3o pelo Toxoplasma gondii na popula\u00e7\u00e3o da calha do Rio Purus no Munic\u00edpio de L\u00e1brea, Amazonas.<\/p>\n<p><a href=\"https:\/\/pos.uea.edu.br\/data\/area\/dissertacao\/download\/11-8.pdf\">Baixar<\/a><\/p>\n<p>[\/et_pb_blurb][et_pb_blurb title=&#8221;Suiane da Costa Negreiros do Valle<br \/>\n&#8221; use_icon=&#8221;on&#8221; font_icon=&#8221;&#x69;||divi||400&#8243; icon_placement=&#8221;left&#8221; content_max_width=&#8221;1100px&#8221; disabled_on=&#8221;off|off|off&#8221; _builder_version=&#8221;4.22.1&#8243; _module_preset=&#8221;default&#8221; global_colors_info=&#8221;{}&#8221;]<\/p>\n<p>Disserta\u00e7\u00e3o: Hepatite B e Delta: Avalia\u00e7\u00e3o de uma s\u00e9rie de casos na regional do Juru\u00e1 &#8211; Estado do Acre.<\/p>\n<p><a href=\"https:\/\/pos.uea.edu.br\/data\/area\/dissertacao\/download\/11-7.pdf\">Baixar<\/a><\/p>\n<p>[\/et_pb_blurb][et_pb_blurb title=&#8221;Rosilene Viana de Andrade<br \/>\n&#8221; use_icon=&#8221;on&#8221; font_icon=&#8221;&#x69;||divi||400&#8243; icon_placement=&#8221;left&#8221; content_max_width=&#8221;1100px&#8221; disabled_on=&#8221;off|off|off&#8221; _builder_version=&#8221;4.22.1&#8243; _module_preset=&#8221;default&#8221; global_colors_info=&#8221;{}&#8221;]<\/p>\n<p>Disserta\u00e7\u00e3o: Rea\u00e7\u00e3o em cadeia de polimerase em bi\u00f3psias de pele emblocadas em parafina compat\u00edveis com Leishmaniose tegumentar americana.<\/p>\n<p><a href=\"https:\/\/pos.uea.edu.br\/data\/area\/dissertacao\/download\/11-6.pdf\">Baixar<\/a><\/p>\n<p>[\/et_pb_blurb][et_pb_blurb title=&#8221;Maria das Gra\u00e7as Gomes Saraiva<br \/>\n&#8221; use_icon=&#8221;on&#8221; font_icon=&#8221;&#x69;||divi||400&#8243; icon_placement=&#8221;left&#8221; content_max_width=&#8221;1100px&#8221; disabled_on=&#8221;off|off|off&#8221; _builder_version=&#8221;4.22.1&#8243; _module_preset=&#8221;default&#8221; global_colors_info=&#8221;{}&#8221;]<\/p>\n<p>Disserta\u00e7\u00e3o: Mal\u00e1ria em Manaus: An\u00e1lise epidemiol\u00f3gica, conhecimento e atitudes da popula\u00e7\u00e3o.<\/p>\n<p><a href=\"https:\/\/pos.uea.edu.br\/data\/area\/dissertacao\/download\/11-5.pdf\">Baixar<\/a><\/p>\n<p>[\/et_pb_blurb][et_pb_blurb title=&#8221;Marcelo dos Santos Neves<br \/>\n&#8221; use_icon=&#8221;on&#8221; font_icon=&#8221;&#x69;||divi||400&#8243; icon_placement=&#8221;left&#8221; content_max_width=&#8221;1100px&#8221; disabled_on=&#8221;off|off|off&#8221; _builder_version=&#8221;4.22.1&#8243; _module_preset=&#8221;default&#8221; global_colors_info=&#8221;{}&#8221;]<\/p>\n<p>Disserta\u00e7\u00e3o: Avalia\u00e7\u00e3o da atividade antif\u00fangica in vitro de venenos do veneno de serpentes amaz\u00f4nicas Bothrops atrox (LINNAEUS, 1758) e Crotalus durissus ruruima (HOGE, 1965)<\/p>\n<p><a href=\"https:\/\/pos.uea.edu.br\/data\/area\/dissertacao\/download\/11-4.pdf\">Baixar<\/a><\/p>\n<p>[\/et_pb_blurb][et_pb_blurb title=&#8221;Laura Patricia Viana Maia<br \/>\n&#8221; use_icon=&#8221;on&#8221; font_icon=&#8221;&#x69;||divi||400&#8243; icon_placement=&#8221;left&#8221; content_max_width=&#8221;1100px&#8221; disabled_on=&#8221;off|off|off&#8221; _builder_version=&#8221;4.22.1&#8243; _module_preset=&#8221;default&#8221; global_colors_info=&#8221;{}&#8221;]<\/p>\n<p>Disserta\u00e7\u00e3o: Hepatite C em pacientes portadores de insufici\u00eancia renal cr\u00f4nica: perfil sorol\u00f3gico e aspectos da resposta imune humoral e celular.<\/p>\n<p><a href=\"https:\/\/pos.uea.edu.br\/data\/area\/dissertacao\/download\/11-3.pdf\">Baixar<\/a><\/p>\n<p>[\/et_pb_blurb][et_pb_blurb title=&#8221;Jander Torres da Silva<br \/>\n&#8221; use_icon=&#8221;on&#8221; font_icon=&#8221;&#x69;||divi||400&#8243; icon_placement=&#8221;left&#8221; content_max_width=&#8221;1100px&#8221; disabled_on=&#8221;off|off|off&#8221; _builder_version=&#8221;4.22.1&#8243; _module_preset=&#8221;default&#8221; global_colors_info=&#8221;{}&#8221;]<\/p>\n<p>Disserta\u00e7\u00e3o: Perfil de citocinas em mulheres gr\u00e1vidas com Mal\u00e1ria por Plasm\u00f3dium vivax acompanhadas na Funda\u00e7\u00e3o de Medicina Tropical do Amazonas.<\/p>\n<p><a href=\"https:\/\/pos.uea.edu.br\/data\/area\/dissertacao\/download\/11-2.pdf\">Baixar<\/a><\/p>\n<p>[\/et_pb_blurb][et_pb_blurb title=&#8221;D\u00e9bora La\u00eds Justo Jacomini<br \/>\n&#8221; use_icon=&#8221;on&#8221; font_icon=&#8221;&#x69;||divi||400&#8243; icon_placement=&#8221;left&#8221; content_max_width=&#8221;1100px&#8221; disabled_on=&#8221;off|off|off&#8221; _builder_version=&#8221;4.22.1&#8243; _module_preset=&#8221;default&#8221; global_colors_info=&#8221;{}&#8221;]<\/p>\n<p>Disserta\u00e7\u00e3o: Caracteriza\u00e7\u00e3o molecular do v\u00edrus da imunodefici\u00eancia humana Tipo 1 (HIV-1) em pacientes atendidos na Funda\u00e7\u00e3o de Medicina Tropical do Amazonas-FMTAM.<\/p>\n<p><a href=\"https:\/\/pos.uea.edu.br\/data\/area\/dissertacao\/download\/11-1.pdf\">Baixar<\/a><\/p>\n<p>[\/et_pb_blurb][\/et_pb_column][\/et_pb_row][et_pb_row disabled_on=&#8221;off|off|off&#8221; _builder_version=&#8221;4.16&#8243; _module_preset=&#8221;default&#8221; locked=&#8221;off&#8221; global_colors_info=&#8221;{}&#8221;][et_pb_column type=&#8221;4_4&#8243; _builder_version=&#8221;4.16&#8243; _module_preset=&#8221;default&#8221; global_colors_info=&#8221;{}&#8221;][et_pb_text _builder_version=&#8221;4.22.1&#8243; _module_preset=&#8221;default&#8221; global_colors_info=&#8221;{}&#8221;]<\/p>\n<blockquote>\n<h4><strong>21 _ MESTRADO 2\u00aa TURMA<\/strong><\/h4>\n<\/blockquote>\n<p>[\/et_pb_text][et_pb_blurb title=&#8221;Alex de Santana Vidaurre<br \/>\n&#8221; use_icon=&#8221;on&#8221; font_icon=&#8221;&#x69;||divi||400&#8243; icon_placement=&#8221;left&#8221; content_max_width=&#8221;1100px&#8221; disabled_on=&#8221;off|off|off&#8221; _builder_version=&#8221;4.22.1&#8243; _module_preset=&#8221;default&#8221; global_colors_info=&#8221;{}&#8221;]<\/p>\n<p>Disserta\u00e7\u00e3o: Microbiologia do Core das Tonsilas Palatinas: Compara\u00e7\u00e3o entre a Pun\u00e7\u00e3o Aspirativa por agulha fina e a bi\u00f3psia do Core Tonsilar.<\/p>\n<p><a href=\"https:\/\/pos.uea.edu.br\/data\/area\/dissertacao\/download\/3-1.pdf\">Baixar<\/a><\/p>\n<p>[\/et_pb_blurb][et_pb_blurb title=&#8221;Claudia Marques de Oliveira Soeiro<br \/>\n&#8221; use_icon=&#8221;on&#8221; font_icon=&#8221;&#x69;||divi||400&#8243; icon_placement=&#8221;left&#8221; content_max_width=&#8221;1100px&#8221; disabled_on=&#8221;off|off|off&#8221; _builder_version=&#8221;4.22.1&#8243; _module_preset=&#8221;default&#8221; global_colors_info=&#8221;{}&#8221;]<\/p>\n<p>Disserta\u00e7\u00e3o: Aspectos colposc\u00f3picos e preval\u00eancia de Neoplasia intra-epitelial em mulheres HIV positivo.<\/p>\n<p><a href=\"https:\/\/pos.uea.edu.br\/data\/area\/dissertacao\/download\/3-2.pdf\">Baixar<\/a><\/p>\n<p>[\/et_pb_blurb][et_pb_blurb title=&#8221;Franklin Sim\u00f5es de Santana Filho<br \/>\n&#8221; use_icon=&#8221;on&#8221; font_icon=&#8221;&#x69;||divi||400&#8243; icon_placement=&#8221;left&#8221; content_max_width=&#8221;1100px&#8221; disabled_on=&#8221;off|off|off&#8221; _builder_version=&#8221;4.22.1&#8243; _module_preset=&#8221;default&#8221; global_colors_info=&#8221;{}&#8221;]<\/p>\n<p>Disserta\u00e7\u00e3o: Efic\u00e1cia da cloroquina para o tratamento da Mal\u00e1ria n\u00e3o complicada causada pelo Plasmodium vivax.<\/p>\n<p>[\/et_pb_blurb][et_pb_blurb title=&#8221;Gast\u00e3o Dias J\u00fanior<br \/>\n&#8221; use_icon=&#8221;on&#8221; font_icon=&#8221;&#x69;||divi||400&#8243; icon_placement=&#8221;left&#8221; content_max_width=&#8221;1100px&#8221; disabled_on=&#8221;off|off|off&#8221; _builder_version=&#8221;4.22.1&#8243; _module_preset=&#8221;default&#8221; global_colors_info=&#8221;{}&#8221;]<\/p>\n<p>Disserta\u00e7\u00e3o: Avalia\u00e7\u00e3o de um Sistema de Triagem para a Identifica\u00e7\u00e3o de Crian\u00e7as e Adolescentes com Suspeita de Tuberculose.<\/p>\n<p><a href=\"https:\/\/pos.uea.edu.br\/data\/area\/dissertacao\/download\/3-4.pdf\">Baixar<\/a><\/p>\n<p>[\/et_pb_blurb][et_pb_blurb title=&#8221;Gildo Maia de Barros J\u00fanior<br \/>\n&#8221; use_icon=&#8221;on&#8221; font_icon=&#8221;&#x69;||divi||400&#8243; icon_placement=&#8221;left&#8221; content_max_width=&#8221;1100px&#8221; disabled_on=&#8221;off|off|off&#8221; _builder_version=&#8221;4.22.1&#8243; _module_preset=&#8221;default&#8221; global_colors_info=&#8221;{}&#8221;]<\/p>\n<p>Disserta\u00e7\u00e3o: Hepatite Cr\u00f4nica B Oculta: Estudo Cl\u00ednico, Imunohistoquimico e Histopatol\u00f3gico em doentes com diagn\u00f3stico de Hepatite B Cr\u00f4nica da demanda da Funda\u00e7\u00e3o de Medicina Tropical do Amazonas.<\/p>\n<p><a href=\"https:\/\/pos.uea.edu.br\/data\/area\/dissertacao\/download\/3-5.pdf\">Baixar<\/a><\/p>\n<p>[\/et_pb_blurb][et_pb_blurb title=&#8221;Gilson Jos\u00e9 Corr\u00eaa<br \/>\n&#8221; use_icon=&#8221;on&#8221; font_icon=&#8221;&#x69;||divi||400&#8243; icon_placement=&#8221;left&#8221; content_max_width=&#8221;1100px&#8221; disabled_on=&#8221;off|off|off&#8221; _builder_version=&#8221;4.22.1&#8243; _module_preset=&#8221;default&#8221; global_colors_info=&#8221;{}&#8221;]<\/p>\n<p>Disserta\u00e7\u00e3o: Preval\u00eancia do Papilomav\u00edrus Humano (HPV) em Mulheres Portadoras de Les\u00f5es Intra-epiteliais Escamosas de Alto Grau e Carcinoma Epiderm\u00f3ide Invasor do Colo Uterino.<\/p>\n<p><a href=\"https:\/\/pos.uea.edu.br\/data\/area\/dissertacao\/download\/3-6.pdf\">Baixar<\/a><\/p>\n<p>[\/et_pb_blurb][et_pb_blurb title=&#8221;Iran Grij\u00f3 Praia<br \/>\n&#8221; use_icon=&#8221;on&#8221; font_icon=&#8221;&#x69;||divi||400&#8243; icon_placement=&#8221;left&#8221; content_max_width=&#8221;1100px&#8221; disabled_on=&#8221;off|off|off&#8221; _builder_version=&#8221;4.22.1&#8243; _module_preset=&#8221;default&#8221; global_colors_info=&#8221;{}&#8221;]<\/p>\n<p>Disserta\u00e7\u00e3o: Estudo cl\u00ednico e epidemiol\u00f3gico com gestantes portadoras do AGHBS \u00bf evid\u00eancias da possibilidade de transmiss\u00e3o vertical.<\/p>\n<p><a href=\"https:\/\/pos.uea.edu.br\/data\/area\/dissertacao\/download\/3-7.pdf\">Baixar<\/a><\/p>\n<p>[\/et_pb_blurb][et_pb_blurb title=&#8221;Marianna Facchinetti Brock<br \/>\n&#8221; use_icon=&#8221;on&#8221; font_icon=&#8221;&#x69;||divi||400&#8243; icon_placement=&#8221;left&#8221; content_max_width=&#8221;1100px&#8221; disabled_on=&#8221;off|off|off&#8221; _builder_version=&#8221;4.22.1&#8243; _module_preset=&#8221;default&#8221; global_colors_info=&#8221;{}&#8221;]<\/p>\n<p>Disserta\u00e7\u00e3o: Altera\u00e7\u00f5es Citol\u00f3gicas, em Pacientes Portadores do V\u00edrus HIV Atendidas na Funda\u00e7\u00e3o de Medicina Tropical do Amazonas.<\/p>\n<p><a href=\"https:\/\/pos.uea.edu.br\/data\/area\/dissertacao\/download\/3-8.pdf\">Baixar<\/a><\/p>\n<p>[\/et_pb_blurb][et_pb_blurb title=&#8221;Rauirys Alencar de Oliveira<br \/>\n&#8221; use_icon=&#8221;on&#8221; font_icon=&#8221;&#x69;||divi||400&#8243; icon_placement=&#8221;left&#8221; content_max_width=&#8221;1100px&#8221; disabled_on=&#8221;off|off|off&#8221; _builder_version=&#8221;4.22.1&#8243; _module_preset=&#8221;default&#8221; global_colors_info=&#8221;{}&#8221;]<\/p>\n<p>Disserta\u00e7\u00e3o: Avalia\u00e7\u00e3o Fisioterap\u00eautica no Pr\u00e9 e P\u00f3s-Operat\u00f3rio de Neur\u00f3lise em Pacientes Portadores de Hansen\u00edase com Dano Neural.<\/p>\n<p><a href=\"https:\/\/pos.uea.edu.br\/data\/area\/dissertacao\/download\/3-9.pdf\">Baixar<\/a><\/p>\n<p>[\/et_pb_blurb][et_pb_blurb title=&#8221;Silvia Leopoldina Santos de Souza<br \/>\n&#8221; use_icon=&#8221;on&#8221; font_icon=&#8221;&#x69;||divi||400&#8243; icon_placement=&#8221;left&#8221; content_max_width=&#8221;1100px&#8221; disabled_on=&#8221;off|off|off&#8221; _builder_version=&#8221;4.22.1&#8243; _module_preset=&#8221;default&#8221; global_colors_info=&#8221;{}&#8221;]<\/p>\n<p>Disserta\u00e7\u00e3o: Causas do \u00d3bito em Pacientes com SIDA\/AIDS Necropsiados na Funda\u00e7\u00e3o de Medicina Tropical do Amazonas, no Per\u00edodo de Janeiro\/1996 a Dezembro\/2003.<\/p>\n<p><a href=\"https:\/\/pos.uea.edu.br\/data\/area\/dissertacao\/download\/3-10.pdf\">Baixar<\/a><\/p>\n<p>[\/et_pb_blurb][et_pb_blurb title=&#8221;Viviane Saldanha Oliveira&#8221; use_icon=&#8221;on&#8221; font_icon=&#8221;&#x69;||divi||400&#8243; icon_placement=&#8221;left&#8221; content_max_width=&#8221;1100px&#8221; disabled_on=&#8221;off|off|off&#8221; _builder_version=&#8221;4.22.1&#8243; _module_preset=&#8221;default&#8221; global_colors_info=&#8221;{}&#8221;]<\/p>\n<p>Disserta\u00e7\u00e3o: Estudo da Microbiologia das Aden\u00f3ides de Crian\u00e7as Operadas na Cidade de Manaus, Amazonas.\u00a0<\/p>\n<p><a href=\"https:\/\/pos.uea.edu.br\/data\/area\/dissertacao\/download\/3-11.pdf\">Baixar<\/a><\/p>\n<p>[\/et_pb_blurb][et_pb_blurb title=&#8221;Yonne Francis Chehuan Melo<br \/>\n&#8221; use_icon=&#8221;on&#8221; font_icon=&#8221;&#x69;||divi||400&#8243; icon_placement=&#8221;left&#8221; content_max_width=&#8221;1100px&#8221; disabled_on=&#8221;off|off|off&#8221; _builder_version=&#8221;4.22.1&#8243; _module_preset=&#8221;default&#8221; global_colors_info=&#8221;{}&#8221;]<\/p>\n<p>Disserta\u00e7\u00e3o: Avalia\u00e7\u00e3o in vitro da sensibilidade do Plasmodium falciparum aos Antimal\u00e1ricos, pelo Elisa com capta\u00e7\u00e3o da prote\u00edna 2 rica em histidina.\u00a0<\/p>\n<p><a href=\"https:\/\/pos.uea.edu.br\/data\/area\/dissertacao\/download\/3-12.pdf\">Baixar<\/a><\/p>\n<p>[\/et_pb_blurb][\/et_pb_column][\/et_pb_row][et_pb_row disabled_on=&#8221;off|off|off&#8221; _builder_version=&#8221;4.16&#8243; _module_preset=&#8221;default&#8221; locked=&#8221;off&#8221; global_colors_info=&#8221;{}&#8221;][et_pb_column type=&#8221;4_4&#8243; _builder_version=&#8221;4.16&#8243; _module_preset=&#8221;default&#8221; global_colors_info=&#8221;{}&#8221;][et_pb_text _builder_version=&#8221;4.22.1&#8243; _module_preset=&#8221;default&#8221; global_colors_info=&#8221;{}&#8221;]<\/p>\n<blockquote>\n<h4><strong>20 _ MESTRADO 1\u00aa TURMA<\/strong><\/h4>\n<\/blockquote>\n<p>[\/et_pb_text][et_pb_blurb title=&#8221;Ana Ruth Lima Arcanjo<br \/>\n&#8221; use_icon=&#8221;on&#8221; font_icon=&#8221;&#x69;||divi||400&#8243; icon_placement=&#8221;left&#8221; content_max_width=&#8221;1100px&#8221; disabled_on=&#8221;off|off|off&#8221; _builder_version=&#8221;4.22.1&#8243; _module_preset=&#8221;default&#8221; global_colors_info=&#8221;{}&#8221;]<\/p>\n<p>Disserta\u00e7\u00e3o: Estudo da Aplicabilidade dos Testes Imunocromatogr\u00e1ficos como Diagn\u00f3stico da Mal\u00e1ria na Aten\u00e7\u00e3o B\u00e1sica de Sa\u00fade no Munic\u00edpio de Manaus.<\/p>\n<p><a href=\"https:\/\/pos.uea.edu.br\/data\/area\/dissertacao\/download\/2-1.pdf\" target=\"_blank\" rel=\"noopener\">Baixar<\/a><\/p>\n<p>[\/et_pb_blurb][et_pb_blurb title=&#8221;Erica Cristina da Silva Chagas<br \/>\n&#8221; use_icon=&#8221;on&#8221; font_icon=&#8221;&#x69;||divi||400&#8243; icon_placement=&#8221;left&#8221; content_max_width=&#8221;1100px&#8221; disabled_on=&#8221;off|off|off&#8221; _builder_version=&#8221;4.22.1&#8243; _module_preset=&#8221;default&#8221; global_colors_info=&#8221;{}&#8221;]<\/p>\n<p>Disserta\u00e7\u00e3o: Rela\u00e7\u00e3o entre Parasitismo Intestinal e a Variabilidade dos N\u00edveis de Hemoglobina, Eosin\u00f3filos, Prote\u00ednas totais e Estado Nutricional na Comunidade Rural Nossa Senhora do Livramento, Manaus-AM<\/p>\n<p><a href=\"https:\/\/pos.uea.edu.br\/data\/area\/dissertacao\/download\/2-2.pdf\" target=\"_blank\" rel=\"noopener\">Baixar<\/a><\/p>\n<p>[\/et_pb_blurb][et_pb_blurb title=&#8221;Jos\u00e9 Cavalcanti Campos J\u00fanior<br \/>\n&#8221; use_icon=&#8221;on&#8221; font_icon=&#8221;&#x69;||divi||400&#8243; icon_placement=&#8221;left&#8221; content_max_width=&#8221;1100px&#8221; disabled_on=&#8221;off|off|off&#8221; _builder_version=&#8221;4.22.1&#8243; _module_preset=&#8221;default&#8221; global_colors_info=&#8221;{}&#8221;]<\/p>\n<p>Disserta\u00e7\u00e3o: Altera\u00e7\u00f5es Oculares em Pacientes HIV\/Aids Adultos Atendidos no Ambulat\u00f3rio e Hospital da Funda\u00e7\u00e3o de Medicina Tropical do Amazonas<\/p>\n<p><a href=\"https:\/\/pos.uea.edu.br\/data\/area\/dissertacao\/download\/2-3.pdf\" target=\"_blank\" rel=\"noopener\">Baixar<\/a><\/p>\n<p>[\/et_pb_blurb][et_pb_blurb title=&#8221;Jos\u00e9 Fernandes de Souza Viana<br \/>\n&#8221; use_icon=&#8221;on&#8221; font_icon=&#8221;&#x69;||divi||400&#8243; icon_placement=&#8221;left&#8221; content_max_width=&#8221;1100px&#8221; disabled_on=&#8221;off|off|off&#8221; _builder_version=&#8221;4.22.1&#8243; _module_preset=&#8221;default&#8221; global_colors_info=&#8221;{}&#8221;]<\/p>\n<p>Disserta\u00e7\u00e3o: \u00d3bitos Maternos por Infec\u00e7\u00e3o Puerperal no Per\u00edodo de 1998 a 2002 em Manaus-AM.<\/p>\n<p><a href=\"https:\/\/pos.uea.edu.br\/data\/area\/dissertacao\/download\/2-4.pdf\" target=\"_blank\" rel=\"noopener\">Baixar<\/a><\/p>\n<p>[\/et_pb_blurb][et_pb_blurb title=&#8221;Julita Nascimento C\u00e2mara de Castro<br \/>\n&#8221; use_icon=&#8221;on&#8221; font_icon=&#8221;&#x69;||divi||400&#8243; icon_placement=&#8221;left&#8221; content_max_width=&#8221;1100px&#8221; disabled_on=&#8221;off|off|off&#8221; _builder_version=&#8221;4.22.1&#8243; _module_preset=&#8221;default&#8221; global_colors_info=&#8221;{}&#8221;]<\/p>\n<p>Disserta\u00e7\u00e3o: Aspectos Virol\u00f3gicos do Dengue no Estado do Amazonas.<\/p>\n<p><a href=\"https:\/\/pos.uea.edu.br\/data\/area\/dissertacao\/download\/2-5.pdf\" target=\"_blank\" rel=\"noopener\">Baixar<\/a><\/p>\n<p>[\/et_pb_blurb][et_pb_blurb title=&#8221;K\u00e1tia Santana Cruz<br \/>\n&#8221; use_icon=&#8221;on&#8221; font_icon=&#8221;&#x69;||divi||400&#8243; icon_placement=&#8221;left&#8221; content_max_width=&#8221;1100px&#8221; disabled_on=&#8221;off|off|off&#8221; _builder_version=&#8221;4.22.1&#8243; _module_preset=&#8221;default&#8221; global_colors_info=&#8221;{}&#8221;]<\/p>\n<p>Disserta\u00e7\u00e3o: Preval\u00eancia de Agentes de Micoses em pacientes portadores do Virus HIV atendidos na Funda\u00e7\u00e3o de Medicina Tropical Do Amazonas \u00bf FMTAM.<\/p>\n<p><a href=\"https:\/\/pos.uea.edu.br\/data\/area\/dissertacao\/download\/2-6.pdf\" target=\"_blank\" rel=\"noopener\">Baixar<\/a><\/p>\n<p>[\/et_pb_blurb][et_pb_blurb title=&#8221;Magda Levantezi Santos<br \/>\n&#8221; use_icon=&#8221;on&#8221; font_icon=&#8221;&#x69;||divi||400&#8243; icon_placement=&#8221;left&#8221; content_max_width=&#8221;1100px&#8221; disabled_on=&#8221;off|off|off&#8221; _builder_version=&#8221;4.22.1&#8243; _module_preset=&#8221;default&#8221; global_colors_info=&#8221;{}&#8221;]<\/p>\n<p>Disserta\u00e7\u00e3o: Caracteriza\u00e7\u00e3o Epidemiol\u00f3gica da Doen\u00e7a Meningoc\u00f3cica no munic\u00edpio de Manaus\/AM, 1998 2002.<\/p>\n<p><a href=\"https:\/\/pos.uea.edu.br\/data\/area\/dissertacao\/download\/2-7.pdf\" target=\"_blank\" rel=\"noopener\">Baixar<\/a><\/p>\n<p>[\/et_pb_blurb][et_pb_blurb title=&#8221;Marcelo Cordeiro dos Santos<br \/>\n&#8221; use_icon=&#8221;on&#8221; font_icon=&#8221;&#x69;||divi||400&#8243; icon_placement=&#8221;left&#8221; content_max_width=&#8221;1100px&#8221; disabled_on=&#8221;off|off|off&#8221; _builder_version=&#8221;4.22.1&#8243; _module_preset=&#8221;default&#8221; global_colors_info=&#8221;{}&#8221;]<\/p>\n<p>Disserta\u00e7\u00e3o: Febre Hemorr\u00e1gica da Dengue d Dengue com complica\u00e7\u00f5es: Aspectos Cl\u00ednicos, Epidemiol\u00f3gicos E Laboratoriais dos casos notificados em Manaus, Amazonas, 2003.<\/p>\n<p><a href=\"https:\/\/pos.uea.edu.br\/data\/area\/dissertacao\/download\/2-8.pdf\" target=\"_blank\" rel=\"noopener\">Baixar<\/a><\/p>\n<p>[\/et_pb_blurb][et_pb_blurb title=&#8221;Marcelo Silva de Oliveira<br \/>\n&#8221; use_icon=&#8221;on&#8221; font_icon=&#8221;&#x69;||divi||400&#8243; icon_placement=&#8221;left&#8221; content_max_width=&#8221;1100px&#8221; disabled_on=&#8221;off|off|off&#8221; _builder_version=&#8221;4.22.1&#8243; _module_preset=&#8221;default&#8221; global_colors_info=&#8221;{}&#8221;]<\/p>\n<p>Disserta\u00e7\u00e3o: Caracteriza\u00e7\u00e3o Hematol\u00f3gica em crian\u00e7as, com Mal\u00e1ria vivax , diagnosticadas e tratadas na Funda\u00e7\u00e3o de Medicina Tropical do Amazonas \u00bf FMTAM.<\/p>\n<p><a href=\"https:\/\/pos.uea.edu.br\/data\/area\/dissertacao\/download\/2-9.pdf\" target=\"_blank\" rel=\"noopener\">Baixar<\/a><\/p>\n<p>[\/et_pb_blurb][et_pb_blurb title=&#8221;Marcia Almeida de Ara\u00fajo Alexandre<br \/>\n&#8221; use_icon=&#8221;on&#8221; font_icon=&#8221;&#x69;||divi||400&#8243; icon_placement=&#8221;left&#8221; content_max_width=&#8221;1100px&#8221; disabled_on=&#8221;off|off|off&#8221; _builder_version=&#8221;4.22.1&#8243; _module_preset=&#8221;default&#8221; global_colors_info=&#8221;{}&#8221;]<\/p>\n<p>Disserta\u00e7\u00e3o: Estudo cl\u00ednico e epidemiol\u00f3gico dos casos graves de Mal\u00e1ria vivax em pacientes atendidos na Funda\u00e7\u00e3o de Medicina Tropical do Amazonas, Brasil.<\/p>\n<p><a href=\"https:\/\/pos.uea.edu.br\/data\/area\/dissertacao\/download\/2-10.pdf\" target=\"_blank\" rel=\"noopener\">Baixar<\/a><\/p>\n<p>[\/et_pb_blurb][et_pb_blurb title=&#8221;Maria de Fatima Marques Mota<br \/>\n&#8221; use_icon=&#8221;on&#8221; font_icon=&#8221;&#x69;||divi||400&#8243; icon_placement=&#8221;left&#8221; content_max_width=&#8221;1100px&#8221; disabled_on=&#8221;off|off|off&#8221; _builder_version=&#8221;4.22.1&#8243; _module_preset=&#8221;default&#8221; global_colors_info=&#8221;{}&#8221;]<\/p>\n<p>Disserta\u00e7\u00e3o: Avalia\u00e7\u00e3o do Sistema de Vigil\u00e2ncia Epidemiol\u00f3gica de Manaus Amazonas \/ Brasil: comportamento da Rub\u00e9ola, 1998 a 2002.<\/p>\n<p><a href=\"https:\/\/pos.uea.edu.br\/data\/area\/dissertacao\/download\/2-11.pdf\" target=\"_blank\" rel=\"noopener\">Baixar<\/a><\/p>\n<p>[\/et_pb_blurb][et_pb_blurb title=&#8221;Marilu Barbieri Vict\u00f3ria<br \/>\n&#8221; use_icon=&#8221;on&#8221; font_icon=&#8221;&#x69;||divi||400&#8243; icon_placement=&#8221;left&#8221; content_max_width=&#8221;1100px&#8221; disabled_on=&#8221;off|off|off&#8221; _builder_version=&#8221;4.22.1&#8243; _module_preset=&#8221;default&#8221; global_colors_info=&#8221;{}&#8221;]<\/p>\n<p>Disserta\u00e7\u00e3o: Avalia\u00e7\u00e3o dos pacientes que adquiriram Infec\u00e7\u00e3o Hospitalar na UTI da Funda\u00e7\u00e3o de Medicina Tropical do Amazonas, atrav\u00e9s do \u00cdndice Progn\u00f3stico Apache Li.<\/p>\n<p><a href=\"https:\/\/pos.uea.edu.br\/data\/area\/dissertacao\/download\/2-12.pdf\" target=\"_blank\" rel=\"noopener\">Baixar<\/a><\/p>\n<p>[\/et_pb_blurb][et_pb_blurb title=&#8221;M\u00f4nica Nunes de Souza Santos<br \/>\n&#8221; use_icon=&#8221;on&#8221; font_icon=&#8221;&#x69;||divi||400&#8243; icon_placement=&#8221;left&#8221; content_max_width=&#8221;1100px&#8221; disabled_on=&#8221;off|off|off&#8221; _builder_version=&#8221;4.22.1&#8243; _module_preset=&#8221;default&#8221; global_colors_info=&#8221;{}&#8221;]<\/p>\n<p>Disserta\u00e7\u00e3o: Soropreval\u00eancia da Infec\u00e7\u00e3o pela Borrelia Burgdorferi em pacientes atendidos no ambulat\u00f3rio de dermatologia da Funda\u00e7\u00e3o de Medicina Tropical do Amazonas.<\/p>\n<p><a href=\"https:\/\/pos.uea.edu.br\/data\/area\/dissertacao\/download\/2-13.pdf\" target=\"_blank\" rel=\"noopener\">Baixar<\/a><\/p>\n<p>[\/et_pb_blurb][et_pb_blurb title=&#8221;M\u00f4nica Regina Farias Costa Manso<br \/>\n&#8221; use_icon=&#8221;on&#8221; font_icon=&#8221;&#x69;||divi||400&#8243; icon_placement=&#8221;left&#8221; content_max_width=&#8221;1100px&#8221; disabled_on=&#8221;off|off|off&#8221; _builder_version=&#8221;4.22.1&#8243; _module_preset=&#8221;default&#8221; global_colors_info=&#8221;{}&#8221;]<\/p>\n<p>Disserta\u00e7\u00e3o: Aplica\u00e7\u00e3o da Rea\u00e7\u00e3o em Cadeia da Polimerase (PCR) no Diagn\u00f3stico de Mal\u00e1ria.<\/p>\n<p><a href=\"https:\/\/pos.uea.edu.br\/data\/area\/dissertacao\/download\/2-14.pdf\" target=\"_blank\" rel=\"noopener\">Baixar<\/a><\/p>\n<p>[\/et_pb_blurb][et_pb_blurb title=&#8221;Noaldo Oliveira de Lucena<br \/>\n&#8221; use_icon=&#8221;on&#8221; font_icon=&#8221;&#x69;||divi||400&#8243; icon_placement=&#8221;left&#8221; content_max_width=&#8221;1100px&#8221; disabled_on=&#8221;off|off|off&#8221; _builder_version=&#8221;4.22.1&#8243; _module_preset=&#8221;default&#8221; global_colors_info=&#8221;{}&#8221;]<\/p>\n<p>Disserta\u00e7\u00e3o: A Import\u00e2ncia dos Acidentes Ocupacionais, envolvendo Sangue e Fluidos Corp\u00f3reos, na transmiss\u00e3o do HIV, VHB, VHC, ocorridos com Profissionais de Sa\u00fade atendidos na FMTAM.<\/p>\n<p><a href=\"https:\/\/pos.uea.edu.br\/data\/area\/dissertacao\/download\/2-15.pdf\" target=\"_blank\" rel=\"noopener\">Baixar<\/a><\/p>\n<p>[\/et_pb_blurb][et_pb_blurb title=&#8221;Pedro Mauricio de Souza&#8221; use_icon=&#8221;on&#8221; font_icon=&#8221;&#x69;||divi||400&#8243; icon_placement=&#8221;left&#8221; content_max_width=&#8221;1100px&#8221; disabled_on=&#8221;off|off|off&#8221; _builder_version=&#8221;4.22.1&#8243; _module_preset=&#8221;default&#8221; global_colors_info=&#8221;{}&#8221;]<\/p>\n<p>Disserta\u00e7\u00e3o: Detec\u00e7\u00e3o do Papilomav\u00edrus Humano (HPV) na C\u00e9rvice uterina de Pacientes HIV Positivas e em Portadoras de Aids.<\/p>\n<p><a href=\"https:\/\/pos.uea.edu.br\/data\/area\/dissertacao\/download\/2-16.pdf\" target=\"_blank\" rel=\"noopener\">Baixar<\/a><\/p>\n<p>[\/et_pb_blurb][et_pb_blurb title=&#8221;Ricardo Jefferson Brito Santa Brigida&#8221; use_icon=&#8221;on&#8221; font_icon=&#8221;&#x69;||divi||400&#8243; icon_placement=&#8221;left&#8221; content_max_width=&#8221;1100px&#8221; disabled_on=&#8221;off|off|off&#8221; _builder_version=&#8221;4.22.1&#8243; _module_preset=&#8221;default&#8221; global_colors_info=&#8221;{}&#8221;]<\/p>\n<p>Disserta\u00e7\u00e3o: Estudo Comparativo de Diferentes Substratos Antig\u00eanicos de Leishmania Spp (Kinetoplastida, Trypanossomatidae) utilizando Teste Imunoenzim\u00e1tico Enzyme Linked Immuno Sorbent Assay (ELISA), no Diagn\u00f3stico Laboratorial Sorol\u00f3gico das Leishmanioses.<\/p>\n<p><a href=\"https:\/\/pos.uea.edu.br\/data\/area\/dissertacao\/download\/2-17.pdf\" target=\"_blank\" rel=\"noopener\">Baixar<\/a><\/p>\n<p>[\/et_pb_blurb][et_pb_blurb title=&#8221;Rossiclei de Souza Pinheiro&#8221; use_icon=&#8221;on&#8221; font_icon=&#8221;&#x69;||divi||400&#8243; icon_placement=&#8221;left&#8221; content_max_width=&#8221;1100px&#8221; disabled_on=&#8221;off|off|off&#8221; _builder_version=&#8221;4.22.1&#8243; _module_preset=&#8221;default&#8221; global_colors_info=&#8221;{}&#8221;]<\/p>\n<p>Disserta\u00e7\u00e3o: Estudo dos Fatores de Risco Maternos associados com a incid\u00eancia de Sepse Neonatal Precoce na Maternidade Balbina Mestrinho, Manaus-Am.<\/p>\n<p><a href=\"https:\/\/pos.uea.edu.br\/data\/area\/dissertacao\/download\/2-18.pdf\" target=\"_blank\" rel=\"noopener\">Baixar<\/a><\/p>\n<p>[\/et_pb_blurb][et_pb_blurb title=&#8221;Rossicl\u00e9ia Lins Monte&#8221; use_icon=&#8221;on&#8221; font_icon=&#8221;&#x69;||divi||400&#8243; icon_placement=&#8221;left&#8221; content_max_width=&#8221;1100px&#8221; disabled_on=&#8221;off|off|off&#8221; _builder_version=&#8221;4.22.1&#8243; _module_preset=&#8221;default&#8221; global_colors_info=&#8221;{}&#8221;]<\/p>\n<p>Disserta\u00e7\u00e3o: A Import\u00e2ncia Cl\u00ednico-Epidemiol\u00f3gica dos Marcadores Laboratoriais Presuntivos e Confirmat\u00f3rios para o Diagn\u00f3stico da Doen\u00e7a Meningoc\u00f3cica.<\/p>\n<p><a href=\"https:\/\/pos.uea.edu.br\/data\/area\/dissertacao\/download\/2-19.pdf\" target=\"_blank\" rel=\"noopener\">Baixar<\/a><\/p>\n<p>[\/et_pb_blurb][et_pb_blurb title=&#8221;Ruth Milagros V\u00e1squez Delgado Lins&#8221; use_icon=&#8221;on&#8221; font_icon=&#8221;&#x69;||divi||400&#8243; icon_placement=&#8221;left&#8221; content_max_width=&#8221;1100px&#8221; disabled_on=&#8221;off|off|off&#8221; _builder_version=&#8221;4.22.1&#8243; _module_preset=&#8221;default&#8221; global_colors_info=&#8221;{}&#8221;]<\/p>\n<p>Disserta\u00e7\u00e3o: Soropreval\u00eancia do HTLV-L\/LI em Comunidades Ind\u00edgenas do Estado do Amazonas.<\/p>\n<p><a href=\"https:\/\/pos.uea.edu.br\/data\/area\/dissertacao\/download\/2-20.pdf\" target=\"_blank\" rel=\"noopener\">Baixar<\/a><\/p>\n<p>[\/et_pb_blurb][\/et_pb_column][\/et_pb_row][\/et_pb_section]<\/p>\n","protected":false},"excerpt":{"rendered":"<p>38 _ MESTRADO 20\u00aa TURMA Disserta\u00e7\u00e3o: Vigil\u00e2ncia em sa\u00fade e qualidade de dados do sistema de informa\u00e7\u00e3o de Acidentes of\u00eddicos no Brasil de 2007 a 2020 BAIXARDisserta\u00e7\u00e3o: Avalia\u00e7\u00e3o da atividade do antimal\u00e1rico atovaquona e seus derivados na sobrevida de Anopheles spp. e no bloqueio de transmiss\u00e3o de Plasmodium vivax BAIXARDisserta\u00e7\u00e3o: Caracteriza\u00e7\u00e3o dos recursos humanos e [&hellip;]<\/p>\n","protected":false},"author":1,"featured_media":0,"parent":0,"menu_order":0,"comment_status":"closed","ping_status":"closed","template":"","meta":{"_et_pb_use_builder":"on","_et_pb_old_content":"","_et_gb_content_width":"","footnotes":""},"class_list":["post-350954","page","type-page","status-publish","hentry"],"_links":{"self":[{"href":"http:\/\/ppgmt.uea.edu.br\/index.php\/wp-json\/wp\/v2\/pages\/350954","targetHints":{"allow":["GET"]}}],"collection":[{"href":"http:\/\/ppgmt.uea.edu.br\/index.php\/wp-json\/wp\/v2\/pages"}],"about":[{"href":"http:\/\/ppgmt.uea.edu.br\/index.php\/wp-json\/wp\/v2\/types\/page"}],"author":[{"embeddable":true,"href":"http:\/\/ppgmt.uea.edu.br\/index.php\/wp-json\/wp\/v2\/users\/1"}],"replies":[{"embeddable":true,"href":"http:\/\/ppgmt.uea.edu.br\/index.php\/wp-json\/wp\/v2\/comments?post=350954"}],"version-history":[{"count":84,"href":"http:\/\/ppgmt.uea.edu.br\/index.php\/wp-json\/wp\/v2\/pages\/350954\/revisions"}],"predecessor-version":[{"id":356032,"href":"http:\/\/ppgmt.uea.edu.br\/index.php\/wp-json\/wp\/v2\/pages\/350954\/revisions\/356032"}],"wp:attachment":[{"href":"http:\/\/ppgmt.uea.edu.br\/index.php\/wp-json\/wp\/v2\/media?parent=350954"}],"curies":[{"name":"wp","href":"https:\/\/api.w.org\/{rel}","templated":true}]}}